{"id":916,"date":"2018-10-05T14:19:56","date_gmt":"2018-10-05T12:19:56","guid":{"rendered":"http:\/\/maul-architekten.com\/?page_id=916"},"modified":"2024-11-18T16:23:26","modified_gmt":"2024-11-18T14:23:26","slug":"wbw-sanierung-rathaus-zwentendorf","status":"publish","type":"page","link":"https:\/\/maul-architekten.com\/?page_id=916","title":{"rendered":"Gemeindezentrum | Zwentendorf an der Donau"},"content":{"rendered":"<div id=\"metaslider-id-2297\" style=\"max-width: 1000px;\" class=\"ml-slider-3-108-0 metaslider metaslider-flex metaslider-2297 ml-slider ms-theme-default nav-hidden\" role=\"region\" aria-label=\"Geb\u00e4udeadaptierungen Rathausbereich  - Zwentendorf an der Donau\" data-height=\"667\" data-width=\"1000\">\n    <div id=\"metaslider_container_2297\">\n        <div id=\"metaslider_2297\">\n            <ul class='slides'>\n                <li style=\"display: block; width: 100%;\" class=\"slide-2300 ms-image \" aria-roledescription=\"slide\" data-date=\"2022-06-30 17:11:43\" data-filename=\"230601-206_zwentendorf_gemeindezentrum_schreyerdavid_.jpg\" data-slide-type=\"image\"><img loading=\"lazy\" decoding=\"async\" width=\"1000\" height=\"629\" src=\"https:\/\/maul-architekten.com\/wp-content\/uploads\/2023\/07\/230601-206_zwentendorf_gemeindezentrum_schreyerdavid_.jpg\" class=\"slider-2297 slide-2300 msDefaultImage\" alt=\"\" rel=\"\" title=\"\" style=\"margin-top: 1.9%\" srcset=\"https:\/\/maul-architekten.com\/wp-content\/uploads\/2023\/07\/230601-206_zwentendorf_gemeindezentrum_schreyerdavid_.jpg 1000w, https:\/\/maul-architekten.com\/wp-content\/uploads\/2023\/07\/230601-206_zwentendorf_gemeindezentrum_schreyerdavid_-300x189.jpg 300w, https:\/\/maul-architekten.com\/wp-content\/uploads\/2023\/07\/230601-206_zwentendorf_gemeindezentrum_schreyerdavid_-700x440.jpg 700w, https:\/\/maul-architekten.com\/wp-content\/uploads\/2023\/07\/230601-206_zwentendorf_gemeindezentrum_schreyerdavid_-768x483.jpg 768w, https:\/\/maul-architekten.com\/wp-content\/uploads\/2023\/07\/230601-206_zwentendorf_gemeindezentrum_schreyerdavid_-192x121.jpg 192w\" sizes=\"auto, (max-width: 1000px) 100vw, 1000px\" \/><\/li>\n                <li style=\"display: none; width: 100%;\" class=\"slide-2301 ms-image \" aria-roledescription=\"slide\" data-date=\"2022-06-30 17:11:50\" data-filename=\"230601-176_zwentendorf_gemeindezentrum_schreyerdavid_.jpg\" data-slide-type=\"image\"><img loading=\"lazy\" decoding=\"async\" width=\"1000\" height=\"629\" src=\"https:\/\/maul-architekten.com\/wp-content\/uploads\/2023\/07\/230601-176_zwentendorf_gemeindezentrum_schreyerdavid_.jpg\" class=\"slider-2297 slide-2301 msDefaultImage\" alt=\"\" rel=\"\" title=\"\" style=\"margin-top: 1.9%\" srcset=\"https:\/\/maul-architekten.com\/wp-content\/uploads\/2023\/07\/230601-176_zwentendorf_gemeindezentrum_schreyerdavid_.jpg 1000w, https:\/\/maul-architekten.com\/wp-content\/uploads\/2023\/07\/230601-176_zwentendorf_gemeindezentrum_schreyerdavid_-300x189.jpg 300w, https:\/\/maul-architekten.com\/wp-content\/uploads\/2023\/07\/230601-176_zwentendorf_gemeindezentrum_schreyerdavid_-700x440.jpg 700w, https:\/\/maul-architekten.com\/wp-content\/uploads\/2023\/07\/230601-176_zwentendorf_gemeindezentrum_schreyerdavid_-768x483.jpg 768w, https:\/\/maul-architekten.com\/wp-content\/uploads\/2023\/07\/230601-176_zwentendorf_gemeindezentrum_schreyerdavid_-192x121.jpg 192w\" sizes=\"auto, (max-width: 1000px) 100vw, 1000px\" \/><\/li>\n                <li style=\"display: none; width: 100%;\" class=\"slide-2299 ms-image \" aria-roledescription=\"slide\" data-date=\"2022-06-30 17:11:24\" data-filename=\"230601-173_zwentendorf_gemeindezentrum_schreyerdavid_.jpg\" data-slide-type=\"image\"><img loading=\"lazy\" decoding=\"async\" width=\"1000\" height=\"629\" src=\"https:\/\/maul-architekten.com\/wp-content\/uploads\/2023\/07\/230601-173_zwentendorf_gemeindezentrum_schreyerdavid_.jpg\" class=\"slider-2297 slide-2299 msDefaultImage\" alt=\"\" rel=\"\" title=\"\" style=\"margin-top: 1.9%\" srcset=\"https:\/\/maul-architekten.com\/wp-content\/uploads\/2023\/07\/230601-173_zwentendorf_gemeindezentrum_schreyerdavid_.jpg 1000w, https:\/\/maul-architekten.com\/wp-content\/uploads\/2023\/07\/230601-173_zwentendorf_gemeindezentrum_schreyerdavid_-300x189.jpg 300w, https:\/\/maul-architekten.com\/wp-content\/uploads\/2023\/07\/230601-173_zwentendorf_gemeindezentrum_schreyerdavid_-700x440.jpg 700w, https:\/\/maul-architekten.com\/wp-content\/uploads\/2023\/07\/230601-173_zwentendorf_gemeindezentrum_schreyerdavid_-768x483.jpg 768w, https:\/\/maul-architekten.com\/wp-content\/uploads\/2023\/07\/230601-173_zwentendorf_gemeindezentrum_schreyerdavid_-192x121.jpg 192w\" sizes=\"auto, (max-width: 1000px) 100vw, 1000px\" \/><\/li>\n                <li style=\"display: none; width: 100%;\" class=\"slide-2303 ms-image \" aria-roledescription=\"slide\" data-date=\"2022-06-30 17:12:39\" data-filename=\"230601-171_zwentendorf_gemeindezentrum_schreyerdavid_.jpg\" data-slide-type=\"image\"><img loading=\"lazy\" decoding=\"async\" width=\"789\" height=\"1000\" src=\"https:\/\/maul-architekten.com\/wp-content\/uploads\/2023\/07\/230601-171_zwentendorf_gemeindezentrum_schreyerdavid_.jpg\" class=\"slider-2297 slide-2303 msDefaultImage\" alt=\"\" rel=\"\" title=\"\" style=\"margin: 0 auto; width: 52.6263%\" srcset=\"https:\/\/maul-architekten.com\/wp-content\/uploads\/2023\/07\/230601-171_zwentendorf_gemeindezentrum_schreyerdavid_.jpg 789w, https:\/\/maul-architekten.com\/wp-content\/uploads\/2023\/07\/230601-171_zwentendorf_gemeindezentrum_schreyerdavid_-237x300.jpg 237w, https:\/\/maul-architekten.com\/wp-content\/uploads\/2023\/07\/230601-171_zwentendorf_gemeindezentrum_schreyerdavid_-700x887.jpg 700w, https:\/\/maul-architekten.com\/wp-content\/uploads\/2023\/07\/230601-171_zwentendorf_gemeindezentrum_schreyerdavid_-768x973.jpg 768w, https:\/\/maul-architekten.com\/wp-content\/uploads\/2023\/07\/230601-171_zwentendorf_gemeindezentrum_schreyerdavid_-151x192.jpg 151w\" sizes=\"auto, (max-width: 789px) 100vw, 789px\" \/><\/li>\n                <li style=\"display: none; width: 100%;\" class=\"slide-2305 ms-image \" aria-roledescription=\"slide\" data-date=\"2022-06-30 17:13:08\" data-filename=\"230601-154_zwentendorf_gemeindezentrum_schreyerdavid_.jpg\" data-slide-type=\"image\"><img loading=\"lazy\" decoding=\"async\" width=\"1000\" height=\"629\" src=\"https:\/\/maul-architekten.com\/wp-content\/uploads\/2023\/07\/230601-154_zwentendorf_gemeindezentrum_schreyerdavid_.jpg\" class=\"slider-2297 slide-2305 msDefaultImage\" alt=\"\" rel=\"\" title=\"\" style=\"margin-top: 1.9%\" srcset=\"https:\/\/maul-architekten.com\/wp-content\/uploads\/2023\/07\/230601-154_zwentendorf_gemeindezentrum_schreyerdavid_.jpg 1000w, https:\/\/maul-architekten.com\/wp-content\/uploads\/2023\/07\/230601-154_zwentendorf_gemeindezentrum_schreyerdavid_-300x189.jpg 300w, https:\/\/maul-architekten.com\/wp-content\/uploads\/2023\/07\/230601-154_zwentendorf_gemeindezentrum_schreyerdavid_-700x440.jpg 700w, https:\/\/maul-architekten.com\/wp-content\/uploads\/2023\/07\/230601-154_zwentendorf_gemeindezentrum_schreyerdavid_-768x483.jpg 768w, https:\/\/maul-architekten.com\/wp-content\/uploads\/2023\/07\/230601-154_zwentendorf_gemeindezentrum_schreyerdavid_-192x121.jpg 192w\" sizes=\"auto, (max-width: 1000px) 100vw, 1000px\" \/><\/li>\n                <li style=\"display: none; width: 100%;\" class=\"slide-2457 ms-image \" aria-roledescription=\"slide\" data-date=\"2022-07-05 15:27:44\" data-filename=\"230601-157_zwentendorf_gemeindezentrum_schreyerdavid_.jpg\" data-slide-type=\"image\"><img loading=\"lazy\" decoding=\"async\" width=\"789\" height=\"1000\" src=\"https:\/\/maul-architekten.com\/wp-content\/uploads\/2023\/07\/230601-157_zwentendorf_gemeindezentrum_schreyerdavid_.jpg\" class=\"slider-2297 slide-2457 msDefaultImage\" alt=\"\" rel=\"\" title=\"\" style=\"margin: 0 auto; width: 52.6263%\" srcset=\"https:\/\/maul-architekten.com\/wp-content\/uploads\/2023\/07\/230601-157_zwentendorf_gemeindezentrum_schreyerdavid_.jpg 789w, https:\/\/maul-architekten.com\/wp-content\/uploads\/2023\/07\/230601-157_zwentendorf_gemeindezentrum_schreyerdavid_-237x300.jpg 237w, https:\/\/maul-architekten.com\/wp-content\/uploads\/2023\/07\/230601-157_zwentendorf_gemeindezentrum_schreyerdavid_-700x887.jpg 700w, https:\/\/maul-architekten.com\/wp-content\/uploads\/2023\/07\/230601-157_zwentendorf_gemeindezentrum_schreyerdavid_-768x973.jpg 768w, https:\/\/maul-architekten.com\/wp-content\/uploads\/2023\/07\/230601-157_zwentendorf_gemeindezentrum_schreyerdavid_-151x192.jpg 151w\" sizes=\"auto, (max-width: 789px) 100vw, 789px\" \/><\/li>\n                <li style=\"display: none; width: 100%;\" class=\"slide-2307 ms-image \" aria-roledescription=\"slide\" data-date=\"2022-06-30 17:21:02\" data-filename=\"230601-202_zwentendorf_gemeindezentrum_schreyerdavid_.jpg\" data-slide-type=\"image\"><img loading=\"lazy\" decoding=\"async\" width=\"1000\" height=\"629\" src=\"https:\/\/maul-architekten.com\/wp-content\/uploads\/2023\/07\/230601-202_zwentendorf_gemeindezentrum_schreyerdavid_.jpg\" class=\"slider-2297 slide-2307 msDefaultImage\" alt=\"\" rel=\"\" title=\"\" style=\"margin-top: 1.9%\" srcset=\"https:\/\/maul-architekten.com\/wp-content\/uploads\/2023\/07\/230601-202_zwentendorf_gemeindezentrum_schreyerdavid_.jpg 1000w, https:\/\/maul-architekten.com\/wp-content\/uploads\/2023\/07\/230601-202_zwentendorf_gemeindezentrum_schreyerdavid_-300x189.jpg 300w, https:\/\/maul-architekten.com\/wp-content\/uploads\/2023\/07\/230601-202_zwentendorf_gemeindezentrum_schreyerdavid_-700x440.jpg 700w, https:\/\/maul-architekten.com\/wp-content\/uploads\/2023\/07\/230601-202_zwentendorf_gemeindezentrum_schreyerdavid_-768x483.jpg 768w, https:\/\/maul-architekten.com\/wp-content\/uploads\/2023\/07\/230601-202_zwentendorf_gemeindezentrum_schreyerdavid_-192x121.jpg 192w\" sizes=\"auto, (max-width: 1000px) 100vw, 1000px\" \/><\/li>\n                <li style=\"display: none; width: 100%;\" class=\"slide-2328 ms-image \" aria-roledescription=\"slide\" data-date=\"2022-06-30 17:38:57\" data-filename=\"230601-209_zwentendorf_gemeindezentrum_schreyerdavid_-1.jpg\" data-slide-type=\"image\"><img loading=\"lazy\" decoding=\"async\" width=\"1000\" height=\"629\" src=\"https:\/\/maul-architekten.com\/wp-content\/uploads\/2023\/07\/230601-209_zwentendorf_gemeindezentrum_schreyerdavid_-1.jpg\" class=\"slider-2297 slide-2328 msDefaultImage\" alt=\"\" rel=\"\" title=\"\" style=\"margin-top: 1.9%\" srcset=\"https:\/\/maul-architekten.com\/wp-content\/uploads\/2023\/07\/230601-209_zwentendorf_gemeindezentrum_schreyerdavid_-1.jpg 1000w, https:\/\/maul-architekten.com\/wp-content\/uploads\/2023\/07\/230601-209_zwentendorf_gemeindezentrum_schreyerdavid_-1-300x189.jpg 300w, https:\/\/maul-architekten.com\/wp-content\/uploads\/2023\/07\/230601-209_zwentendorf_gemeindezentrum_schreyerdavid_-1-700x440.jpg 700w, https:\/\/maul-architekten.com\/wp-content\/uploads\/2023\/07\/230601-209_zwentendorf_gemeindezentrum_schreyerdavid_-1-768x483.jpg 768w, https:\/\/maul-architekten.com\/wp-content\/uploads\/2023\/07\/230601-209_zwentendorf_gemeindezentrum_schreyerdavid_-1-192x121.jpg 192w\" sizes=\"auto, (max-width: 1000px) 100vw, 1000px\" \/><\/li>\n                <li style=\"display: none; width: 100%;\" class=\"slide-2309 ms-image \" aria-roledescription=\"slide\" data-date=\"2022-06-30 17:24:21\" data-filename=\"230601-193_zwentendorf_gemeindezentrum_schreyerdavid_.jpg\" data-slide-type=\"image\"><img loading=\"lazy\" decoding=\"async\" width=\"789\" height=\"1000\" src=\"https:\/\/maul-architekten.com\/wp-content\/uploads\/2023\/07\/230601-193_zwentendorf_gemeindezentrum_schreyerdavid_.jpg\" class=\"slider-2297 slide-2309 msDefaultImage\" alt=\"\" rel=\"\" title=\"\" style=\"margin: 0 auto; width: 52.6263%\" srcset=\"https:\/\/maul-architekten.com\/wp-content\/uploads\/2023\/07\/230601-193_zwentendorf_gemeindezentrum_schreyerdavid_.jpg 789w, https:\/\/maul-architekten.com\/wp-content\/uploads\/2023\/07\/230601-193_zwentendorf_gemeindezentrum_schreyerdavid_-237x300.jpg 237w, https:\/\/maul-architekten.com\/wp-content\/uploads\/2023\/07\/230601-193_zwentendorf_gemeindezentrum_schreyerdavid_-700x887.jpg 700w, https:\/\/maul-architekten.com\/wp-content\/uploads\/2023\/07\/230601-193_zwentendorf_gemeindezentrum_schreyerdavid_-768x973.jpg 768w, https:\/\/maul-architekten.com\/wp-content\/uploads\/2023\/07\/230601-193_zwentendorf_gemeindezentrum_schreyerdavid_-151x192.jpg 151w\" sizes=\"auto, (max-width: 789px) 100vw, 789px\" \/><\/li>\n                <li style=\"display: none; width: 100%;\" class=\"slide-2311 ms-image \" aria-roledescription=\"slide\" data-date=\"2022-06-30 17:27:37\" data-filename=\"230601-219_zwentendorf_gemeindezentrum_schreyerdavid_.jpg\" data-slide-type=\"image\"><img loading=\"lazy\" decoding=\"async\" width=\"789\" height=\"1000\" src=\"https:\/\/maul-architekten.com\/wp-content\/uploads\/2023\/07\/230601-219_zwentendorf_gemeindezentrum_schreyerdavid_.jpg\" class=\"slider-2297 slide-2311 msDefaultImage\" alt=\"\" rel=\"\" title=\"\" style=\"margin: 0 auto; width: 52.6263%\" srcset=\"https:\/\/maul-architekten.com\/wp-content\/uploads\/2023\/07\/230601-219_zwentendorf_gemeindezentrum_schreyerdavid_.jpg 789w, https:\/\/maul-architekten.com\/wp-content\/uploads\/2023\/07\/230601-219_zwentendorf_gemeindezentrum_schreyerdavid_-237x300.jpg 237w, https:\/\/maul-architekten.com\/wp-content\/uploads\/2023\/07\/230601-219_zwentendorf_gemeindezentrum_schreyerdavid_-700x887.jpg 700w, https:\/\/maul-architekten.com\/wp-content\/uploads\/2023\/07\/230601-219_zwentendorf_gemeindezentrum_schreyerdavid_-768x973.jpg 768w, https:\/\/maul-architekten.com\/wp-content\/uploads\/2023\/07\/230601-219_zwentendorf_gemeindezentrum_schreyerdavid_-151x192.jpg 151w\" sizes=\"auto, (max-width: 789px) 100vw, 789px\" \/><\/li>\n                <li style=\"display: none; width: 100%;\" class=\"slide-2326 ms-image \" aria-roledescription=\"slide\" data-date=\"2022-06-30 17:35:06\" data-filename=\"230601-227_zwentendorf_gemeindezentrum_schreyerdavid_.jpg\" data-slide-type=\"image\"><img loading=\"lazy\" decoding=\"async\" width=\"789\" height=\"1000\" src=\"https:\/\/maul-architekten.com\/wp-content\/uploads\/2023\/07\/230601-227_zwentendorf_gemeindezentrum_schreyerdavid_.jpg\" class=\"slider-2297 slide-2326 msDefaultImage\" alt=\"\" rel=\"\" title=\"\" style=\"margin: 0 auto; width: 52.6263%\" srcset=\"https:\/\/maul-architekten.com\/wp-content\/uploads\/2023\/07\/230601-227_zwentendorf_gemeindezentrum_schreyerdavid_.jpg 789w, https:\/\/maul-architekten.com\/wp-content\/uploads\/2023\/07\/230601-227_zwentendorf_gemeindezentrum_schreyerdavid_-237x300.jpg 237w, https:\/\/maul-architekten.com\/wp-content\/uploads\/2023\/07\/230601-227_zwentendorf_gemeindezentrum_schreyerdavid_-700x887.jpg 700w, https:\/\/maul-architekten.com\/wp-content\/uploads\/2023\/07\/230601-227_zwentendorf_gemeindezentrum_schreyerdavid_-768x973.jpg 768w, https:\/\/maul-architekten.com\/wp-content\/uploads\/2023\/07\/230601-227_zwentendorf_gemeindezentrum_schreyerdavid_-151x192.jpg 151w\" sizes=\"auto, (max-width: 789px) 100vw, 789px\" \/><\/li>\n                <li style=\"display: none; width: 100%;\" class=\"slide-2662 ms-image \" aria-roledescription=\"slide\" data-date=\"2023-03-01 09:57:36\" data-filename=\"230209-94_zwentendorf_gemeindezentrum_schreyerdavid.jpg\" data-slide-type=\"image\"><img loading=\"lazy\" decoding=\"async\" width=\"1000\" height=\"789\" src=\"https:\/\/maul-architekten.com\/wp-content\/uploads\/2023\/03\/230209-94_zwentendorf_gemeindezentrum_schreyerdavid.jpg\" class=\"slider-2297 slide-2662 msDefaultImage\" alt=\"\" rel=\"\" title=\"230209-94_zwentendorf_gemeindezentrum_schreyerdavid\" style=\"margin: 0 auto; width: 84.537389100127%\" srcset=\"https:\/\/maul-architekten.com\/wp-content\/uploads\/2023\/03\/230209-94_zwentendorf_gemeindezentrum_schreyerdavid.jpg 1000w, https:\/\/maul-architekten.com\/wp-content\/uploads\/2023\/03\/230209-94_zwentendorf_gemeindezentrum_schreyerdavid-300x237.jpg 300w, https:\/\/maul-architekten.com\/wp-content\/uploads\/2023\/03\/230209-94_zwentendorf_gemeindezentrum_schreyerdavid-700x552.jpg 700w, https:\/\/maul-architekten.com\/wp-content\/uploads\/2023\/03\/230209-94_zwentendorf_gemeindezentrum_schreyerdavid-768x606.jpg 768w, https:\/\/maul-architekten.com\/wp-content\/uploads\/2023\/03\/230209-94_zwentendorf_gemeindezentrum_schreyerdavid-192x151.jpg 192w\" sizes=\"auto, (max-width: 1000px) 100vw, 1000px\" \/><\/li>\n                <li style=\"display: none; width: 100%;\" class=\"slide-2664 ms-image \" aria-roledescription=\"slide\" data-date=\"2023-03-01 09:57:51\" data-filename=\"230209-106_zwentendorf_gemeindezentrum_schreyerdavid_.jpg\" data-slide-type=\"image\"><img loading=\"lazy\" decoding=\"async\" width=\"1000\" height=\"629\" src=\"https:\/\/maul-architekten.com\/wp-content\/uploads\/2023\/07\/230209-106_zwentendorf_gemeindezentrum_schreyerdavid_.jpg\" class=\"slider-2297 slide-2664 msDefaultImage\" alt=\"\" rel=\"\" title=\"\" style=\"margin-top: 1.9%\" srcset=\"https:\/\/maul-architekten.com\/wp-content\/uploads\/2023\/07\/230209-106_zwentendorf_gemeindezentrum_schreyerdavid_.jpg 1000w, https:\/\/maul-architekten.com\/wp-content\/uploads\/2023\/07\/230209-106_zwentendorf_gemeindezentrum_schreyerdavid_-300x189.jpg 300w, https:\/\/maul-architekten.com\/wp-content\/uploads\/2023\/07\/230209-106_zwentendorf_gemeindezentrum_schreyerdavid_-700x440.jpg 700w, https:\/\/maul-architekten.com\/wp-content\/uploads\/2023\/07\/230209-106_zwentendorf_gemeindezentrum_schreyerdavid_-768x483.jpg 768w, https:\/\/maul-architekten.com\/wp-content\/uploads\/2023\/07\/230209-106_zwentendorf_gemeindezentrum_schreyerdavid_-192x121.jpg 192w\" sizes=\"auto, (max-width: 1000px) 100vw, 1000px\" \/><\/li>\n                <li style=\"display: none; width: 100%;\" class=\"slide-2668 ms-image \" aria-roledescription=\"slide\" data-date=\"2023-03-01 09:58:12\" data-filename=\"230209-109_zwentendorf_gemeindezentrum_schreyerdavid.jpg\" data-slide-type=\"image\"><img loading=\"lazy\" decoding=\"async\" width=\"1000\" height=\"1268\" src=\"https:\/\/maul-architekten.com\/wp-content\/uploads\/2023\/07\/230209-109_zwentendorf_gemeindezentrum_schreyerdavid.jpg\" class=\"slider-2297 slide-2668 msDefaultImage\" alt=\"\" rel=\"\" title=\"\" style=\"margin: 0 auto; width: 52.602523659306%\" srcset=\"https:\/\/maul-architekten.com\/wp-content\/uploads\/2023\/07\/230209-109_zwentendorf_gemeindezentrum_schreyerdavid.jpg 1000w, https:\/\/maul-architekten.com\/wp-content\/uploads\/2023\/07\/230209-109_zwentendorf_gemeindezentrum_schreyerdavid-237x300.jpg 237w, https:\/\/maul-architekten.com\/wp-content\/uploads\/2023\/07\/230209-109_zwentendorf_gemeindezentrum_schreyerdavid-700x888.jpg 700w, https:\/\/maul-architekten.com\/wp-content\/uploads\/2023\/07\/230209-109_zwentendorf_gemeindezentrum_schreyerdavid-768x974.jpg 768w, https:\/\/maul-architekten.com\/wp-content\/uploads\/2023\/07\/230209-109_zwentendorf_gemeindezentrum_schreyerdavid-151x192.jpg 151w\" sizes=\"auto, (max-width: 1000px) 100vw, 1000px\" \/><\/li>\n                <li style=\"display: none; width: 100%;\" class=\"slide-2670 ms-image \" aria-roledescription=\"slide\" data-date=\"2023-03-01 09:58:21\" data-filename=\"Schule_Bilder_MA_Auswahl_122021_F-11.jpg\" data-slide-type=\"image\"><img loading=\"lazy\" decoding=\"async\" width=\"1000\" height=\"667\" src=\"https:\/\/maul-architekten.com\/wp-content\/uploads\/2022\/07\/Schule_Bilder_MA_Auswahl_122021_F-11.jpg\" class=\"slider-2297 slide-2670 msDefaultImage\" alt=\"\" rel=\"\" title=\"\" style=\"margin: 0 auto; width: 100%\" srcset=\"https:\/\/maul-architekten.com\/wp-content\/uploads\/2022\/07\/Schule_Bilder_MA_Auswahl_122021_F-11.jpg 1000w, https:\/\/maul-architekten.com\/wp-content\/uploads\/2022\/07\/Schule_Bilder_MA_Auswahl_122021_F-11-300x200.jpg 300w, https:\/\/maul-architekten.com\/wp-content\/uploads\/2022\/07\/Schule_Bilder_MA_Auswahl_122021_F-11-700x467.jpg 700w, https:\/\/maul-architekten.com\/wp-content\/uploads\/2022\/07\/Schule_Bilder_MA_Auswahl_122021_F-11-768x512.jpg 768w, https:\/\/maul-architekten.com\/wp-content\/uploads\/2022\/07\/Schule_Bilder_MA_Auswahl_122021_F-11-192x128.jpg 192w\" sizes=\"auto, (max-width: 1000px) 100vw, 1000px\" \/><\/li>\n                <li style=\"display: none; width: 100%;\" class=\"slide-2672 ms-image \" aria-roledescription=\"slide\" data-date=\"2023-03-01 09:58:32\" data-filename=\"230601-190_zwentendorf_gemeindezentrum_schreyerdavid_.jpg\" data-slide-type=\"image\"><img loading=\"lazy\" decoding=\"async\" width=\"1000\" height=\"629\" src=\"https:\/\/maul-architekten.com\/wp-content\/uploads\/2023\/07\/230601-190_zwentendorf_gemeindezentrum_schreyerdavid_.jpg\" class=\"slider-2297 slide-2672 msDefaultImage\" alt=\"\" rel=\"\" title=\"\" style=\"margin-top: 1.9%\" srcset=\"https:\/\/maul-architekten.com\/wp-content\/uploads\/2023\/07\/230601-190_zwentendorf_gemeindezentrum_schreyerdavid_.jpg 1000w, https:\/\/maul-architekten.com\/wp-content\/uploads\/2023\/07\/230601-190_zwentendorf_gemeindezentrum_schreyerdavid_-300x189.jpg 300w, https:\/\/maul-architekten.com\/wp-content\/uploads\/2023\/07\/230601-190_zwentendorf_gemeindezentrum_schreyerdavid_-700x440.jpg 700w, https:\/\/maul-architekten.com\/wp-content\/uploads\/2023\/07\/230601-190_zwentendorf_gemeindezentrum_schreyerdavid_-768x483.jpg 768w, https:\/\/maul-architekten.com\/wp-content\/uploads\/2023\/07\/230601-190_zwentendorf_gemeindezentrum_schreyerdavid_-192x121.jpg 192w\" sizes=\"auto, (max-width: 1000px) 100vw, 1000px\" \/><\/li>\n                <li style=\"display: none; width: 100%;\" class=\"slide-2322 ms-image \" aria-roledescription=\"slide\" data-date=\"2022-06-30 17:30:46\" data-filename=\"hp-pictos.jpg\" data-slide-type=\"image\"><img loading=\"lazy\" decoding=\"async\" width=\"1000\" height=\"667\" src=\"https:\/\/maul-architekten.com\/wp-content\/uploads\/2018\/10\/hp-pictos.jpg\" class=\"slider-2297 slide-2322 msDefaultImage\" alt=\"\" rel=\"\" title=\"hp - pictos\" style=\"margin: 0 auto; width: 100%\" srcset=\"https:\/\/maul-architekten.com\/wp-content\/uploads\/2018\/10\/hp-pictos.jpg 1000w, https:\/\/maul-architekten.com\/wp-content\/uploads\/2018\/10\/hp-pictos-300x200.jpg 300w, https:\/\/maul-architekten.com\/wp-content\/uploads\/2018\/10\/hp-pictos-768x512.jpg 768w, https:\/\/maul-architekten.com\/wp-content\/uploads\/2018\/10\/hp-pictos-700x467.jpg 700w, https:\/\/maul-architekten.com\/wp-content\/uploads\/2018\/10\/hp-pictos-192x128.jpg 192w\" sizes=\"auto, (max-width: 1000px) 100vw, 1000px\" \/><\/li>\n                <li style=\"display: none; width: 100%;\" class=\"slide-2408 ms-image \" aria-roledescription=\"slide\" data-date=\"2022-07-04 15:18:04\" data-filename=\"019-homepage-u1.jpg\" data-slide-type=\"image\"><img loading=\"lazy\" decoding=\"async\" width=\"707\" height=\"1000\" src=\"https:\/\/maul-architekten.com\/wp-content\/uploads\/2022\/07\/019-homepage-u1.jpg\" class=\"slider-2297 slide-2408 msDefaultImage\" alt=\"\" rel=\"\" title=\"\" style=\"margin: 0 auto; width: 47.1569%\" srcset=\"https:\/\/maul-architekten.com\/wp-content\/uploads\/2022\/07\/019-homepage-u1.jpg 707w, https:\/\/maul-architekten.com\/wp-content\/uploads\/2022\/07\/019-homepage-u1-212x300.jpg 212w, https:\/\/maul-architekten.com\/wp-content\/uploads\/2022\/07\/019-homepage-u1-700x990.jpg 700w, https:\/\/maul-architekten.com\/wp-content\/uploads\/2022\/07\/019-homepage-u1-136x192.jpg 136w\" sizes=\"auto, (max-width: 707px) 100vw, 707px\" \/><\/li>\n                <li style=\"display: none; width: 100%;\" class=\"slide-2333 ms-image \" aria-roledescription=\"slide\" data-date=\"2022-06-30 17:49:16\" data-filename=\"019-homepage-e0.jpg\" data-slide-type=\"image\"><img loading=\"lazy\" decoding=\"async\" width=\"707\" height=\"1000\" src=\"https:\/\/maul-architekten.com\/wp-content\/uploads\/2022\/07\/019-homepage-e0.jpg\" class=\"slider-2297 slide-2333 msDefaultImage\" alt=\"\" rel=\"\" title=\"\" style=\"margin: 0 auto; width: 47.1569%\" srcset=\"https:\/\/maul-architekten.com\/wp-content\/uploads\/2022\/07\/019-homepage-e0.jpg 707w, https:\/\/maul-architekten.com\/wp-content\/uploads\/2022\/07\/019-homepage-e0-212x300.jpg 212w, https:\/\/maul-architekten.com\/wp-content\/uploads\/2022\/07\/019-homepage-e0-700x990.jpg 700w, https:\/\/maul-architekten.com\/wp-content\/uploads\/2022\/07\/019-homepage-e0-136x192.jpg 136w\" sizes=\"auto, (max-width: 707px) 100vw, 707px\" \/><\/li>\n                <li style=\"display: none; width: 100%;\" class=\"slide-2335 ms-image \" aria-roledescription=\"slide\" data-date=\"2022-06-30 17:50:36\" data-filename=\"019-homepage-e1.jpg\" data-slide-type=\"image\"><img loading=\"lazy\" decoding=\"async\" width=\"707\" height=\"1000\" src=\"https:\/\/maul-architekten.com\/wp-content\/uploads\/2022\/07\/019-homepage-e1.jpg\" class=\"slider-2297 slide-2335 msDefaultImage\" alt=\"\" rel=\"\" title=\"\" style=\"margin: 0 auto; width: 47.1569%\" srcset=\"https:\/\/maul-architekten.com\/wp-content\/uploads\/2022\/07\/019-homepage-e1.jpg 707w, https:\/\/maul-architekten.com\/wp-content\/uploads\/2022\/07\/019-homepage-e1-212x300.jpg 212w, https:\/\/maul-architekten.com\/wp-content\/uploads\/2022\/07\/019-homepage-e1-700x990.jpg 700w, https:\/\/maul-architekten.com\/wp-content\/uploads\/2022\/07\/019-homepage-e1-136x192.jpg 136w\" sizes=\"auto, (max-width: 707px) 100vw, 707px\" \/><\/li>\n                <li style=\"display: none; width: 100%;\" class=\"slide-2337 ms-image \" aria-roledescription=\"slide\" data-date=\"2022-06-30 17:51:14\" data-filename=\"019-homepage-e2.jpg\" data-slide-type=\"image\"><img loading=\"lazy\" decoding=\"async\" width=\"707\" height=\"1000\" src=\"https:\/\/maul-architekten.com\/wp-content\/uploads\/2022\/07\/019-homepage-e2.jpg\" class=\"slider-2297 slide-2337 msDefaultImage\" alt=\"\" rel=\"\" title=\"\" style=\"margin: 0 auto; width: 47.1569%\" srcset=\"https:\/\/maul-architekten.com\/wp-content\/uploads\/2022\/07\/019-homepage-e2.jpg 707w, https:\/\/maul-architekten.com\/wp-content\/uploads\/2022\/07\/019-homepage-e2-212x300.jpg 212w, https:\/\/maul-architekten.com\/wp-content\/uploads\/2022\/07\/019-homepage-e2-700x990.jpg 700w, https:\/\/maul-architekten.com\/wp-content\/uploads\/2022\/07\/019-homepage-e2-136x192.jpg 136w\" sizes=\"auto, (max-width: 707px) 100vw, 707px\" \/><\/li>\n                <li style=\"display: none; width: 100%;\" class=\"slide-2319 ms-image \" aria-roledescription=\"slide\" data-date=\"2022-06-30 17:30:11\" data-filename=\"019-homepage-schnitt-2.jpg\" data-slide-type=\"image\"><img loading=\"lazy\" decoding=\"async\" width=\"1000\" height=\"667\" src=\"https:\/\/maul-architekten.com\/wp-content\/uploads\/2022\/07\/019-homepage-schnitt-2.jpg\" class=\"slider-2297 slide-2319 msDefaultImage\" alt=\"\" rel=\"\" title=\"\" style=\"margin: 0 auto; width: 100%\" srcset=\"https:\/\/maul-architekten.com\/wp-content\/uploads\/2022\/07\/019-homepage-schnitt-2.jpg 1000w, https:\/\/maul-architekten.com\/wp-content\/uploads\/2022\/07\/019-homepage-schnitt-2-300x200.jpg 300w, https:\/\/maul-architekten.com\/wp-content\/uploads\/2022\/07\/019-homepage-schnitt-2-700x467.jpg 700w, https:\/\/maul-architekten.com\/wp-content\/uploads\/2022\/07\/019-homepage-schnitt-2-768x512.jpg 768w, https:\/\/maul-architekten.com\/wp-content\/uploads\/2022\/07\/019-homepage-schnitt-2-192x128.jpg 192w\" sizes=\"auto, (max-width: 1000px) 100vw, 1000px\" \/><\/li>\n                <li style=\"display: none; width: 100%;\" class=\"slide-2321 ms-image \" aria-roledescription=\"slide\" data-date=\"2022-06-30 17:30:31\" data-filename=\"019-homepage-schnitt-a.jpg\" data-slide-type=\"image\"><img loading=\"lazy\" decoding=\"async\" width=\"1000\" height=\"667\" src=\"https:\/\/maul-architekten.com\/wp-content\/uploads\/2022\/07\/019-homepage-schnitt-a.jpg\" class=\"slider-2297 slide-2321 msDefaultImage\" alt=\"\" rel=\"\" title=\"\" style=\"margin: 0 auto; width: 100%\" srcset=\"https:\/\/maul-architekten.com\/wp-content\/uploads\/2022\/07\/019-homepage-schnitt-a.jpg 1000w, https:\/\/maul-architekten.com\/wp-content\/uploads\/2022\/07\/019-homepage-schnitt-a-300x200.jpg 300w, https:\/\/maul-architekten.com\/wp-content\/uploads\/2022\/07\/019-homepage-schnitt-a-700x467.jpg 700w, https:\/\/maul-architekten.com\/wp-content\/uploads\/2022\/07\/019-homepage-schnitt-a-768x512.jpg 768w, https:\/\/maul-architekten.com\/wp-content\/uploads\/2022\/07\/019-homepage-schnitt-a-192x128.jpg 192w\" sizes=\"auto, (max-width: 1000px) 100vw, 1000px\" \/><\/li>\n                <li style=\"display: none; width: 100%;\" class=\"slide-2706 ms-image \" aria-roledescription=\"slide\" data-date=\"2023-07-11 13:42:27\" data-filename=\"2021-03-26-M-010_-_Gebaeudeadaptierung_Baustelle.jpg\" data-slide-type=\"image\"><img loading=\"lazy\" decoding=\"async\" width=\"1280\" height=\"960\" src=\"https:\/\/maul-architekten.com\/wp-content\/uploads\/2022\/06\/2021-03-26-M-010_-_Gebaeudeadaptierung_Baustelle.jpg\" class=\"slider-2297 slide-2706 msDefaultImage\" alt=\"\" rel=\"\" title=\"\" style=\"margin: 0 auto; width: 88.933333333333%\" srcset=\"https:\/\/maul-architekten.com\/wp-content\/uploads\/2022\/06\/2021-03-26-M-010_-_Gebaeudeadaptierung_Baustelle.jpg 1280w, https:\/\/maul-architekten.com\/wp-content\/uploads\/2022\/06\/2021-03-26-M-010_-_Gebaeudeadaptierung_Baustelle-300x225.jpg 300w, https:\/\/maul-architekten.com\/wp-content\/uploads\/2022\/06\/2021-03-26-M-010_-_Gebaeudeadaptierung_Baustelle-700x525.jpg 700w, https:\/\/maul-architekten.com\/wp-content\/uploads\/2022\/06\/2021-03-26-M-010_-_Gebaeudeadaptierung_Baustelle-768x576.jpg 768w, https:\/\/maul-architekten.com\/wp-content\/uploads\/2022\/06\/2021-03-26-M-010_-_Gebaeudeadaptierung_Baustelle-192x144.jpg 192w\" sizes=\"auto, (max-width: 1280px) 100vw, 1280px\" \/><\/li>\n            <\/ul>\n        <\/div>\n        \n    <\/div>\n<\/div>\n\n\n\n<p><\/p>\n\n\n\n<p><strong>Gemeindezentrum<\/strong> <strong>&#8211; Zwentendorf an der Donau, N\u00f6<\/strong><\/p>\n\n\n\n<p>Umbau Neue Mittelschule | Neubau Musikheim | Neubau Heimatmuseum | Generalsanierung und Erweiterung Rathaus<strong>&nbsp;<\/strong><\/p>\n\n\n\n<p>Preistr\u00e4ger <a href=\"https:\/\/bigsee.eu\/city-hall-zwentendorf-an-der-donau\/\">BIG SEE ARCHITECTURE AWARD 2024<\/a><br>Anerkennung <a href=\"https:\/\/kulturpreis.noel.gv.at\/preise-2024\/\">N\u00d6 Kulturpreis 2024 &#8211; Sparte Architektur<strong>\u00a0<\/strong><\/a><\/p>\n\n\n\n<p><\/p>\n\n\n\n<p>EU-weit offener Realisierungswettbewerb 2018 |&nbsp; 1.Preis<\/p>\n\n\n\n<p><strong>Marktplatz<\/strong><br>Das bestehende innerd\u00f6rfliche Ensemble zwischen Rathaus, den Prober\u00e4umen der Musik, dem Heimatmuseum und der neuen Mittelschule wird durch den R\u00fcckbau einzelner Bauk\u00f6rper in seiner st\u00e4dtebaulichen Konfiguration zur Pfarrkirche hin ge\u00f6ffnet. Dadurch wird ein neuer attraktiver, verkehrsberuhig\u00adter, zum Verweilen einladender Marktplatz geschaffen, welcher im Zusammenspiel mit dem Rathaus- und Goethe Platz eine neue Identit\u00e4t im Ort erzeugt. <br>In ihrer H\u00f6he gleichen sich die Zubauten an die angrenzende Bebauung an und fassen durch ihre einheitliche Materialit\u00e4t einen neuen Vorplatz zur mar\u00adkanten vis-a-vis liegenden, steinernen Pfarrkirche. Die Materialien der Au\u00dfenfassaden wurden bewusst als Weiterbauen der bestehenden Geb\u00e4ude verstanden und in ihrer Farbgebung lassen sich die Geb\u00e4ude f\u00fcr BesucherInnen als auch B\u00fcrgerInnen aller \u00f6ffentlichen Einrichtungen auf einen Blick ablesen.<br>Das Rathaus zur Donau hin ausgerichtet, erh\u00e4lt \u00e4hnlich der fr\u00fcheren Bebauung am Rathausplatz einen zweigescho\u00dfigen Zubau, welcher das neue B\u00fcrgerservice, sowie zeitgem\u00e4\u00dfe B\u00fcror\u00e4umlichkeiten des Amtshauses beheimatet. Das bestehende, alt anmutende Geb\u00e4ude aus den 50er Jahren soll in seiner Formensprache nicht beeintr\u00e4chtigt sondern als zentrale Anlaufstelle f\u00fcr die NutzerInnen hervortreten. Am westlichen Ende des neu geschaffenen Kirchenvorplatzes findet sich das Heimatmuseum mit dar\u00fcberliegendem Probesaal als Klangbox mit dunkel lasierter Holzfassade wieder. Ein f\u00fcr alle Funktionen zur Verf\u00fcgung stehendes Stiegenhaus angrenzend an die NMS wird im s\u00fcdlichen Bauk\u00f6rper untergebracht.<br>Die angrenzende Neue Mittelschule wird durch eine Erweiterung oberhalb des Turnsaales und einer teilweisen Aufl\u00f6sung bestehender Klassenr\u00e4ume als verschr\u00e4nkte Ganztags-schule mit sogenannten &#8222;Marktpl\u00e4tzen&#8220; neu konzipiert. Jeweils zwei Stamm-Klassen erhal\u00adten in unmittelbarer N\u00e4he zu den Klassenr\u00e4umen einen freigespielten Aufenthaltsort, der neue Unterrichtsformen und offenes Arbeiten | Lernen erm\u00f6glicht.<br>Das neue Gemeindezentrum verbindet die vier Gemeindeeinrichtungen baulich und schafft durch Pl\u00e4tze und Freibereiche Begegnugnszonen f\u00fcr alle B\u00fcrgerInnen der wachsenden Gemeindem. Es zeigt bereits in der Bauphase die St\u00e4rkung und Ausbildung eines konkreten Zentrums mit unterschiedlichsten Qualit\u00e4ten, vor allem einen klaren identit\u00e4tsstiftende Ortsmitte.<\/p>\n\n\n\n<p><span style=\"color: #999999;\">Rendering &nbsp;&nbsp;&nbsp;&nbsp; &nbsp;&nbsp; &nbsp;&nbsp;&nbsp;\u00a9decorated shed | maul-architekten zt gmbh&nbsp;&nbsp;&nbsp;&nbsp;&nbsp;&nbsp;&nbsp;&nbsp;&nbsp;&nbsp;&nbsp;&nbsp;&nbsp;&nbsp;&nbsp; &nbsp; <br>Fotos &nbsp;&nbsp;&nbsp;&nbsp;&nbsp;&nbsp;&nbsp;&nbsp;&nbsp;&nbsp;&nbsp;&nbsp;&nbsp;&nbsp; &nbsp;&nbsp;             \u00a9David Schreyer | maul-architekten zt gmbhbh<\/span><\/p>\n\n\n\n<p><\/p>\n\n\n\n<p>Planung &nbsp;&nbsp;&nbsp;&nbsp;&nbsp;&nbsp;&nbsp; &nbsp;&nbsp;&nbsp;&nbsp;&nbsp;&nbsp;&nbsp; &nbsp; &nbsp; &nbsp; &nbsp; &nbsp;&nbsp;&nbsp; 2018-2021<br>Bauausf\u00fchrung &nbsp;&nbsp;&nbsp;&nbsp;&nbsp;&nbsp;&nbsp;&nbsp;&nbsp;&nbsp;&nbsp;&nbsp;&nbsp;&nbsp;&nbsp; 2021-2023<\/p>\n","protected":false},"excerpt":{"rendered":"<p>Gemeindezentrum &#8211; Zwentendorf an der Donau, N\u00f6 Umbau Neue Mittelschule | Neubau Musikheim | Neubau Heimatmuseum | Generalsanierung und Erweiterung Rathaus&nbsp; Preistr\u00e4ger BIG SEE ARCHITECTURE AWARD 2024Anerkennung N\u00d6 Kulturpreis 2024 &#8211; Sparte Architektur\u00a0 EU-weit offener Realisierungswettbewerb 2018 |&nbsp; 1.Preis MarktplatzDas bestehende innerd\u00f6rfliche Ensemble zwischen Rathaus, den Prober\u00e4umen der Musik, dem Heimatmuseum und der neuen Mittelschule &hellip; <a href=\"https:\/\/maul-architekten.com\/?page_id=916\" class=\"more-link\"><span class=\"screen-reader-text\">Gemeindezentrum | Zwentendorf an der Donau<\/span> weiterlesen<\/a><\/p>\n","protected":false},"author":1,"featured_media":922,"parent":0,"menu_order":0,"comment_status":"closed","ping_status":"closed","template":"","meta":{"footnotes":""},"class_list":["post-916","page","type-page","status-publish","has-post-thumbnail","hentry"],"_links":{"self":[{"href":"https:\/\/maul-architekten.com\/index.php?rest_route=\/wp\/v2\/pages\/916","targetHints":{"allow":["GET"]}}],"collection":[{"href":"https:\/\/maul-architekten.com\/index.php?rest_route=\/wp\/v2\/pages"}],"about":[{"href":"https:\/\/maul-architekten.com\/index.php?rest_route=\/wp\/v2\/types\/page"}],"author":[{"embeddable":true,"href":"https:\/\/maul-architekten.com\/index.php?rest_route=\/wp\/v2\/users\/1"}],"replies":[{"embeddable":true,"href":"https:\/\/maul-architekten.com\/index.php?rest_route=%2Fwp%2Fv2%2Fcomments&post=916"}],"version-history":[{"count":34,"href":"https:\/\/maul-architekten.com\/index.php?rest_route=\/wp\/v2\/pages\/916\/revisions"}],"predecessor-version":[{"id":3511,"href":"https:\/\/maul-architekten.com\/index.php?rest_route=\/wp\/v2\/pages\/916\/revisions\/3511"}],"wp:featuredmedia":[{"embeddable":true,"href":"https:\/\/maul-architekten.com\/index.php?rest_route=\/wp\/v2\/media\/922"}],"wp:attachment":[{"href":"https:\/\/maul-architekten.com\/index.php?rest_route=%2Fwp%2Fv2%2Fmedia&parent=916"}],"curies":[{"name":"wp","href":"https:\/\/api.w.org\/{rel}","templated":true}]}}