{"id":739,"date":"2018-07-03T11:37:32","date_gmt":"2018-07-03T09:37:32","guid":{"rendered":"http:\/\/maul-architekten.com\/?page_id=739"},"modified":"2023-10-24T10:31:38","modified_gmt":"2023-10-24T08:31:38","slug":"wbw-hlt-retz","status":"publish","type":"page","link":"https:\/\/maul-architekten.com\/?page_id=739","title":{"rendered":"HLT Tourismusschulen &#8211; Retz"},"content":{"rendered":"<div id=\"metaslider-id-2236\" style=\"max-width: 1000px;\" class=\"ml-slider-3-108-0 metaslider metaslider-flex metaslider-2236 ml-slider ms-theme-default nav-hidden\" role=\"region\" aria-label=\"HLT Retz\" data-height=\"667\" data-width=\"1000\">\n    <div id=\"metaslider_container_2236\">\n        <div id=\"metaslider_2236\">\n            <ul class='slides'>\n                <li style=\"display: block; width: 100%;\" class=\"slide-2238 ms-image \" aria-roledescription=\"slide\" data-date=\"2022-06-30 16:39:24\" data-filename=\"NOe-HLT-RETZ-TOURISMUSSCHULEN-C-DAVID-SCHREYER-Bild-1.jpg\" data-slide-type=\"image\"><img loading=\"lazy\" decoding=\"async\" width=\"1440\" height=\"906\" src=\"https:\/\/maul-architekten.com\/wp-content\/uploads\/2023\/07\/NOe-HLT-RETZ-TOURISMUSSCHULEN-C-DAVID-SCHREYER-Bild-1.jpg\" class=\"slider-2236 slide-2238 msDefaultImage\" alt=\"\" rel=\"\" title=\"\" style=\"margin-top: 1.8916666666667%\" srcset=\"https:\/\/maul-architekten.com\/wp-content\/uploads\/2023\/07\/NOe-HLT-RETZ-TOURISMUSSCHULEN-C-DAVID-SCHREYER-Bild-1.jpg 1440w, https:\/\/maul-architekten.com\/wp-content\/uploads\/2023\/07\/NOe-HLT-RETZ-TOURISMUSSCHULEN-C-DAVID-SCHREYER-Bild-1-300x189.jpg 300w, https:\/\/maul-architekten.com\/wp-content\/uploads\/2023\/07\/NOe-HLT-RETZ-TOURISMUSSCHULEN-C-DAVID-SCHREYER-Bild-1-700x440.jpg 700w, https:\/\/maul-architekten.com\/wp-content\/uploads\/2023\/07\/NOe-HLT-RETZ-TOURISMUSSCHULEN-C-DAVID-SCHREYER-Bild-1-768x483.jpg 768w, https:\/\/maul-architekten.com\/wp-content\/uploads\/2023\/07\/NOe-HLT-RETZ-TOURISMUSSCHULEN-C-DAVID-SCHREYER-Bild-1-192x121.jpg 192w\" sizes=\"auto, (max-width: 1440px) 100vw, 1440px\" \/><\/li>\n                <li style=\"display: none; width: 100%;\" class=\"slide-2522 ms-image \" aria-roledescription=\"slide\" data-date=\"2022-10-14 10:39:43\" data-filename=\"220909-29_retz_tourismusschule_schreyerdavid.jpg\" data-slide-type=\"image\"><img loading=\"lazy\" decoding=\"async\" width=\"1136\" height=\"1440\" src=\"https:\/\/maul-architekten.com\/wp-content\/uploads\/2022\/10\/220909-29_retz_tourismusschule_schreyerdavid.jpg\" class=\"slider-2236 slide-2522 msDefaultImage\" alt=\"\" rel=\"\" title=\"\" style=\"margin: 0 auto; width: 52.618888888889%\" srcset=\"https:\/\/maul-architekten.com\/wp-content\/uploads\/2022\/10\/220909-29_retz_tourismusschule_schreyerdavid.jpg 1136w, https:\/\/maul-architekten.com\/wp-content\/uploads\/2022\/10\/220909-29_retz_tourismusschule_schreyerdavid-237x300.jpg 237w, https:\/\/maul-architekten.com\/wp-content\/uploads\/2022\/10\/220909-29_retz_tourismusschule_schreyerdavid-700x887.jpg 700w, https:\/\/maul-architekten.com\/wp-content\/uploads\/2022\/10\/220909-29_retz_tourismusschule_schreyerdavid-768x974.jpg 768w, https:\/\/maul-architekten.com\/wp-content\/uploads\/2022\/10\/220909-29_retz_tourismusschule_schreyerdavid-151x192.jpg 151w\" sizes=\"auto, (max-width: 1136px) 100vw, 1136px\" \/><\/li>\n                <li style=\"display: none; width: 100%;\" class=\"slide-2542 ms-image \" aria-roledescription=\"slide\" data-date=\"2022-10-16 16:11:38\" data-filename=\"NOe-HLT-RETZ-TOURISMUSSCHULEN-C-DAVID-SCHREYER-Bild-3.jpg\" data-slide-type=\"image\"><img loading=\"lazy\" decoding=\"async\" width=\"1440\" height=\"906\" src=\"https:\/\/maul-architekten.com\/wp-content\/uploads\/2023\/07\/NOe-HLT-RETZ-TOURISMUSSCHULEN-C-DAVID-SCHREYER-Bild-3.jpg\" class=\"slider-2236 slide-2542 msDefaultImage\" alt=\"\" rel=\"\" title=\"\" style=\"margin-top: 1.8916666666667%\" srcset=\"https:\/\/maul-architekten.com\/wp-content\/uploads\/2023\/07\/NOe-HLT-RETZ-TOURISMUSSCHULEN-C-DAVID-SCHREYER-Bild-3.jpg 1440w, https:\/\/maul-architekten.com\/wp-content\/uploads\/2023\/07\/NOe-HLT-RETZ-TOURISMUSSCHULEN-C-DAVID-SCHREYER-Bild-3-300x189.jpg 300w, https:\/\/maul-architekten.com\/wp-content\/uploads\/2023\/07\/NOe-HLT-RETZ-TOURISMUSSCHULEN-C-DAVID-SCHREYER-Bild-3-700x440.jpg 700w, https:\/\/maul-architekten.com\/wp-content\/uploads\/2023\/07\/NOe-HLT-RETZ-TOURISMUSSCHULEN-C-DAVID-SCHREYER-Bild-3-768x483.jpg 768w, https:\/\/maul-architekten.com\/wp-content\/uploads\/2023\/07\/NOe-HLT-RETZ-TOURISMUSSCHULEN-C-DAVID-SCHREYER-Bild-3-192x121.jpg 192w\" sizes=\"auto, (max-width: 1440px) 100vw, 1440px\" \/><\/li>\n                <li style=\"display: none; width: 100%;\" class=\"slide-2770 ms-image \" aria-roledescription=\"slide\" data-date=\"2023-07-12 15:45:48\" data-filename=\"NOe-HLT-RETZ-TOURISMUSSCHULEN-C-DAVID-SCHREYER-Bild-4.jpg\" data-slide-type=\"image\"><img loading=\"lazy\" decoding=\"async\" width=\"1440\" height=\"1136\" src=\"https:\/\/maul-architekten.com\/wp-content\/uploads\/2023\/07\/NOe-HLT-RETZ-TOURISMUSSCHULEN-C-DAVID-SCHREYER-Bild-4.jpg\" class=\"slider-2236 slide-2770 msDefaultImage\" alt=\"\" rel=\"\" title=\"\" style=\"margin: 0 auto; width: 84.549295774648%\" srcset=\"https:\/\/maul-architekten.com\/wp-content\/uploads\/2023\/07\/NOe-HLT-RETZ-TOURISMUSSCHULEN-C-DAVID-SCHREYER-Bild-4.jpg 1440w, https:\/\/maul-architekten.com\/wp-content\/uploads\/2023\/07\/NOe-HLT-RETZ-TOURISMUSSCHULEN-C-DAVID-SCHREYER-Bild-4-300x237.jpg 300w, https:\/\/maul-architekten.com\/wp-content\/uploads\/2023\/07\/NOe-HLT-RETZ-TOURISMUSSCHULEN-C-DAVID-SCHREYER-Bild-4-700x552.jpg 700w, https:\/\/maul-architekten.com\/wp-content\/uploads\/2023\/07\/NOe-HLT-RETZ-TOURISMUSSCHULEN-C-DAVID-SCHREYER-Bild-4-768x606.jpg 768w, https:\/\/maul-architekten.com\/wp-content\/uploads\/2023\/07\/NOe-HLT-RETZ-TOURISMUSSCHULEN-C-DAVID-SCHREYER-Bild-4-192x151.jpg 192w\" sizes=\"auto, (max-width: 1440px) 100vw, 1440px\" \/><\/li>\n                <li style=\"display: none; width: 100%;\" class=\"slide-2544 ms-image \" aria-roledescription=\"slide\" data-date=\"2022-10-16 16:15:28\" data-filename=\"220909-36_retz_tourismusschule_schreyerdavid.jpg\" data-slide-type=\"image\"><img loading=\"lazy\" decoding=\"async\" width=\"1440\" height=\"906\" src=\"https:\/\/maul-architekten.com\/wp-content\/uploads\/2023\/03\/220909-36_retz_tourismusschule_schreyerdavid.jpg\" class=\"slider-2236 slide-2544 msDefaultImage\" alt=\"\" rel=\"\" title=\"\" style=\"margin-top: 1.8916666666667%\" srcset=\"https:\/\/maul-architekten.com\/wp-content\/uploads\/2023\/03\/220909-36_retz_tourismusschule_schreyerdavid.jpg 1440w, https:\/\/maul-architekten.com\/wp-content\/uploads\/2023\/03\/220909-36_retz_tourismusschule_schreyerdavid-300x189.jpg 300w, https:\/\/maul-architekten.com\/wp-content\/uploads\/2023\/03\/220909-36_retz_tourismusschule_schreyerdavid-700x440.jpg 700w, https:\/\/maul-architekten.com\/wp-content\/uploads\/2023\/03\/220909-36_retz_tourismusschule_schreyerdavid-768x483.jpg 768w, https:\/\/maul-architekten.com\/wp-content\/uploads\/2023\/03\/220909-36_retz_tourismusschule_schreyerdavid-192x121.jpg 192w\" sizes=\"auto, (max-width: 1440px) 100vw, 1440px\" \/><\/li>\n                <li style=\"display: none; width: 100%;\" class=\"slide-2768 ms-image \" aria-roledescription=\"slide\" data-date=\"2023-07-12 15:44:08\" data-filename=\"NOe-HLT-RETZ-TOURISMUSSCHULEN-C-DAVID-SCHREYER-Bild-6.jpg\" data-slide-type=\"image\"><img loading=\"lazy\" decoding=\"async\" width=\"1440\" height=\"1136\" src=\"https:\/\/maul-architekten.com\/wp-content\/uploads\/2023\/07\/NOe-HLT-RETZ-TOURISMUSSCHULEN-C-DAVID-SCHREYER-Bild-6.jpg\" class=\"slider-2236 slide-2768 msDefaultImage\" alt=\"\" rel=\"\" title=\"\" style=\"margin: 0 auto; width: 84.549295774648%\" srcset=\"https:\/\/maul-architekten.com\/wp-content\/uploads\/2023\/07\/NOe-HLT-RETZ-TOURISMUSSCHULEN-C-DAVID-SCHREYER-Bild-6.jpg 1440w, https:\/\/maul-architekten.com\/wp-content\/uploads\/2023\/07\/NOe-HLT-RETZ-TOURISMUSSCHULEN-C-DAVID-SCHREYER-Bild-6-300x237.jpg 300w, https:\/\/maul-architekten.com\/wp-content\/uploads\/2023\/07\/NOe-HLT-RETZ-TOURISMUSSCHULEN-C-DAVID-SCHREYER-Bild-6-700x552.jpg 700w, https:\/\/maul-architekten.com\/wp-content\/uploads\/2023\/07\/NOe-HLT-RETZ-TOURISMUSSCHULEN-C-DAVID-SCHREYER-Bild-6-768x606.jpg 768w, https:\/\/maul-architekten.com\/wp-content\/uploads\/2023\/07\/NOe-HLT-RETZ-TOURISMUSSCHULEN-C-DAVID-SCHREYER-Bild-6-192x151.jpg 192w\" sizes=\"auto, (max-width: 1440px) 100vw, 1440px\" \/><\/li>\n                <li style=\"display: none; width: 100%;\" class=\"slide-2240 ms-image \" aria-roledescription=\"slide\" data-date=\"2022-06-30 16:40:00\" data-filename=\"NOe-HLT-RETZ-TOURISMUSSCHULEN-C-DAVID-SCHREYER-Bild-7.jpg\" data-slide-type=\"image\"><img loading=\"lazy\" decoding=\"async\" width=\"1136\" height=\"1440\" src=\"https:\/\/maul-architekten.com\/wp-content\/uploads\/2023\/07\/NOe-HLT-RETZ-TOURISMUSSCHULEN-C-DAVID-SCHREYER-Bild-7.jpg\" class=\"slider-2236 slide-2240 msDefaultImage\" alt=\"\" rel=\"\" title=\"\" style=\"margin: 0 auto; width: 52.618888888889%\" srcset=\"https:\/\/maul-architekten.com\/wp-content\/uploads\/2023\/07\/NOe-HLT-RETZ-TOURISMUSSCHULEN-C-DAVID-SCHREYER-Bild-7.jpg 1136w, https:\/\/maul-architekten.com\/wp-content\/uploads\/2023\/07\/NOe-HLT-RETZ-TOURISMUSSCHULEN-C-DAVID-SCHREYER-Bild-7-237x300.jpg 237w, https:\/\/maul-architekten.com\/wp-content\/uploads\/2023\/07\/NOe-HLT-RETZ-TOURISMUSSCHULEN-C-DAVID-SCHREYER-Bild-7-700x887.jpg 700w, https:\/\/maul-architekten.com\/wp-content\/uploads\/2023\/07\/NOe-HLT-RETZ-TOURISMUSSCHULEN-C-DAVID-SCHREYER-Bild-7-768x974.jpg 768w, https:\/\/maul-architekten.com\/wp-content\/uploads\/2023\/07\/NOe-HLT-RETZ-TOURISMUSSCHULEN-C-DAVID-SCHREYER-Bild-7-151x192.jpg 151w\" sizes=\"auto, (max-width: 1136px) 100vw, 1136px\" \/><\/li>\n                <li style=\"display: none; width: 100%;\" class=\"slide-2242 ms-image \" aria-roledescription=\"slide\" data-date=\"2022-06-30 16:40:36\" data-filename=\"220909-161_retz_tourismusschule_schreyerdavid.jpg\" data-slide-type=\"image\"><img loading=\"lazy\" decoding=\"async\" width=\"1440\" height=\"906\" src=\"https:\/\/maul-architekten.com\/wp-content\/uploads\/2022\/10\/220909-161_retz_tourismusschule_schreyerdavid.jpg\" class=\"slider-2236 slide-2242 msDefaultImage\" alt=\"\" rel=\"\" title=\"\" style=\"margin-top: 1.8916666666667%\" srcset=\"https:\/\/maul-architekten.com\/wp-content\/uploads\/2022\/10\/220909-161_retz_tourismusschule_schreyerdavid.jpg 1440w, https:\/\/maul-architekten.com\/wp-content\/uploads\/2022\/10\/220909-161_retz_tourismusschule_schreyerdavid-300x189.jpg 300w, https:\/\/maul-architekten.com\/wp-content\/uploads\/2022\/10\/220909-161_retz_tourismusschule_schreyerdavid-700x440.jpg 700w, https:\/\/maul-architekten.com\/wp-content\/uploads\/2022\/10\/220909-161_retz_tourismusschule_schreyerdavid-768x483.jpg 768w, https:\/\/maul-architekten.com\/wp-content\/uploads\/2022\/10\/220909-161_retz_tourismusschule_schreyerdavid-192x121.jpg 192w\" sizes=\"auto, (max-width: 1440px) 100vw, 1440px\" \/><\/li>\n                <li style=\"display: none; width: 100%;\" class=\"slide-2250 ms-image \" aria-roledescription=\"slide\" data-date=\"2022-06-30 16:42:50\" data-filename=\"220909-165_retz_tourismusschule_schreyerdavid.jpg\" data-slide-type=\"image\"><img loading=\"lazy\" decoding=\"async\" width=\"1440\" height=\"906\" src=\"https:\/\/maul-architekten.com\/wp-content\/uploads\/2022\/10\/220909-165_retz_tourismusschule_schreyerdavid.jpg\" class=\"slider-2236 slide-2250 msDefaultImage\" alt=\"\" rel=\"\" title=\"\" style=\"margin-top: 1.8916666666667%\" srcset=\"https:\/\/maul-architekten.com\/wp-content\/uploads\/2022\/10\/220909-165_retz_tourismusschule_schreyerdavid.jpg 1440w, https:\/\/maul-architekten.com\/wp-content\/uploads\/2022\/10\/220909-165_retz_tourismusschule_schreyerdavid-300x189.jpg 300w, https:\/\/maul-architekten.com\/wp-content\/uploads\/2022\/10\/220909-165_retz_tourismusschule_schreyerdavid-700x440.jpg 700w, https:\/\/maul-architekten.com\/wp-content\/uploads\/2022\/10\/220909-165_retz_tourismusschule_schreyerdavid-768x483.jpg 768w, https:\/\/maul-architekten.com\/wp-content\/uploads\/2022\/10\/220909-165_retz_tourismusschule_schreyerdavid-192x121.jpg 192w\" sizes=\"auto, (max-width: 1440px) 100vw, 1440px\" \/><\/li>\n                <li style=\"display: none; width: 100%;\" class=\"slide-2244 ms-image \" aria-roledescription=\"slide\" data-date=\"2022-06-30 16:41:10\" data-filename=\"220909-122_retz_tourismusschule_schreyerdavid.jpg\" data-slide-type=\"image\"><img loading=\"lazy\" decoding=\"async\" width=\"1440\" height=\"906\" src=\"https:\/\/maul-architekten.com\/wp-content\/uploads\/2022\/10\/220909-122_retz_tourismusschule_schreyerdavid.jpg\" class=\"slider-2236 slide-2244 msDefaultImage\" alt=\"\" rel=\"\" title=\"\" style=\"margin-top: 1.8916666666667%\" srcset=\"https:\/\/maul-architekten.com\/wp-content\/uploads\/2022\/10\/220909-122_retz_tourismusschule_schreyerdavid.jpg 1440w, https:\/\/maul-architekten.com\/wp-content\/uploads\/2022\/10\/220909-122_retz_tourismusschule_schreyerdavid-300x189.jpg 300w, https:\/\/maul-architekten.com\/wp-content\/uploads\/2022\/10\/220909-122_retz_tourismusschule_schreyerdavid-700x440.jpg 700w, https:\/\/maul-architekten.com\/wp-content\/uploads\/2022\/10\/220909-122_retz_tourismusschule_schreyerdavid-768x483.jpg 768w, https:\/\/maul-architekten.com\/wp-content\/uploads\/2022\/10\/220909-122_retz_tourismusschule_schreyerdavid-192x121.jpg 192w\" sizes=\"auto, (max-width: 1440px) 100vw, 1440px\" \/><\/li>\n                <li style=\"display: none; width: 100%;\" class=\"slide-2252 ms-image \" aria-roledescription=\"slide\" data-date=\"2022-06-30 16:43:27\" data-filename=\"220909-127_retz_tourismusschule_schreyerdavid.jpg\" data-slide-type=\"image\"><img loading=\"lazy\" decoding=\"async\" width=\"1440\" height=\"906\" src=\"https:\/\/maul-architekten.com\/wp-content\/uploads\/2022\/10\/220909-127_retz_tourismusschule_schreyerdavid.jpg\" class=\"slider-2236 slide-2252 msDefaultImage\" alt=\"\" rel=\"\" title=\"\" style=\"margin-top: 1.8916666666667%\" srcset=\"https:\/\/maul-architekten.com\/wp-content\/uploads\/2022\/10\/220909-127_retz_tourismusschule_schreyerdavid.jpg 1440w, https:\/\/maul-architekten.com\/wp-content\/uploads\/2022\/10\/220909-127_retz_tourismusschule_schreyerdavid-300x189.jpg 300w, https:\/\/maul-architekten.com\/wp-content\/uploads\/2022\/10\/220909-127_retz_tourismusschule_schreyerdavid-700x440.jpg 700w, https:\/\/maul-architekten.com\/wp-content\/uploads\/2022\/10\/220909-127_retz_tourismusschule_schreyerdavid-768x483.jpg 768w, https:\/\/maul-architekten.com\/wp-content\/uploads\/2022\/10\/220909-127_retz_tourismusschule_schreyerdavid-192x121.jpg 192w\" sizes=\"auto, (max-width: 1440px) 100vw, 1440px\" \/><\/li>\n                <li style=\"display: none; width: 100%;\" class=\"slide-2256 ms-image \" aria-roledescription=\"slide\" data-date=\"2022-06-30 16:44:30\" data-filename=\"220909-178_retz_tourismusschule_schreyerdavid.jpg\" data-slide-type=\"image\"><img loading=\"lazy\" decoding=\"async\" width=\"1440\" height=\"1136\" src=\"https:\/\/maul-architekten.com\/wp-content\/uploads\/2022\/10\/220909-178_retz_tourismusschule_schreyerdavid.jpg\" class=\"slider-2236 slide-2256 msDefaultImage\" alt=\"\" rel=\"\" title=\"\" style=\"margin: 0 auto; width: 84.549295774648%\" srcset=\"https:\/\/maul-architekten.com\/wp-content\/uploads\/2022\/10\/220909-178_retz_tourismusschule_schreyerdavid.jpg 1440w, https:\/\/maul-architekten.com\/wp-content\/uploads\/2022\/10\/220909-178_retz_tourismusschule_schreyerdavid-300x237.jpg 300w, https:\/\/maul-architekten.com\/wp-content\/uploads\/2022\/10\/220909-178_retz_tourismusschule_schreyerdavid-700x552.jpg 700w, https:\/\/maul-architekten.com\/wp-content\/uploads\/2022\/10\/220909-178_retz_tourismusschule_schreyerdavid-768x606.jpg 768w, https:\/\/maul-architekten.com\/wp-content\/uploads\/2022\/10\/220909-178_retz_tourismusschule_schreyerdavid-192x151.jpg 192w\" sizes=\"auto, (max-width: 1440px) 100vw, 1440px\" \/><\/li>\n                <li style=\"display: none; width: 100%;\" class=\"slide-2246 ms-image \" aria-roledescription=\"slide\" data-date=\"2022-06-30 16:41:46\" data-filename=\"220909-154_retz_tourismusschule_schreyerdavid.jpg\" data-slide-type=\"image\"><img loading=\"lazy\" decoding=\"async\" width=\"1136\" height=\"1440\" src=\"https:\/\/maul-architekten.com\/wp-content\/uploads\/2022\/10\/220909-154_retz_tourismusschule_schreyerdavid.jpg\" class=\"slider-2236 slide-2246 msDefaultImage\" alt=\"\" rel=\"\" title=\"\" style=\"margin: 0 auto; width: 52.618888888889%\" srcset=\"https:\/\/maul-architekten.com\/wp-content\/uploads\/2022\/10\/220909-154_retz_tourismusschule_schreyerdavid.jpg 1136w, https:\/\/maul-architekten.com\/wp-content\/uploads\/2022\/10\/220909-154_retz_tourismusschule_schreyerdavid-237x300.jpg 237w, https:\/\/maul-architekten.com\/wp-content\/uploads\/2022\/10\/220909-154_retz_tourismusschule_schreyerdavid-700x887.jpg 700w, https:\/\/maul-architekten.com\/wp-content\/uploads\/2022\/10\/220909-154_retz_tourismusschule_schreyerdavid-768x974.jpg 768w, https:\/\/maul-architekten.com\/wp-content\/uploads\/2022\/10\/220909-154_retz_tourismusschule_schreyerdavid-151x192.jpg 151w\" sizes=\"auto, (max-width: 1136px) 100vw, 1136px\" \/><\/li>\n                <li style=\"display: none; width: 100%;\" class=\"slide-2764 ms-image \" aria-roledescription=\"slide\" data-date=\"2023-07-12 15:41:17\" data-filename=\"NOe-HLT-RETZ-TOURISMUSSCHULEN-C-DAVID-SCHREYER-Bild-17.jpg\" data-slide-type=\"image\"><img loading=\"lazy\" decoding=\"async\" width=\"1440\" height=\"906\" src=\"https:\/\/maul-architekten.com\/wp-content\/uploads\/2023\/07\/NOe-HLT-RETZ-TOURISMUSSCHULEN-C-DAVID-SCHREYER-Bild-17.jpg\" class=\"slider-2236 slide-2764 msDefaultImage\" alt=\"\" rel=\"\" title=\"\" style=\"margin-top: 1.8916666666667%\" srcset=\"https:\/\/maul-architekten.com\/wp-content\/uploads\/2023\/07\/NOe-HLT-RETZ-TOURISMUSSCHULEN-C-DAVID-SCHREYER-Bild-17.jpg 1440w, https:\/\/maul-architekten.com\/wp-content\/uploads\/2023\/07\/NOe-HLT-RETZ-TOURISMUSSCHULEN-C-DAVID-SCHREYER-Bild-17-300x189.jpg 300w, https:\/\/maul-architekten.com\/wp-content\/uploads\/2023\/07\/NOe-HLT-RETZ-TOURISMUSSCHULEN-C-DAVID-SCHREYER-Bild-17-700x440.jpg 700w, https:\/\/maul-architekten.com\/wp-content\/uploads\/2023\/07\/NOe-HLT-RETZ-TOURISMUSSCHULEN-C-DAVID-SCHREYER-Bild-17-768x483.jpg 768w, https:\/\/maul-architekten.com\/wp-content\/uploads\/2023\/07\/NOe-HLT-RETZ-TOURISMUSSCHULEN-C-DAVID-SCHREYER-Bild-17-192x121.jpg 192w\" sizes=\"auto, (max-width: 1440px) 100vw, 1440px\" \/><\/li>\n                <li style=\"display: none; width: 100%;\" class=\"slide-2248 ms-image \" aria-roledescription=\"slide\" data-date=\"2022-06-30 16:42:19\" data-filename=\"220909-123_retz_tourismusschule_schreyerdavid.jpg\" data-slide-type=\"image\"><img loading=\"lazy\" decoding=\"async\" width=\"1440\" height=\"1136\" src=\"https:\/\/maul-architekten.com\/wp-content\/uploads\/2022\/10\/220909-123_retz_tourismusschule_schreyerdavid.jpg\" class=\"slider-2236 slide-2248 msDefaultImage\" alt=\"\" rel=\"\" title=\"\" style=\"margin: 0 auto; width: 84.549295774648%\" srcset=\"https:\/\/maul-architekten.com\/wp-content\/uploads\/2022\/10\/220909-123_retz_tourismusschule_schreyerdavid.jpg 1440w, https:\/\/maul-architekten.com\/wp-content\/uploads\/2022\/10\/220909-123_retz_tourismusschule_schreyerdavid-300x237.jpg 300w, https:\/\/maul-architekten.com\/wp-content\/uploads\/2022\/10\/220909-123_retz_tourismusschule_schreyerdavid-700x552.jpg 700w, https:\/\/maul-architekten.com\/wp-content\/uploads\/2022\/10\/220909-123_retz_tourismusschule_schreyerdavid-768x606.jpg 768w, https:\/\/maul-architekten.com\/wp-content\/uploads\/2022\/10\/220909-123_retz_tourismusschule_schreyerdavid-192x151.jpg 192w\" sizes=\"auto, (max-width: 1440px) 100vw, 1440px\" \/><\/li>\n                <li style=\"display: none; width: 100%;\" class=\"slide-2285 ms-image \" aria-roledescription=\"slide\" data-date=\"2022-06-30 17:05:05\" data-filename=\"017-homepage-e0.jpg\" data-slide-type=\"image\"><img loading=\"lazy\" decoding=\"async\" width=\"1000\" height=\"667\" src=\"https:\/\/maul-architekten.com\/wp-content\/uploads\/2022\/07\/017-homepage-e0.jpg\" class=\"slider-2236 slide-2285 msDefaultImage\" alt=\"\" rel=\"\" title=\"\" style=\"margin: 0 auto; width: 100%\" srcset=\"https:\/\/maul-architekten.com\/wp-content\/uploads\/2022\/07\/017-homepage-e0.jpg 1000w, https:\/\/maul-architekten.com\/wp-content\/uploads\/2022\/07\/017-homepage-e0-300x200.jpg 300w, https:\/\/maul-architekten.com\/wp-content\/uploads\/2022\/07\/017-homepage-e0-700x467.jpg 700w, https:\/\/maul-architekten.com\/wp-content\/uploads\/2022\/07\/017-homepage-e0-768x512.jpg 768w, https:\/\/maul-architekten.com\/wp-content\/uploads\/2022\/07\/017-homepage-e0-192x128.jpg 192w\" sizes=\"auto, (max-width: 1000px) 100vw, 1000px\" \/><\/li>\n                <li style=\"display: none; width: 100%;\" class=\"slide-2287 ms-image \" aria-roledescription=\"slide\" data-date=\"2022-06-30 17:05:40\" data-filename=\"017-homepage-e1.jpg\" data-slide-type=\"image\"><img loading=\"lazy\" decoding=\"async\" width=\"1000\" height=\"667\" src=\"https:\/\/maul-architekten.com\/wp-content\/uploads\/2022\/07\/017-homepage-e1.jpg\" class=\"slider-2236 slide-2287 msDefaultImage\" alt=\"\" rel=\"\" title=\"\" style=\"margin: 0 auto; width: 100%\" srcset=\"https:\/\/maul-architekten.com\/wp-content\/uploads\/2022\/07\/017-homepage-e1.jpg 1000w, https:\/\/maul-architekten.com\/wp-content\/uploads\/2022\/07\/017-homepage-e1-300x200.jpg 300w, https:\/\/maul-architekten.com\/wp-content\/uploads\/2022\/07\/017-homepage-e1-700x467.jpg 700w, https:\/\/maul-architekten.com\/wp-content\/uploads\/2022\/07\/017-homepage-e1-768x512.jpg 768w, https:\/\/maul-architekten.com\/wp-content\/uploads\/2022\/07\/017-homepage-e1-192x128.jpg 192w\" sizes=\"auto, (max-width: 1000px) 100vw, 1000px\" \/><\/li>\n                <li style=\"display: none; width: 100%;\" class=\"slide-2289 ms-image \" aria-roledescription=\"slide\" data-date=\"2022-06-30 17:06:16\" data-filename=\"017-homepage-u1.jpg\" data-slide-type=\"image\"><img loading=\"lazy\" decoding=\"async\" width=\"1000\" height=\"667\" src=\"https:\/\/maul-architekten.com\/wp-content\/uploads\/2022\/07\/017-homepage-u1.jpg\" class=\"slider-2236 slide-2289 msDefaultImage\" alt=\"\" rel=\"\" title=\"\" style=\"margin: 0 auto; width: 100%\" srcset=\"https:\/\/maul-architekten.com\/wp-content\/uploads\/2022\/07\/017-homepage-u1.jpg 1000w, https:\/\/maul-architekten.com\/wp-content\/uploads\/2022\/07\/017-homepage-u1-300x200.jpg 300w, https:\/\/maul-architekten.com\/wp-content\/uploads\/2022\/07\/017-homepage-u1-700x467.jpg 700w, https:\/\/maul-architekten.com\/wp-content\/uploads\/2022\/07\/017-homepage-u1-768x512.jpg 768w, https:\/\/maul-architekten.com\/wp-content\/uploads\/2022\/07\/017-homepage-u1-192x128.jpg 192w\" sizes=\"auto, (max-width: 1000px) 100vw, 1000px\" \/><\/li>\n                <li style=\"display: none; width: 100%;\" class=\"slide-2291 ms-image \" aria-roledescription=\"slide\" data-date=\"2022-06-30 17:06:36\" data-filename=\"017-homepage-schnitt-2-scaled.jpg\" data-slide-type=\"image\"><img loading=\"lazy\" decoding=\"async\" width=\"2560\" height=\"1708\" src=\"https:\/\/maul-architekten.com\/wp-content\/uploads\/2022\/07\/017-homepage-schnitt-2-scaled.jpg\" class=\"slider-2236 slide-2291 msDefaultImage\" alt=\"\" rel=\"\" title=\"\" style=\"margin: 0 auto; width: 99.971896955504%\" srcset=\"https:\/\/maul-architekten.com\/wp-content\/uploads\/2022\/07\/017-homepage-schnitt-2-scaled.jpg 2560w, https:\/\/maul-architekten.com\/wp-content\/uploads\/2022\/07\/017-homepage-schnitt-2-300x200.jpg 300w, https:\/\/maul-architekten.com\/wp-content\/uploads\/2022\/07\/017-homepage-schnitt-2-700x467.jpg 700w, https:\/\/maul-architekten.com\/wp-content\/uploads\/2022\/07\/017-homepage-schnitt-2-768x512.jpg 768w, https:\/\/maul-architekten.com\/wp-content\/uploads\/2022\/07\/017-homepage-schnitt-2-1536x1025.jpg 1536w, https:\/\/maul-architekten.com\/wp-content\/uploads\/2022\/07\/017-homepage-schnitt-2-2048x1366.jpg 2048w, https:\/\/maul-architekten.com\/wp-content\/uploads\/2022\/07\/017-homepage-schnitt-2-192x128.jpg 192w\" sizes=\"auto, (max-width: 2560px) 100vw, 2560px\" \/><\/li>\n                <li style=\"display: none; width: 100%;\" class=\"slide-2293 ms-image \" aria-roledescription=\"slide\" data-date=\"2022-06-30 17:06:59\" data-filename=\"017-homepage-schnitt-a-scaled.jpg\" data-slide-type=\"image\"><img loading=\"lazy\" decoding=\"async\" width=\"2560\" height=\"1708\" src=\"https:\/\/maul-architekten.com\/wp-content\/uploads\/2022\/07\/017-homepage-schnitt-a-scaled.jpg\" class=\"slider-2236 slide-2293 msDefaultImage\" alt=\"\" rel=\"\" title=\"\" style=\"margin: 0 auto; width: 99.971896955504%\" srcset=\"https:\/\/maul-architekten.com\/wp-content\/uploads\/2022\/07\/017-homepage-schnitt-a-scaled.jpg 2560w, https:\/\/maul-architekten.com\/wp-content\/uploads\/2022\/07\/017-homepage-schnitt-a-300x200.jpg 300w, https:\/\/maul-architekten.com\/wp-content\/uploads\/2022\/07\/017-homepage-schnitt-a-700x467.jpg 700w, https:\/\/maul-architekten.com\/wp-content\/uploads\/2022\/07\/017-homepage-schnitt-a-768x512.jpg 768w, https:\/\/maul-architekten.com\/wp-content\/uploads\/2022\/07\/017-homepage-schnitt-a-1536x1025.jpg 1536w, https:\/\/maul-architekten.com\/wp-content\/uploads\/2022\/07\/017-homepage-schnitt-a-2048x1366.jpg 2048w, https:\/\/maul-architekten.com\/wp-content\/uploads\/2022\/07\/017-homepage-schnitt-a-192x128.jpg 192w\" sizes=\"auto, (max-width: 2560px) 100vw, 2560px\" \/><\/li>\n                <li style=\"display: none; width: 100%;\" class=\"slide-2295 ms-image \" aria-roledescription=\"slide\" data-date=\"2022-06-30 17:07:19\" data-filename=\"017-homepage-schnitt-b.jpg\" data-slide-type=\"image\"><img loading=\"lazy\" decoding=\"async\" width=\"1000\" height=\"667\" src=\"https:\/\/maul-architekten.com\/wp-content\/uploads\/2022\/07\/017-homepage-schnitt-b.jpg\" class=\"slider-2236 slide-2295 msDefaultImage\" alt=\"\" rel=\"\" title=\"\" style=\"margin: 0 auto; width: 100%\" srcset=\"https:\/\/maul-architekten.com\/wp-content\/uploads\/2022\/07\/017-homepage-schnitt-b.jpg 1000w, https:\/\/maul-architekten.com\/wp-content\/uploads\/2022\/07\/017-homepage-schnitt-b-300x200.jpg 300w, https:\/\/maul-architekten.com\/wp-content\/uploads\/2022\/07\/017-homepage-schnitt-b-700x467.jpg 700w, https:\/\/maul-architekten.com\/wp-content\/uploads\/2022\/07\/017-homepage-schnitt-b-768x512.jpg 768w, https:\/\/maul-architekten.com\/wp-content\/uploads\/2022\/07\/017-homepage-schnitt-b-192x128.jpg 192w\" sizes=\"auto, (max-width: 1000px) 100vw, 1000px\" \/><\/li>\n            <\/ul>\n        <\/div>\n        \n    <\/div>\n<\/div>\n\n\n\n<p><\/p>\n\n\n\n<p><strong>HLT Tourismusschulen &#8211; Retz, N\u00d6<\/strong><\/p>\n\n\n\n<p>Preistr\u00e4ger  <a rel=\"noreferrer noopener\" href=\"https:\/\/bigsee.eu\/hlt-retz-tourism-school\/\" target=\"_blank\">BIG SEE WOOD DESIGN AWARD 2023<\/a><br>Nominierung  <a rel=\"noreferrer noopener\" href=\"https:\/\/zv-architekten.at\/bauherrenpreis\/bauherrenpreis-2023\/bauherrenpreis-2023_nominierungen\" target=\"_blank\">BAUHERINNENPREIS 2023<\/a><br>Anerkennung <a rel=\"noreferrer noopener\" href=\"https:\/\/www.holzbaupreis-noe.at\/die-besten\/bauten\/hlt-retz-tourismusschulen\" target=\"_blank\">N\u00d6 Holzbaupreis 2023, Kategorie \u00f6ffentliche Geb\u00e4ude<\/a> <br>Anerkennung <a rel=\"noreferrer noopener\" href=\"https:\/\/holzbaupreis-kaernten.at\/portfolio\/hlt-retz-tourismusschulen\/?portfolioCats=68%2C67%2C66%2C65\" target=\"_blank\">K\u00e4rntner Holzbaupreis 2023, Kategorie Export<\/a> <br><\/p>\n\n\n\n<p><\/p>\n\n\n\n<p>EU-weit offener Realisierungswettbewerb 2018&nbsp; |&nbsp; 1. Preis<\/p>\n\n\n\n<p>Das in den 70 er Jahren des vergangenen Jahrhunderts erbaute Bestandsgeb\u00e4ude \u2013 die ehemalige HAK &#8211; wird im Nord-Osten um ein Hofgeb\u00e4ude erweitert. Der Neubau wird barrierefrei erschlossen und l\u00f6st mit einem zwischen geschalteten Stiegenhauskern geschickt die Split-Level-Anbindung an den Altbau.<\/p>\n\n\n\n<p>Die Beibehaltung des Charakters des Altbaus im Kontrast zum Neubau l\u00e4sst die Entwicklung des Geb\u00e4udekomplexes in seinem heterogenen Umfeld ablesbar bleiben. Halbgeschossig versetzt werden \u00fcber das neu geschaffene, offene Stiegenhaus die einzelnen Ebenen von Bestand und Neubau mit Blick in die zentrale Halle verbunden. Im Erdgeschoss des Neubaus nebst dem Hauptzugang finden sich die Lehrbar sowie die Rezeption wieder. Diese erweitern sich \u00fcber eine Freiterrasse zum Schulvorplatz &#8211; dem Rupert-Rockenbauer Platz &#8211; hin. Die angrenzenden Gruppenr\u00e4ume k\u00f6nnen mit einer mobilen Trennwand zusammengeschalten und mit dem vis-a-vis liegenden Schulrestaurant verbunden werden.<\/p>\n\n\n\n<p>Das Herzst\u00fcck der Fachschule \u2013 das Schulrestaurant \u2013 stellt \u00fcberdies das Verbindungsglied zwischen dem hygienisch abtrennbaren K\u00fcchenbereich und dem Innenhof dar, welcher \u00fcber die umlaufenden Gangfl\u00e4chen sowohl im Obergeschoss als auch im Erdgeschoss erlebbar und f\u00fcr seine Nutzer sp\u00fcrbar wird. Das Obergeschoss beheimatet die 11 Klassenr\u00e4ume in unterschiedlichsten Raumgr\u00f6\u00dfen. Die konzipierten Dachneigungen bleiben auf Grund offener Abhangdecken, wie der konstruktive Holzbau f\u00fcr die Nutzer auch im Inneren erlebbar.<\/p>\n\n\n\n<p>Im Bestand befinden sich auf Grund der geringeren Raumh\u00f6he Nebenzonen \u2013 EDV-Klassen und die zentrale Verwaltung der Schule. In der \u00e4u\u00dferen Formensprache wird klar zwischen dem in Holzbauweise errichteten Neubau und dem thermisch sanierten verputzen Bestandsbauk\u00f6rper unterschieden. Die ortsbildpr\u00e4genden Satteld\u00e4cher in Retz werden aufgegriffen und neu interpretiert.<\/p>\n\n\n\n<p>Der im S\u00fcden entstandene Vorplatz wird durch einen Schulweingarten, welcher nach Beendigung der Bauphase in Kooperation mit der Weinbauschule bewirtschaftet wird, erg\u00e4nzt und betont die Bedeutung der Schule im Weinviertel symbolisch.<\/p>\n\n\n\n<p><span style=\"color: #999999;\">Rendering &nbsp;&nbsp;&nbsp;&nbsp;&nbsp;&nbsp;&nbsp; &nbsp;&nbsp;\u00a9decorated shed | maul-architekten zt gmbh<\/span><br><span style=\"color: #999999;\">Modell&nbsp;&nbsp;&nbsp;&nbsp;&nbsp;&nbsp;&nbsp;&nbsp;&nbsp;&nbsp;&nbsp;&nbsp;&nbsp;&nbsp;&nbsp; &nbsp;mattweiss modellbau<br>Fotos &nbsp;&nbsp;&nbsp;&nbsp;&nbsp;&nbsp;&nbsp;&nbsp;&nbsp;&nbsp;&nbsp;&nbsp;&nbsp;&nbsp; &nbsp;&nbsp; \u00a9David Schreyer | maul-architekten zt gmbh<br><\/span><\/p>\n\n\n\n<p>Planung &nbsp;&nbsp;&nbsp;&nbsp;&nbsp;&nbsp;&nbsp; &nbsp;&nbsp;&nbsp;&nbsp;&nbsp;&nbsp;&nbsp; &nbsp; &nbsp; &nbsp; &nbsp; &nbsp;&nbsp;&nbsp; 2018-2020<br>Bauausf\u00fchrung &nbsp;&nbsp;&nbsp;&nbsp;&nbsp;&nbsp;&nbsp;&nbsp;&nbsp;&nbsp;&nbsp;&nbsp;&nbsp;&nbsp;&nbsp; 2021-2022<\/p>\n\n\n\n<p><\/p>\n\n\n\n<p><\/p>\n\n\n\n<p><\/p>\n\n\n\n<p><\/p>\n","protected":false},"excerpt":{"rendered":"<p>HLT Tourismusschulen &#8211; Retz, N\u00d6 Preistr\u00e4ger BIG SEE WOOD DESIGN AWARD 2023Nominierung BAUHERINNENPREIS 2023Anerkennung N\u00d6 Holzbaupreis 2023, Kategorie \u00f6ffentliche Geb\u00e4ude Anerkennung K\u00e4rntner Holzbaupreis 2023, Kategorie Export EU-weit offener Realisierungswettbewerb 2018&nbsp; |&nbsp; 1. Preis Das in den 70 er Jahren des vergangenen Jahrhunderts erbaute Bestandsgeb\u00e4ude \u2013 die ehemalige HAK &#8211; wird im Nord-Osten um ein Hofgeb\u00e4ude &hellip; <a href=\"https:\/\/maul-architekten.com\/?page_id=739\" class=\"more-link\"><span class=\"screen-reader-text\">HLT Tourismusschulen &#8211; Retz<\/span> weiterlesen<\/a><\/p>\n","protected":false},"author":1,"featured_media":751,"parent":0,"menu_order":0,"comment_status":"closed","ping_status":"closed","template":"","meta":{"footnotes":""},"class_list":["post-739","page","type-page","status-publish","has-post-thumbnail","hentry"],"_links":{"self":[{"href":"https:\/\/maul-architekten.com\/index.php?rest_route=\/wp\/v2\/pages\/739","targetHints":{"allow":["GET"]}}],"collection":[{"href":"https:\/\/maul-architekten.com\/index.php?rest_route=\/wp\/v2\/pages"}],"about":[{"href":"https:\/\/maul-architekten.com\/index.php?rest_route=\/wp\/v2\/types\/page"}],"author":[{"embeddable":true,"href":"https:\/\/maul-architekten.com\/index.php?rest_route=\/wp\/v2\/users\/1"}],"replies":[{"embeddable":true,"href":"https:\/\/maul-architekten.com\/index.php?rest_route=%2Fwp%2Fv2%2Fcomments&post=739"}],"version-history":[{"count":40,"href":"https:\/\/maul-architekten.com\/index.php?rest_route=\/wp\/v2\/pages\/739\/revisions"}],"predecessor-version":[{"id":3065,"href":"https:\/\/maul-architekten.com\/index.php?rest_route=\/wp\/v2\/pages\/739\/revisions\/3065"}],"wp:featuredmedia":[{"embeddable":true,"href":"https:\/\/maul-architekten.com\/index.php?rest_route=\/wp\/v2\/media\/751"}],"wp:attachment":[{"href":"https:\/\/maul-architekten.com\/index.php?rest_route=%2Fwp%2Fv2%2Fmedia&parent=739"}],"curies":[{"name":"wp","href":"https:\/\/api.w.org\/{rel}","templated":true}]}}