{"id":55,"date":"2017-10-23T17:47:18","date_gmt":"2017-10-23T15:47:18","guid":{"rendered":"http:\/\/maul-architekten.com\/?page_id=55"},"modified":"2023-07-12T15:04:43","modified_gmt":"2023-07-12T13:04:43","slug":"via-donau-verwaltungsgebaeude","status":"publish","type":"page","link":"https:\/\/maul-architekten.com\/?page_id=55","title":{"rendered":"via donau Verwaltungsgeb\u00e4ude \u2013 Aschach an der Donau, O\u00d6"},"content":{"rendered":"<div id=\"metaslider-id-771\" style=\"max-width: 1000px;\" class=\"ml-slider-3-108-0 metaslider metaslider-flex metaslider-771 ml-slider ms-theme-default nav-hidden\" role=\"region\" aria-label=\"via donau - fertig\" data-height=\"667\" data-width=\"1000\">\n    <div id=\"metaslider_container_771\">\n        <div id=\"metaslider_771\">\n            <ul class='slides'>\n                <li style=\"display: block; width: 100%;\" class=\"slide-878 ms-image \" aria-roledescription=\"slide\" data-date=\"2018-09-17 14:03:34\" data-filename=\"VIA_DONAU_02082018_web_Lukas_Maul-17.jpg\" data-slide-type=\"image\"><img loading=\"lazy\" decoding=\"async\" width=\"1000\" height=\"667\" src=\"https:\/\/maul-architekten.com\/wp-content\/uploads\/2018\/09\/VIA_DONAU_02082018_web_Lukas_Maul-17.jpg\" class=\"slider-771 slide-878 msDefaultImage\" alt=\"\" rel=\"\" title=\"\" style=\"margin: 0 auto; width: 100%\" srcset=\"https:\/\/maul-architekten.com\/wp-content\/uploads\/2018\/09\/VIA_DONAU_02082018_web_Lukas_Maul-17.jpg 1000w, https:\/\/maul-architekten.com\/wp-content\/uploads\/2018\/09\/VIA_DONAU_02082018_web_Lukas_Maul-17-300x200.jpg 300w, https:\/\/maul-architekten.com\/wp-content\/uploads\/2018\/09\/VIA_DONAU_02082018_web_Lukas_Maul-17-768x512.jpg 768w, https:\/\/maul-architekten.com\/wp-content\/uploads\/2018\/09\/VIA_DONAU_02082018_web_Lukas_Maul-17-700x467.jpg 700w, https:\/\/maul-architekten.com\/wp-content\/uploads\/2018\/09\/VIA_DONAU_02082018_web_Lukas_Maul-17-192x128.jpg 192w\" sizes=\"auto, (max-width: 1000px) 100vw, 1000px\" \/><\/li>\n                <li style=\"display: none; width: 100%;\" class=\"slide-862 ms-image \" aria-roledescription=\"slide\" data-date=\"2018-09-17 14:01:27\" data-filename=\"VIA_DONAU_02082018_web_Lukas_Maul-1.jpg\" data-slide-type=\"image\"><img loading=\"lazy\" decoding=\"async\" width=\"1000\" height=\"667\" src=\"https:\/\/maul-architekten.com\/wp-content\/uploads\/2018\/09\/VIA_DONAU_02082018_web_Lukas_Maul-1.jpg\" class=\"slider-771 slide-862 msDefaultImage\" alt=\"\" rel=\"\" title=\"\" style=\"margin: 0 auto; width: 100%\" srcset=\"https:\/\/maul-architekten.com\/wp-content\/uploads\/2018\/09\/VIA_DONAU_02082018_web_Lukas_Maul-1.jpg 1000w, https:\/\/maul-architekten.com\/wp-content\/uploads\/2018\/09\/VIA_DONAU_02082018_web_Lukas_Maul-1-300x200.jpg 300w, https:\/\/maul-architekten.com\/wp-content\/uploads\/2018\/09\/VIA_DONAU_02082018_web_Lukas_Maul-1-768x512.jpg 768w, https:\/\/maul-architekten.com\/wp-content\/uploads\/2018\/09\/VIA_DONAU_02082018_web_Lukas_Maul-1-700x467.jpg 700w, https:\/\/maul-architekten.com\/wp-content\/uploads\/2018\/09\/VIA_DONAU_02082018_web_Lukas_Maul-1-192x128.jpg 192w\" sizes=\"auto, (max-width: 1000px) 100vw, 1000px\" \/><\/li>\n                <li style=\"display: none; width: 100%;\" class=\"slide-876 ms-image \" aria-roledescription=\"slide\" data-date=\"2018-09-17 14:03:13\" data-filename=\"VIA_DONAU_02082018_web_Lukas_Maul-11.jpg\" data-slide-type=\"image\"><img loading=\"lazy\" decoding=\"async\" width=\"1000\" height=\"667\" src=\"https:\/\/maul-architekten.com\/wp-content\/uploads\/2018\/09\/VIA_DONAU_02082018_web_Lukas_Maul-11.jpg\" class=\"slider-771 slide-876 msDefaultImage\" alt=\"\" rel=\"\" title=\"\" style=\"margin: 0 auto; width: 100%\" srcset=\"https:\/\/maul-architekten.com\/wp-content\/uploads\/2018\/09\/VIA_DONAU_02082018_web_Lukas_Maul-11.jpg 1000w, https:\/\/maul-architekten.com\/wp-content\/uploads\/2018\/09\/VIA_DONAU_02082018_web_Lukas_Maul-11-300x200.jpg 300w, https:\/\/maul-architekten.com\/wp-content\/uploads\/2018\/09\/VIA_DONAU_02082018_web_Lukas_Maul-11-768x512.jpg 768w, https:\/\/maul-architekten.com\/wp-content\/uploads\/2018\/09\/VIA_DONAU_02082018_web_Lukas_Maul-11-700x467.jpg 700w, https:\/\/maul-architekten.com\/wp-content\/uploads\/2018\/09\/VIA_DONAU_02082018_web_Lukas_Maul-11-192x128.jpg 192w\" sizes=\"auto, (max-width: 1000px) 100vw, 1000px\" \/><\/li>\n                <li style=\"display: none; width: 100%;\" class=\"slide-884 ms-image \" aria-roledescription=\"slide\" data-date=\"2018-09-17 14:04:01\" data-filename=\"VIA_DONAU_02082018_web_Lukas_Maul-28.jpg\" data-slide-type=\"image\"><img loading=\"lazy\" decoding=\"async\" width=\"1000\" height=\"667\" src=\"https:\/\/maul-architekten.com\/wp-content\/uploads\/2018\/09\/VIA_DONAU_02082018_web_Lukas_Maul-28.jpg\" class=\"slider-771 slide-884 msDefaultImage\" alt=\"\" rel=\"\" title=\"\" style=\"margin: 0 auto; width: 100%\" srcset=\"https:\/\/maul-architekten.com\/wp-content\/uploads\/2018\/09\/VIA_DONAU_02082018_web_Lukas_Maul-28.jpg 1000w, https:\/\/maul-architekten.com\/wp-content\/uploads\/2018\/09\/VIA_DONAU_02082018_web_Lukas_Maul-28-300x200.jpg 300w, https:\/\/maul-architekten.com\/wp-content\/uploads\/2018\/09\/VIA_DONAU_02082018_web_Lukas_Maul-28-768x512.jpg 768w, https:\/\/maul-architekten.com\/wp-content\/uploads\/2018\/09\/VIA_DONAU_02082018_web_Lukas_Maul-28-700x467.jpg 700w, https:\/\/maul-architekten.com\/wp-content\/uploads\/2018\/09\/VIA_DONAU_02082018_web_Lukas_Maul-28-192x128.jpg 192w\" sizes=\"auto, (max-width: 1000px) 100vw, 1000px\" \/><\/li>\n                <li style=\"display: none; width: 100%;\" class=\"slide-864 ms-image \" aria-roledescription=\"slide\" data-date=\"2018-09-17 14:01:58\" data-filename=\"VIA_DONAU_02042018_web_Lukas_Maul-24.jpg\" data-slide-type=\"image\"><img loading=\"lazy\" decoding=\"async\" width=\"1000\" height=\"667\" src=\"https:\/\/maul-architekten.com\/wp-content\/uploads\/2018\/09\/VIA_DONAU_02042018_web_Lukas_Maul-24.jpg\" class=\"slider-771 slide-864 msDefaultImage\" alt=\"\" rel=\"\" title=\"\" style=\"margin: 0 auto; width: 100%\" srcset=\"https:\/\/maul-architekten.com\/wp-content\/uploads\/2018\/09\/VIA_DONAU_02042018_web_Lukas_Maul-24.jpg 1000w, https:\/\/maul-architekten.com\/wp-content\/uploads\/2018\/09\/VIA_DONAU_02042018_web_Lukas_Maul-24-300x200.jpg 300w, https:\/\/maul-architekten.com\/wp-content\/uploads\/2018\/09\/VIA_DONAU_02042018_web_Lukas_Maul-24-768x512.jpg 768w, https:\/\/maul-architekten.com\/wp-content\/uploads\/2018\/09\/VIA_DONAU_02042018_web_Lukas_Maul-24-700x467.jpg 700w, https:\/\/maul-architekten.com\/wp-content\/uploads\/2018\/09\/VIA_DONAU_02042018_web_Lukas_Maul-24-192x128.jpg 192w\" sizes=\"auto, (max-width: 1000px) 100vw, 1000px\" \/><\/li>\n                <li style=\"display: none; width: 100%;\" class=\"slide-866 ms-image \" aria-roledescription=\"slide\" data-date=\"2018-09-17 14:02:19\" data-filename=\"VIA_DONAU_02042018_web_Lukas_Maul-29.jpg\" data-slide-type=\"image\"><img loading=\"lazy\" decoding=\"async\" width=\"1000\" height=\"667\" src=\"https:\/\/maul-architekten.com\/wp-content\/uploads\/2018\/09\/VIA_DONAU_02042018_web_Lukas_Maul-29.jpg\" class=\"slider-771 slide-866 msDefaultImage\" alt=\"\" rel=\"\" title=\"\" style=\"margin: 0 auto; width: 100%\" srcset=\"https:\/\/maul-architekten.com\/wp-content\/uploads\/2018\/09\/VIA_DONAU_02042018_web_Lukas_Maul-29.jpg 1000w, https:\/\/maul-architekten.com\/wp-content\/uploads\/2018\/09\/VIA_DONAU_02042018_web_Lukas_Maul-29-300x200.jpg 300w, https:\/\/maul-architekten.com\/wp-content\/uploads\/2018\/09\/VIA_DONAU_02042018_web_Lukas_Maul-29-768x512.jpg 768w, https:\/\/maul-architekten.com\/wp-content\/uploads\/2018\/09\/VIA_DONAU_02042018_web_Lukas_Maul-29-700x467.jpg 700w, https:\/\/maul-architekten.com\/wp-content\/uploads\/2018\/09\/VIA_DONAU_02042018_web_Lukas_Maul-29-192x128.jpg 192w\" sizes=\"auto, (max-width: 1000px) 100vw, 1000px\" \/><\/li>\n                <li style=\"display: none; width: 100%;\" class=\"slide-868 ms-image \" aria-roledescription=\"slide\" data-date=\"2018-09-17 14:02:28\" data-filename=\"VIA_DONAU_02042018_web_Lukas_Maul-30.jpg\" data-slide-type=\"image\"><img loading=\"lazy\" decoding=\"async\" width=\"1000\" height=\"667\" src=\"https:\/\/maul-architekten.com\/wp-content\/uploads\/2018\/09\/VIA_DONAU_02042018_web_Lukas_Maul-30.jpg\" class=\"slider-771 slide-868 msDefaultImage\" alt=\"\" rel=\"\" title=\"\" style=\"margin: 0 auto; width: 100%\" srcset=\"https:\/\/maul-architekten.com\/wp-content\/uploads\/2018\/09\/VIA_DONAU_02042018_web_Lukas_Maul-30.jpg 1000w, https:\/\/maul-architekten.com\/wp-content\/uploads\/2018\/09\/VIA_DONAU_02042018_web_Lukas_Maul-30-300x200.jpg 300w, https:\/\/maul-architekten.com\/wp-content\/uploads\/2018\/09\/VIA_DONAU_02042018_web_Lukas_Maul-30-768x512.jpg 768w, https:\/\/maul-architekten.com\/wp-content\/uploads\/2018\/09\/VIA_DONAU_02042018_web_Lukas_Maul-30-700x467.jpg 700w, https:\/\/maul-architekten.com\/wp-content\/uploads\/2018\/09\/VIA_DONAU_02042018_web_Lukas_Maul-30-192x128.jpg 192w\" sizes=\"auto, (max-width: 1000px) 100vw, 1000px\" \/><\/li>\n                <li style=\"display: none; width: 100%;\" class=\"slide-880 ms-image \" aria-roledescription=\"slide\" data-date=\"2018-09-17 14:03:44\" data-filename=\"VIA_DONAU_02082018_web_Lukas_Maul-22.jpg\" data-slide-type=\"image\"><img loading=\"lazy\" decoding=\"async\" width=\"1000\" height=\"667\" src=\"https:\/\/maul-architekten.com\/wp-content\/uploads\/2018\/09\/VIA_DONAU_02082018_web_Lukas_Maul-22.jpg\" class=\"slider-771 slide-880 msDefaultImage\" alt=\"\" rel=\"\" title=\"\" style=\"margin: 0 auto; width: 100%\" srcset=\"https:\/\/maul-architekten.com\/wp-content\/uploads\/2018\/09\/VIA_DONAU_02082018_web_Lukas_Maul-22.jpg 1000w, https:\/\/maul-architekten.com\/wp-content\/uploads\/2018\/09\/VIA_DONAU_02082018_web_Lukas_Maul-22-300x200.jpg 300w, https:\/\/maul-architekten.com\/wp-content\/uploads\/2018\/09\/VIA_DONAU_02082018_web_Lukas_Maul-22-768x512.jpg 768w, https:\/\/maul-architekten.com\/wp-content\/uploads\/2018\/09\/VIA_DONAU_02082018_web_Lukas_Maul-22-700x467.jpg 700w, https:\/\/maul-architekten.com\/wp-content\/uploads\/2018\/09\/VIA_DONAU_02082018_web_Lukas_Maul-22-192x128.jpg 192w\" sizes=\"auto, (max-width: 1000px) 100vw, 1000px\" \/><\/li>\n                <li style=\"display: none; width: 100%;\" class=\"slide-982 ms-image \" aria-roledescription=\"slide\" data-date=\"2018-10-07 19:24:40\" data-filename=\"VIA_DONAU_02082018_web_Lukas_Maul-23_.jpg\" data-slide-type=\"image\"><img loading=\"lazy\" decoding=\"async\" width=\"1000\" height=\"667\" src=\"https:\/\/maul-architekten.com\/wp-content\/uploads\/2018\/10\/VIA_DONAU_02082018_web_Lukas_Maul-23_.jpg\" class=\"slider-771 slide-982 msDefaultImage\" alt=\"\" rel=\"\" title=\"-23_\" style=\"margin: 0 auto; width: 100%\" srcset=\"https:\/\/maul-architekten.com\/wp-content\/uploads\/2018\/10\/VIA_DONAU_02082018_web_Lukas_Maul-23_.jpg 1000w, https:\/\/maul-architekten.com\/wp-content\/uploads\/2018\/10\/VIA_DONAU_02082018_web_Lukas_Maul-23_-300x200.jpg 300w, https:\/\/maul-architekten.com\/wp-content\/uploads\/2018\/10\/VIA_DONAU_02082018_web_Lukas_Maul-23_-768x512.jpg 768w, https:\/\/maul-architekten.com\/wp-content\/uploads\/2018\/10\/VIA_DONAU_02082018_web_Lukas_Maul-23_-700x467.jpg 700w, https:\/\/maul-architekten.com\/wp-content\/uploads\/2018\/10\/VIA_DONAU_02082018_web_Lukas_Maul-23_-192x128.jpg 192w\" sizes=\"auto, (max-width: 1000px) 100vw, 1000px\" \/><\/li>\n                <li style=\"display: none; width: 100%;\" class=\"slide-886 ms-image \" aria-roledescription=\"slide\" data-date=\"2018-09-17 14:04:09\" data-filename=\"VIA_DONAU_02082018_web_Lukas_Maul-30.jpg\" data-slide-type=\"image\"><img loading=\"lazy\" decoding=\"async\" width=\"1000\" height=\"667\" src=\"https:\/\/maul-architekten.com\/wp-content\/uploads\/2018\/09\/VIA_DONAU_02082018_web_Lukas_Maul-30.jpg\" class=\"slider-771 slide-886 msDefaultImage\" alt=\"\" rel=\"\" title=\"\" style=\"margin: 0 auto; width: 100%\" srcset=\"https:\/\/maul-architekten.com\/wp-content\/uploads\/2018\/09\/VIA_DONAU_02082018_web_Lukas_Maul-30.jpg 1000w, https:\/\/maul-architekten.com\/wp-content\/uploads\/2018\/09\/VIA_DONAU_02082018_web_Lukas_Maul-30-300x200.jpg 300w, https:\/\/maul-architekten.com\/wp-content\/uploads\/2018\/09\/VIA_DONAU_02082018_web_Lukas_Maul-30-768x512.jpg 768w, https:\/\/maul-architekten.com\/wp-content\/uploads\/2018\/09\/VIA_DONAU_02082018_web_Lukas_Maul-30-700x467.jpg 700w, https:\/\/maul-architekten.com\/wp-content\/uploads\/2018\/09\/VIA_DONAU_02082018_web_Lukas_Maul-30-192x128.jpg 192w\" sizes=\"auto, (max-width: 1000px) 100vw, 1000px\" \/><\/li>\n                <li style=\"display: none; width: 100%;\" class=\"slide-798 ms-image \" aria-roledescription=\"slide\" data-date=\"2018-07-16 09:02:32\" data-filename=\"00-lageplan-H.jpg\" data-slide-type=\"image\"><img loading=\"lazy\" decoding=\"async\" width=\"2000\" height=\"1333\" src=\"https:\/\/maul-architekten.com\/wp-content\/uploads\/2018\/02\/00-lageplan-H.jpg\" class=\"slider-771 slide-798 msDefaultImage\" alt=\"\" rel=\"\" title=\"\" style=\"margin-top: 0.025%\" srcset=\"https:\/\/maul-architekten.com\/wp-content\/uploads\/2018\/02\/00-lageplan-H.jpg 2000w, https:\/\/maul-architekten.com\/wp-content\/uploads\/2018\/02\/00-lageplan-H-300x200.jpg 300w, https:\/\/maul-architekten.com\/wp-content\/uploads\/2018\/02\/00-lageplan-H-768x512.jpg 768w, https:\/\/maul-architekten.com\/wp-content\/uploads\/2018\/02\/00-lageplan-H-700x467.jpg 700w, https:\/\/maul-architekten.com\/wp-content\/uploads\/2018\/02\/00-lageplan-H-192x128.jpg 192w\" sizes=\"auto, (max-width: 2000px) 100vw, 2000px\" \/><\/li>\n                <li style=\"display: none; width: 100%;\" class=\"slide-799 ms-image \" aria-roledescription=\"slide\" data-date=\"2018-07-16 09:02:45\" data-filename=\"01-grundriss-H.jpg\" data-slide-type=\"image\"><img loading=\"lazy\" decoding=\"async\" width=\"2000\" height=\"1333\" src=\"https:\/\/maul-architekten.com\/wp-content\/uploads\/2018\/02\/01-grundriss-H.jpg\" class=\"slider-771 slide-799 msDefaultImage\" alt=\"\" rel=\"\" title=\"\" style=\"margin-top: 0.025%\" srcset=\"https:\/\/maul-architekten.com\/wp-content\/uploads\/2018\/02\/01-grundriss-H.jpg 2000w, https:\/\/maul-architekten.com\/wp-content\/uploads\/2018\/02\/01-grundriss-H-300x200.jpg 300w, https:\/\/maul-architekten.com\/wp-content\/uploads\/2018\/02\/01-grundriss-H-768x512.jpg 768w, https:\/\/maul-architekten.com\/wp-content\/uploads\/2018\/02\/01-grundriss-H-700x467.jpg 700w, https:\/\/maul-architekten.com\/wp-content\/uploads\/2018\/02\/01-grundriss-H-192x128.jpg 192w\" sizes=\"auto, (max-width: 2000px) 100vw, 2000px\" \/><\/li>\n                <li style=\"display: none; width: 100%;\" class=\"slide-800 ms-image \" aria-roledescription=\"slide\" data-date=\"2018-07-16 09:02:59\" data-filename=\"03-schnitt-H-1.jpg\" data-slide-type=\"image\"><img loading=\"lazy\" decoding=\"async\" width=\"2000\" height=\"1333\" src=\"https:\/\/maul-architekten.com\/wp-content\/uploads\/2018\/02\/03-schnitt-H-1.jpg\" class=\"slider-771 slide-800 msDefaultImage\" alt=\"\" rel=\"\" title=\"\" style=\"margin-top: 0.025%\" srcset=\"https:\/\/maul-architekten.com\/wp-content\/uploads\/2018\/02\/03-schnitt-H-1.jpg 2000w, https:\/\/maul-architekten.com\/wp-content\/uploads\/2018\/02\/03-schnitt-H-1-300x200.jpg 300w, https:\/\/maul-architekten.com\/wp-content\/uploads\/2018\/02\/03-schnitt-H-1-768x512.jpg 768w, https:\/\/maul-architekten.com\/wp-content\/uploads\/2018\/02\/03-schnitt-H-1-700x467.jpg 700w, https:\/\/maul-architekten.com\/wp-content\/uploads\/2018\/02\/03-schnitt-H-1-192x128.jpg 192w\" sizes=\"auto, (max-width: 2000px) 100vw, 2000px\" \/><\/li>\n            <\/ul>\n        <\/div>\n        \n    <\/div>\n<\/div>\n<p><strong><br \/>\n<\/strong><strong>via donau Verwaltungsgeb\u00e4ude \u2013 Aschach an der Donau, O\u00d6<\/strong><\/p>\n<p>Catharina Maul als Projektleiterin f\u00fcr <a href=\"http:\/\/www.dietrich.untertrifaller.com\/projekt\/verwaltungsgebaeude\" target=\"_blank\" rel=\"noopener\">Dietrich | Untertrifaller Architekten<\/a><br \/>\nWettbewerbsgewinn\u00a0\u00a0\u00a0\u00a0\u00a0 2016<br \/>\nBauausf\u00fchrung\u00a0\u00a0\u00a0\u00a0\u00a0\u00a0\u00a0\u00a0\u00a0\u00a0\u00a0\u00a0 2017 \/ 2018<\/p>\n<p><a href=\"http:\/\/maul-architekten.com\/?page_id=623\">Er\u00f6ffnungsfeier via donau<\/a><\/p>\n<p>Auszug Projektbeschreibung Dietrich | Untertirfaller Architekten<br \/>\nDer langgestreckte, lagerhafte, eingeschossige Bauk\u00f6rper f\u00fcgt sich unaufgeregt und selbstverst\u00e4ndlich in das vorgefundene Ensemble am Ufer der Donau ein \u2013 und vermag dennoch den Ort neu zu definieren, aufzuladen und ihm eine neue unverwechselbare Identit\u00e4t zu verleihen. Auf der \u201eHochwasserplattform\u201c schwebend, strahlt seine subtile Eleganz weit in den Flussraum aus und wertet das Wechselspiel aus l\u00e4ngsorientierten Holzvolumen und quergestellten l\u00e4ndlichen Massivbauten angemessen auf.<br \/>\nDer Giebel ist leicht verschwenkt und erh\u00f6ht und betont dadurch den zentralen Eingang, der durch Rampen erreichbar ist. Das Foyer und der multifunktionale Sitzungssaal mit vorgelagerter Terrasse sind eindeutig ablesbar und werden r\u00e4umlich aufgewertet.<br \/>\nDie tiefen vertikalen Holzlamellen zur Donau verst\u00e4rken die K\u00f6rperhaftigkeit und dienen auch der Beschattung, um eine sommerliche \u00dcberhitzung zu vermeiden, durch die dahinterliegende Glasfassade jedoch den Blick auf die Donau zu gew\u00e4hrleisten.<\/p>\n<p><span style=\"color: #999999;\">Bilder\u00a0\u00a0\u00a0\u00a0\u00a0\u00a0\u00a0\u00a0\u00a0\u00a0\u00a0\u00a0\u00a0\u00a0\u00a0\u00a0\u00a0\u00a0 \u00a0\u00a0 \u00a9lukas maul | <a href=\"https:\/\/lukasmaul.at\/\" target=\"_blank\" rel=\"noopener\">lumagraphics<\/a><\/span><br \/>\n<span style=\"color: #999999;\"> Rendering \u00a0\u00a0\u00a0\u00a0\u00a0\u00a0\u00a0\u00a0\u00a0\u00a0\u00a0\u00a0\u00a0 \u00a9pixlab-studios graz | Dietrich|Untertrifaller Architekten<\/span><\/p>\n","protected":false},"excerpt":{"rendered":"<p>via donau Verwaltungsgeb\u00e4ude \u2013 Aschach an der Donau, O\u00d6 Catharina Maul als Projektleiterin f\u00fcr Dietrich | Untertrifaller Architekten Wettbewerbsgewinn\u00a0\u00a0\u00a0\u00a0\u00a0 2016 Bauausf\u00fchrung\u00a0\u00a0\u00a0\u00a0\u00a0\u00a0\u00a0\u00a0\u00a0\u00a0\u00a0\u00a0 2017 \/ 2018 Er\u00f6ffnungsfeier via donau Auszug Projektbeschreibung Dietrich | Untertirfaller Architekten Der langgestreckte, lagerhafte, eingeschossige Bauk\u00f6rper f\u00fcgt sich unaufgeregt und selbstverst\u00e4ndlich in das vorgefundene Ensemble am Ufer der Donau ein \u2013 und vermag &hellip; <a href=\"https:\/\/maul-architekten.com\/?page_id=55\" class=\"more-link\"><span class=\"screen-reader-text\">via donau Verwaltungsgeb\u00e4ude \u2013 Aschach an der Donau, O\u00d6<\/span> weiterlesen<\/a><\/p>\n","protected":false},"author":1,"featured_media":888,"parent":0,"menu_order":0,"comment_status":"closed","ping_status":"closed","template":"","meta":{"footnotes":""},"class_list":["post-55","page","type-page","status-publish","has-post-thumbnail","hentry"],"_links":{"self":[{"href":"https:\/\/maul-architekten.com\/index.php?rest_route=\/wp\/v2\/pages\/55","targetHints":{"allow":["GET"]}}],"collection":[{"href":"https:\/\/maul-architekten.com\/index.php?rest_route=\/wp\/v2\/pages"}],"about":[{"href":"https:\/\/maul-architekten.com\/index.php?rest_route=\/wp\/v2\/types\/page"}],"author":[{"embeddable":true,"href":"https:\/\/maul-architekten.com\/index.php?rest_route=\/wp\/v2\/users\/1"}],"replies":[{"embeddable":true,"href":"https:\/\/maul-architekten.com\/index.php?rest_route=%2Fwp%2Fv2%2Fcomments&post=55"}],"version-history":[{"count":50,"href":"https:\/\/maul-architekten.com\/index.php?rest_route=\/wp\/v2\/pages\/55\/revisions"}],"predecessor-version":[{"id":2754,"href":"https:\/\/maul-architekten.com\/index.php?rest_route=\/wp\/v2\/pages\/55\/revisions\/2754"}],"wp:featuredmedia":[{"embeddable":true,"href":"https:\/\/maul-architekten.com\/index.php?rest_route=\/wp\/v2\/media\/888"}],"wp:attachment":[{"href":"https:\/\/maul-architekten.com\/index.php?rest_route=%2Fwp%2Fv2%2Fmedia&parent=55"}],"curies":[{"name":"wp","href":"https:\/\/api.w.org\/{rel}","templated":true}]}}