{"id":458,"date":"2018-02-03T20:01:59","date_gmt":"2018-02-03T18:01:59","guid":{"rendered":"http:\/\/maul-architekten.com\/?page_id=458"},"modified":"2025-09-03T17:07:53","modified_gmt":"2025-09-03T15:07:53","slug":"projekte","status":"publish","type":"page","link":"https:\/\/maul-architekten.com\/?page_id=458","title":{"rendered":"Projekte"},"content":{"rendered":"<p><a href=\"https:\/\/maul-architekten.com\/?page_id=3354\"><img loading=\"lazy\" decoding=\"async\" class=\"alignnone wp-image-3857 size-full\" src=\"http:\/\/maul-architekten.com\/wp-content\/uploads\/2025\/08\/altstadthaus__.jpg.png\" alt=\"\" width=\"1000\" height=\"300\" srcset=\"https:\/\/maul-architekten.com\/wp-content\/uploads\/2025\/08\/altstadthaus__.jpg.png 1000w, https:\/\/maul-architekten.com\/wp-content\/uploads\/2025\/08\/altstadthaus__.jpg-300x90.png 300w, https:\/\/maul-architekten.com\/wp-content\/uploads\/2025\/08\/altstadthaus__.jpg-700x210.png 700w, https:\/\/maul-architekten.com\/wp-content\/uploads\/2025\/08\/altstadthaus__.jpg-768x230.png 768w, https:\/\/maul-architekten.com\/wp-content\/uploads\/2025\/08\/altstadthaus__.jpg-192x58.png 192w\" sizes=\"auto, (max-width: 1000px) 100vw, 1000px\" \/><\/a><\/p>\n<p>Umbau Altstadthaus Stadtplatz 58 &#8211; Wels<\/p>\n<hr \/>\n<p><a href=\"https:\/\/maul-architekten.com\/?page_id=739\"><img loading=\"lazy\" decoding=\"async\" class=\"alignnone wp-image-3872 size-full\" src=\"http:\/\/maul-architekten.com\/wp-content\/uploads\/2025\/09\/retz_projektauswahl.jpg-1.png\" alt=\"\" width=\"1000\" height=\"300\" srcset=\"https:\/\/maul-architekten.com\/wp-content\/uploads\/2025\/09\/retz_projektauswahl.jpg-1.png 1000w, https:\/\/maul-architekten.com\/wp-content\/uploads\/2025\/09\/retz_projektauswahl.jpg-1-300x90.png 300w, https:\/\/maul-architekten.com\/wp-content\/uploads\/2025\/09\/retz_projektauswahl.jpg-1-700x210.png 700w, https:\/\/maul-architekten.com\/wp-content\/uploads\/2025\/09\/retz_projektauswahl.jpg-1-768x230.png 768w, https:\/\/maul-architekten.com\/wp-content\/uploads\/2025\/09\/retz_projektauswahl.jpg-1-192x58.png 192w\" sizes=\"auto, (max-width: 1000px) 100vw, 1000px\" \/><\/a><\/p>\n<p>HLT Tourismusschulen Retz<\/p>\n<hr \/>\n<p><a href=\"https:\/\/maul-architekten.com\/?page_id=916\"><img loading=\"lazy\" decoding=\"async\" class=\"alignnone wp-image-2722 size-full\" src=\"http:\/\/maul-architekten.com\/wp-content\/uploads\/2023\/07\/sanierung-rathaus-zwentendorf.jpg\" alt=\"\" width=\"1000\" height=\"300\" srcset=\"https:\/\/maul-architekten.com\/wp-content\/uploads\/2023\/07\/sanierung-rathaus-zwentendorf.jpg 1000w, https:\/\/maul-architekten.com\/wp-content\/uploads\/2023\/07\/sanierung-rathaus-zwentendorf-300x90.jpg 300w, https:\/\/maul-architekten.com\/wp-content\/uploads\/2023\/07\/sanierung-rathaus-zwentendorf-700x210.jpg 700w, https:\/\/maul-architekten.com\/wp-content\/uploads\/2023\/07\/sanierung-rathaus-zwentendorf-768x230.jpg 768w, https:\/\/maul-architekten.com\/wp-content\/uploads\/2023\/07\/sanierung-rathaus-zwentendorf-192x58.jpg 192w\" sizes=\"auto, (max-width: 1000px) 100vw, 1000px\" \/><\/a><\/p>\n<p>Gemeindezentrum | Zwentendorf an der Donau<\/p>\n<hr \/>\n<p><a href=\"https:\/\/maul-architekten.com\/?page_id=3384\"><img loading=\"lazy\" decoding=\"async\" class=\"alignnone wp-image-3817 size-full\" src=\"http:\/\/maul-architekten.com\/wp-content\/uploads\/2025\/08\/projekt-efh-schwarzindien.jpg\" alt=\"\" width=\"1000\" height=\"300\" srcset=\"https:\/\/maul-architekten.com\/wp-content\/uploads\/2025\/08\/projekt-efh-schwarzindien.jpg 1000w, https:\/\/maul-architekten.com\/wp-content\/uploads\/2025\/08\/projekt-efh-schwarzindien-300x90.jpg 300w, https:\/\/maul-architekten.com\/wp-content\/uploads\/2025\/08\/projekt-efh-schwarzindien-700x210.jpg 700w, https:\/\/maul-architekten.com\/wp-content\/uploads\/2025\/08\/projekt-efh-schwarzindien-768x230.jpg 768w, https:\/\/maul-architekten.com\/wp-content\/uploads\/2025\/08\/projekt-efh-schwarzindien-192x58.jpg 192w\" sizes=\"auto, (max-width: 1000px) 100vw, 1000px\" \/><\/a><\/p>\n<p>Haus S | Ober\u00f6sterreich<\/p>\n<hr \/>\n<p><a href=\"https:\/\/maul-architekten.com\/?page_id=2092\"><img loading=\"lazy\" decoding=\"async\" class=\"alignnone wp-image-3350 size-full\" src=\"http:\/\/maul-architekten.com\/wp-content\/uploads\/2024\/06\/Kindergarten_x-1.jpg\" alt=\"\" width=\"1000\" height=\"300\" srcset=\"https:\/\/maul-architekten.com\/wp-content\/uploads\/2024\/06\/Kindergarten_x-1.jpg 1000w, https:\/\/maul-architekten.com\/wp-content\/uploads\/2024\/06\/Kindergarten_x-1-300x90.jpg 300w, https:\/\/maul-architekten.com\/wp-content\/uploads\/2024\/06\/Kindergarten_x-1-700x210.jpg 700w, https:\/\/maul-architekten.com\/wp-content\/uploads\/2024\/06\/Kindergarten_x-1-768x230.jpg 768w, https:\/\/maul-architekten.com\/wp-content\/uploads\/2024\/06\/Kindergarten_x-1-192x58.jpg 192w\" sizes=\"auto, (max-width: 1000px) 100vw, 1000px\" \/><\/a><\/p>\n<p>Kindergarten | Attersee am Attersee<\/p>\n<hr \/>\n<p><a href=\"https:\/\/maul-architekten.com\/?page_id=2190\"><img loading=\"lazy\" decoding=\"async\" class=\"alignnone wp-image-3347 size-full\" src=\"http:\/\/maul-architekten.com\/wp-content\/uploads\/2024\/06\/Wohnbau_x-1.jpg\" alt=\"\" width=\"1000\" height=\"300\" srcset=\"https:\/\/maul-architekten.com\/wp-content\/uploads\/2024\/06\/Wohnbau_x-1.jpg 1000w, https:\/\/maul-architekten.com\/wp-content\/uploads\/2024\/06\/Wohnbau_x-1-300x90.jpg 300w, https:\/\/maul-architekten.com\/wp-content\/uploads\/2024\/06\/Wohnbau_x-1-700x210.jpg 700w, https:\/\/maul-architekten.com\/wp-content\/uploads\/2024\/06\/Wohnbau_x-1-768x230.jpg 768w, https:\/\/maul-architekten.com\/wp-content\/uploads\/2024\/06\/Wohnbau_x-1-192x58.jpg 192w\" sizes=\"auto, (max-width: 1000px) 100vw, 1000px\" \/><\/a><\/p>\n<p>Gemeinn\u00fctziger Wohnbau inkl. Ordination | Attersee am Attersee<\/p>\n<hr \/>\n<p><a href=\"https:\/\/maul-architekten.com\/?page_id=2104\"><img loading=\"lazy\" decoding=\"async\" class=\"alignnone wp-image-3312 size-full\" src=\"http:\/\/maul-architekten.com\/wp-content\/uploads\/2024\/06\/Projekt_Mondseeberg_x.jpg\" alt=\"\" width=\"1000\" height=\"300\" srcset=\"https:\/\/maul-architekten.com\/wp-content\/uploads\/2024\/06\/Projekt_Mondseeberg_x.jpg 1000w, https:\/\/maul-architekten.com\/wp-content\/uploads\/2024\/06\/Projekt_Mondseeberg_x-300x90.jpg 300w, https:\/\/maul-architekten.com\/wp-content\/uploads\/2024\/06\/Projekt_Mondseeberg_x-700x210.jpg 700w, https:\/\/maul-architekten.com\/wp-content\/uploads\/2024\/06\/Projekt_Mondseeberg_x-768x230.jpg 768w, https:\/\/maul-architekten.com\/wp-content\/uploads\/2024\/06\/Projekt_Mondseeberg_x-192x58.jpg 192w\" sizes=\"auto, (max-width: 1000px) 100vw, 1000px\" \/><\/a><\/p>\n<p>Revitalisierung einer Hofanlage | Ober\u00f6sterreich<\/p>\n<hr \/>\n<p><a href=\"https:\/\/maul-architekten.com\/?page_id=2779\"><img loading=\"lazy\" decoding=\"async\" class=\"alignnone wp-image-3336 size-full\" src=\"http:\/\/maul-architekten.com\/wp-content\/uploads\/2024\/06\/ebenzweier_.jpg\" alt=\"\" width=\"1000\" height=\"300\" srcset=\"https:\/\/maul-architekten.com\/wp-content\/uploads\/2024\/06\/ebenzweier_.jpg 1000w, https:\/\/maul-architekten.com\/wp-content\/uploads\/2024\/06\/ebenzweier_-300x90.jpg 300w, https:\/\/maul-architekten.com\/wp-content\/uploads\/2024\/06\/ebenzweier_-700x210.jpg 700w, https:\/\/maul-architekten.com\/wp-content\/uploads\/2024\/06\/ebenzweier_-768x230.jpg 768w, https:\/\/maul-architekten.com\/wp-content\/uploads\/2024\/06\/ebenzweier_-192x58.jpg 192w\" sizes=\"auto, (max-width: 1000px) 100vw, 1000px\" \/><\/a><\/p>\n<p>Haus E | Ober\u00f6sterreich<\/p>\n<hr \/>\n<p><a href=\"https:\/\/maul-architekten.com\/?page_id=3681\"><img loading=\"lazy\" decoding=\"async\" class=\"alignnone wp-image-3714 size-full\" src=\"http:\/\/maul-architekten.com\/wp-content\/uploads\/2025\/06\/projektauswahl-wohnung-graz_.png\" alt=\"\" width=\"1000\" height=\"300\" srcset=\"https:\/\/maul-architekten.com\/wp-content\/uploads\/2025\/06\/projektauswahl-wohnung-graz_.png 1000w, https:\/\/maul-architekten.com\/wp-content\/uploads\/2025\/06\/projektauswahl-wohnung-graz_-300x90.png 300w, https:\/\/maul-architekten.com\/wp-content\/uploads\/2025\/06\/projektauswahl-wohnung-graz_-700x210.png 700w, https:\/\/maul-architekten.com\/wp-content\/uploads\/2025\/06\/projektauswahl-wohnung-graz_-768x230.png 768w, https:\/\/maul-architekten.com\/wp-content\/uploads\/2025\/06\/projektauswahl-wohnung-graz_-192x58.png 192w\" sizes=\"auto, (max-width: 1000px) 100vw, 1000px\" \/><\/a><\/p>\n<p>M\u00f6belplanung | Interior 2024<\/p>\n<hr \/>\n<p><a href=\"https:\/\/maul-architekten.com\/?page_id=3395\"><img loading=\"lazy\" decoding=\"async\" class=\"alignnone wp-image-3457 size-full\" src=\"http:\/\/maul-architekten.com\/wp-content\/uploads\/2024\/08\/oebw_.jpg\" alt=\"\" width=\"1000\" height=\"300\" srcset=\"https:\/\/maul-architekten.com\/wp-content\/uploads\/2024\/08\/oebw_.jpg 1000w, https:\/\/maul-architekten.com\/wp-content\/uploads\/2024\/08\/oebw_-300x90.jpg 300w, https:\/\/maul-architekten.com\/wp-content\/uploads\/2024\/08\/oebw_-700x210.jpg 700w, https:\/\/maul-architekten.com\/wp-content\/uploads\/2024\/08\/oebw_-768x230.jpg 768w, https:\/\/maul-architekten.com\/wp-content\/uploads\/2024\/08\/oebw_-192x58.jpg 192w\" sizes=\"auto, (max-width: 1000px) 100vw, 1000px\" \/><\/a><\/p>\n<p>M\u00f6belplanung | Interior 2024 &#8211; Blindenwohnheim \u00d6BW Wien<\/p>\n<hr \/>\n<p><a href=\"https:\/\/maul-architekten.com\/?page_id=2589\" data-wp-editing=\"1\"><img loading=\"lazy\" decoding=\"async\" class=\"alignnone wp-image-2621 size-full\" src=\"http:\/\/maul-architekten.com\/wp-content\/uploads\/2023\/02\/titelbild.jpg\" alt=\"\" width=\"1000\" height=\"300\" srcset=\"https:\/\/maul-architekten.com\/wp-content\/uploads\/2023\/02\/titelbild.jpg 1000w, https:\/\/maul-architekten.com\/wp-content\/uploads\/2023\/02\/titelbild-300x90.jpg 300w, https:\/\/maul-architekten.com\/wp-content\/uploads\/2023\/02\/titelbild-700x210.jpg 700w, https:\/\/maul-architekten.com\/wp-content\/uploads\/2023\/02\/titelbild-768x230.jpg 768w, https:\/\/maul-architekten.com\/wp-content\/uploads\/2023\/02\/titelbild-192x58.jpg 192w\" sizes=\"auto, (max-width: 1000px) 100vw, 1000px\" \/><\/a><\/p>\n<p>M\u00f6belplanung | Interior 2023<\/p>\n<hr \/>\n<p><a href=\"https:\/\/maul-architekten.com\/?page_id=2153\"><img loading=\"lazy\" decoding=\"async\" class=\"alignnone wp-image-2361 size-full\" src=\"http:\/\/maul-architekten.com\/wp-content\/uploads\/2022\/06\/muehlbach.jpg\" alt=\"\" width=\"1000\" height=\"300\" srcset=\"https:\/\/maul-architekten.com\/wp-content\/uploads\/2022\/06\/muehlbach.jpg 1000w, https:\/\/maul-architekten.com\/wp-content\/uploads\/2022\/06\/muehlbach-300x90.jpg 300w, https:\/\/maul-architekten.com\/wp-content\/uploads\/2022\/06\/muehlbach-700x210.jpg 700w, https:\/\/maul-architekten.com\/wp-content\/uploads\/2022\/06\/muehlbach-768x230.jpg 768w, https:\/\/maul-architekten.com\/wp-content\/uploads\/2022\/06\/muehlbach-192x58.jpg 192w\" sizes=\"auto, (max-width: 1000px) 100vw, 1000px\" \/><\/a><\/p>\n<p>M\u00f6belplanung | Interior 2022<\/p>\n<hr \/>\n<p><a href=\"https:\/\/maul-architekten.com\/?page_id=1730\"><img loading=\"lazy\" decoding=\"async\" class=\"alignnone wp-image-2360 size-full\" src=\"http:\/\/maul-architekten.com\/wp-content\/uploads\/2022\/06\/oberbach-1.jpg\" alt=\"\" width=\"1000\" height=\"300\" srcset=\"https:\/\/maul-architekten.com\/wp-content\/uploads\/2022\/06\/oberbach-1.jpg 1000w, https:\/\/maul-architekten.com\/wp-content\/uploads\/2022\/06\/oberbach-1-300x90.jpg 300w, https:\/\/maul-architekten.com\/wp-content\/uploads\/2022\/06\/oberbach-1-700x210.jpg 700w, https:\/\/maul-architekten.com\/wp-content\/uploads\/2022\/06\/oberbach-1-768x230.jpg 768w, https:\/\/maul-architekten.com\/wp-content\/uploads\/2022\/06\/oberbach-1-192x58.jpg 192w\" sizes=\"auto, (max-width: 1000px) 100vw, 1000px\" \/><\/a><\/p>\n<p>Wohnbau Oberbach<\/p>\n<hr \/>\n<p><a href=\"https:\/\/maul-architekten.com\/?page_id=1467\"><img loading=\"lazy\" decoding=\"async\" class=\"alignnone wp-image-1508 size-full\" src=\"http:\/\/maul-architekten.com\/wp-content\/uploads\/2019\/06\/bootshaus-b.jpg\" alt=\"\" width=\"1000\" height=\"300\" srcset=\"https:\/\/maul-architekten.com\/wp-content\/uploads\/2019\/06\/bootshaus-b.jpg 1000w, https:\/\/maul-architekten.com\/wp-content\/uploads\/2019\/06\/bootshaus-b-300x90.jpg 300w, https:\/\/maul-architekten.com\/wp-content\/uploads\/2019\/06\/bootshaus-b-768x230.jpg 768w, https:\/\/maul-architekten.com\/wp-content\/uploads\/2019\/06\/bootshaus-b-700x210.jpg 700w, https:\/\/maul-architekten.com\/wp-content\/uploads\/2019\/06\/bootshaus-b-192x58.jpg 192w\" sizes=\"auto, (max-width: 1000px) 100vw, 1000px\" \/><\/a><\/p>\n<p>Sanierung Boothaus B<\/p>\n<hr \/>\n<p><a href=\"http:\/\/maul-architekten.com\/?page_id=163 \"><img loading=\"lazy\" decoding=\"async\" class=\"alignnone wp-image-572 size-full\" src=\"http:\/\/maul-architekten.com\/wp-content\/uploads\/2018\/02\/badehaus-s-2.jpg\" alt=\"\" width=\"1000\" height=\"300\" srcset=\"https:\/\/maul-architekten.com\/wp-content\/uploads\/2018\/02\/badehaus-s-2.jpg 1000w, https:\/\/maul-architekten.com\/wp-content\/uploads\/2018\/02\/badehaus-s-2-300x90.jpg 300w, https:\/\/maul-architekten.com\/wp-content\/uploads\/2018\/02\/badehaus-s-2-768x230.jpg 768w, https:\/\/maul-architekten.com\/wp-content\/uploads\/2018\/02\/badehaus-s-2-700x210.jpg 700w, https:\/\/maul-architekten.com\/wp-content\/uploads\/2018\/02\/badehaus-s-2-192x58.jpg 192w\" sizes=\"auto, (max-width: 1000px) 100vw, 1000px\" \/><\/a><\/p>\n<p>Badehaus S<\/p>\n<hr \/>\n<p><a href=\"http:\/\/maul-architekten.com\/?page_id=55\"><img loading=\"lazy\" decoding=\"async\" class=\"alignnone size-full wp-image-853\" src=\"http:\/\/maul-architekten.com\/wp-content\/uploads\/2018\/09\/via-donau-3-aschach.jpg\" alt=\"\" width=\"1000\" height=\"300\" srcset=\"https:\/\/maul-architekten.com\/wp-content\/uploads\/2018\/09\/via-donau-3-aschach.jpg 1000w, https:\/\/maul-architekten.com\/wp-content\/uploads\/2018\/09\/via-donau-3-aschach-300x90.jpg 300w, https:\/\/maul-architekten.com\/wp-content\/uploads\/2018\/09\/via-donau-3-aschach-768x230.jpg 768w, https:\/\/maul-architekten.com\/wp-content\/uploads\/2018\/09\/via-donau-3-aschach-700x210.jpg 700w, https:\/\/maul-architekten.com\/wp-content\/uploads\/2018\/09\/via-donau-3-aschach-192x58.jpg 192w\" sizes=\"auto, (max-width: 1000px) 100vw, 1000px\" \/><\/a><\/p>\n<p>via donau Verwaltungsgeb\u00e4ude<\/p>\n<hr \/>\n<p><a href=\"http:\/\/maul-architekten.com\/?page_id=176\"><img loading=\"lazy\" decoding=\"async\" class=\"alignnone wp-image-632 size-full\" src=\"http:\/\/maul-architekten.com\/wp-content\/uploads\/2018\/02\/haus-g-wien-2.jpg\" alt=\"\" width=\"1000\" height=\"300\" srcset=\"https:\/\/maul-architekten.com\/wp-content\/uploads\/2018\/02\/haus-g-wien-2.jpg 1000w, https:\/\/maul-architekten.com\/wp-content\/uploads\/2018\/02\/haus-g-wien-2-300x90.jpg 300w, https:\/\/maul-architekten.com\/wp-content\/uploads\/2018\/02\/haus-g-wien-2-768x230.jpg 768w, https:\/\/maul-architekten.com\/wp-content\/uploads\/2018\/02\/haus-g-wien-2-700x210.jpg 700w, https:\/\/maul-architekten.com\/wp-content\/uploads\/2018\/02\/haus-g-wien-2-192x58.jpg 192w\" sizes=\"auto, (max-width: 1000px) 100vw, 1000px\" \/><\/a><\/p>\n<p>M\u00f6belplanung | Interior 2018<\/p>\n\n\n<p><\/p>\n","protected":false},"excerpt":{"rendered":"<p>Umbau Altstadthaus Stadtplatz 58 &#8211; Wels HLT Tourismusschulen Retz Gemeindezentrum | Zwentendorf an der Donau Haus S | Ober\u00f6sterreich Kindergarten | Attersee am Attersee Gemeinn\u00fctziger Wohnbau inkl. Ordination | Attersee am Attersee Revitalisierung einer Hofanlage | Ober\u00f6sterreich Haus E | Ober\u00f6sterreich M\u00f6belplanung | Interior 2024 M\u00f6belplanung | Interior 2024 &#8211; Blindenwohnheim \u00d6BW Wien M\u00f6belplanung | &hellip; <a href=\"https:\/\/maul-architekten.com\/?page_id=458\" class=\"more-link\"><span class=\"screen-reader-text\">Projekte<\/span> weiterlesen<\/a><\/p>\n","protected":false},"author":1,"featured_media":2758,"parent":0,"menu_order":0,"comment_status":"closed","ping_status":"closed","template":"","meta":{"footnotes":""},"class_list":["post-458","page","type-page","status-publish","has-post-thumbnail","hentry"],"_links":{"self":[{"href":"https:\/\/maul-architekten.com\/index.php?rest_route=\/wp\/v2\/pages\/458","targetHints":{"allow":["GET"]}}],"collection":[{"href":"https:\/\/maul-architekten.com\/index.php?rest_route=\/wp\/v2\/pages"}],"about":[{"href":"https:\/\/maul-architekten.com\/index.php?rest_route=\/wp\/v2\/types\/page"}],"author":[{"embeddable":true,"href":"https:\/\/maul-architekten.com\/index.php?rest_route=\/wp\/v2\/users\/1"}],"replies":[{"embeddable":true,"href":"https:\/\/maul-architekten.com\/index.php?rest_route=%2Fwp%2Fv2%2Fcomments&post=458"}],"version-history":[{"count":124,"href":"https:\/\/maul-architekten.com\/index.php?rest_route=\/wp\/v2\/pages\/458\/revisions"}],"predecessor-version":[{"id":3873,"href":"https:\/\/maul-architekten.com\/index.php?rest_route=\/wp\/v2\/pages\/458\/revisions\/3873"}],"wp:featuredmedia":[{"embeddable":true,"href":"https:\/\/maul-architekten.com\/index.php?rest_route=\/wp\/v2\/media\/2758"}],"wp:attachment":[{"href":"https:\/\/maul-architekten.com\/index.php?rest_route=%2Fwp%2Fv2%2Fmedia&parent=458"}],"curies":[{"name":"wp","href":"https:\/\/api.w.org\/{rel}","templated":true}]}}