{"id":3354,"date":"2024-07-29T13:50:51","date_gmt":"2024-07-29T11:50:51","guid":{"rendered":"https:\/\/maul-architekten.com\/?page_id=3354"},"modified":"2026-03-16T14:38:32","modified_gmt":"2026-03-16T12:38:32","slug":"altstadthaus-stadtplatz-wels","status":"publish","type":"page","link":"https:\/\/maul-architekten.com\/?page_id=3354","title":{"rendered":"Altstadthaus Stadtplatz &#8211; Wels"},"content":{"rendered":"<div id=\"metaslider-id-3362\" style=\"max-width: 1000px;\" class=\"ml-slider-3-108-0 metaslider metaslider-flex metaslider-3362 ml-slider ms-theme-default nav-hidden\" role=\"region\" aria-label=\"Altstadthaus - Wels\" data-height=\"667\" data-width=\"1000\">\n    <div id=\"metaslider_container_3362\">\n        <div id=\"metaslider_3362\">\n            <ul class='slides'>\n                <li style=\"display: block; width: 100%;\" class=\"slide-3598 ms-image \" aria-roledescription=\"slide\" data-date=\"2025-04-22 11:39:22\" data-filename=\"15_250406-21_wels_haus-am-stadtturm_schreyerdavid_.jpg\" data-slide-type=\"image\"><img loading=\"lazy\" decoding=\"async\" width=\"1000\" height=\"629\" src=\"https:\/\/maul-architekten.com\/wp-content\/uploads\/2025\/04\/15_250406-21_wels_haus-am-stadtturm_schreyerdavid_.jpg\" class=\"slider-3362 slide-3598 msDefaultImage\" alt=\"\" rel=\"\" title=\"\" style=\"margin-top: 1.9%\" srcset=\"https:\/\/maul-architekten.com\/wp-content\/uploads\/2025\/04\/15_250406-21_wels_haus-am-stadtturm_schreyerdavid_.jpg 1000w, https:\/\/maul-architekten.com\/wp-content\/uploads\/2025\/04\/15_250406-21_wels_haus-am-stadtturm_schreyerdavid_-300x189.jpg 300w, https:\/\/maul-architekten.com\/wp-content\/uploads\/2025\/04\/15_250406-21_wels_haus-am-stadtturm_schreyerdavid_-700x440.jpg 700w, https:\/\/maul-architekten.com\/wp-content\/uploads\/2025\/04\/15_250406-21_wels_haus-am-stadtturm_schreyerdavid_-768x483.jpg 768w, https:\/\/maul-architekten.com\/wp-content\/uploads\/2025\/04\/15_250406-21_wels_haus-am-stadtturm_schreyerdavid_-192x121.jpg 192w\" sizes=\"auto, (max-width: 1000px) 100vw, 1000px\" \/><\/li>\n                <li style=\"display: none; width: 100%;\" class=\"slide-3589 ms-image \" aria-roledescription=\"slide\" data-date=\"2025-04-22 11:35:52\" data-filename=\"1_250406-08_wels_haus-am-stadtturm_schreyerdavid_.jpg\" data-slide-type=\"image\"><img loading=\"lazy\" decoding=\"async\" width=\"789\" height=\"1000\" src=\"https:\/\/maul-architekten.com\/wp-content\/uploads\/2025\/04\/1_250406-08_wels_haus-am-stadtturm_schreyerdavid_.jpg\" class=\"slider-3362 slide-3589 msDefaultImage\" alt=\"\" rel=\"\" title=\"\" style=\"margin: 0 auto; width: 52.6263%\" srcset=\"https:\/\/maul-architekten.com\/wp-content\/uploads\/2025\/04\/1_250406-08_wels_haus-am-stadtturm_schreyerdavid_.jpg 789w, https:\/\/maul-architekten.com\/wp-content\/uploads\/2025\/04\/1_250406-08_wels_haus-am-stadtturm_schreyerdavid_-237x300.jpg 237w, https:\/\/maul-architekten.com\/wp-content\/uploads\/2025\/04\/1_250406-08_wels_haus-am-stadtturm_schreyerdavid_-700x887.jpg 700w, https:\/\/maul-architekten.com\/wp-content\/uploads\/2025\/04\/1_250406-08_wels_haus-am-stadtturm_schreyerdavid_-768x973.jpg 768w, https:\/\/maul-architekten.com\/wp-content\/uploads\/2025\/04\/1_250406-08_wels_haus-am-stadtturm_schreyerdavid_-151x192.jpg 151w\" sizes=\"auto, (max-width: 789px) 100vw, 789px\" \/><\/li>\n                <li style=\"display: none; width: 100%;\" class=\"slide-3590 ms-image \" aria-roledescription=\"slide\" data-date=\"2025-04-22 11:37:36\" data-filename=\"2_250406-01_wels_haus-am-stadtturm_schreyerdavid_.jpg\" data-slide-type=\"image\"><img loading=\"lazy\" decoding=\"async\" width=\"789\" height=\"1000\" src=\"https:\/\/maul-architekten.com\/wp-content\/uploads\/2025\/04\/2_250406-01_wels_haus-am-stadtturm_schreyerdavid_.jpg\" class=\"slider-3362 slide-3590 msDefaultImage\" alt=\"\" rel=\"\" title=\"\" style=\"margin: 0 auto; width: 52.6263%\" srcset=\"https:\/\/maul-architekten.com\/wp-content\/uploads\/2025\/04\/2_250406-01_wels_haus-am-stadtturm_schreyerdavid_.jpg 789w, https:\/\/maul-architekten.com\/wp-content\/uploads\/2025\/04\/2_250406-01_wels_haus-am-stadtturm_schreyerdavid_-237x300.jpg 237w, https:\/\/maul-architekten.com\/wp-content\/uploads\/2025\/04\/2_250406-01_wels_haus-am-stadtturm_schreyerdavid_-700x887.jpg 700w, https:\/\/maul-architekten.com\/wp-content\/uploads\/2025\/04\/2_250406-01_wels_haus-am-stadtturm_schreyerdavid_-768x973.jpg 768w, https:\/\/maul-architekten.com\/wp-content\/uploads\/2025\/04\/2_250406-01_wels_haus-am-stadtturm_schreyerdavid_-151x192.jpg 151w\" sizes=\"auto, (max-width: 789px) 100vw, 789px\" \/><\/li>\n                <li style=\"display: none; width: 100%;\" class=\"slide-3592 ms-image \" aria-roledescription=\"slide\" data-date=\"2025-04-22 11:37:36\" data-filename=\"4_250406-115_wels_haus-am-stadtturm_schreyerdavid_.jpg\" data-slide-type=\"image\"><img loading=\"lazy\" decoding=\"async\" width=\"1000\" height=\"789\" src=\"https:\/\/maul-architekten.com\/wp-content\/uploads\/2025\/04\/4_250406-115_wels_haus-am-stadtturm_schreyerdavid_.jpg\" class=\"slider-3362 slide-3592 msDefaultImage\" alt=\"\" rel=\"\" title=\"\" style=\"margin: 0 auto; width: 84.537389100127%\" srcset=\"https:\/\/maul-architekten.com\/wp-content\/uploads\/2025\/04\/4_250406-115_wels_haus-am-stadtturm_schreyerdavid_.jpg 1000w, https:\/\/maul-architekten.com\/wp-content\/uploads\/2025\/04\/4_250406-115_wels_haus-am-stadtturm_schreyerdavid_-300x237.jpg 300w, https:\/\/maul-architekten.com\/wp-content\/uploads\/2025\/04\/4_250406-115_wels_haus-am-stadtturm_schreyerdavid_-700x552.jpg 700w, https:\/\/maul-architekten.com\/wp-content\/uploads\/2025\/04\/4_250406-115_wels_haus-am-stadtturm_schreyerdavid_-768x606.jpg 768w, https:\/\/maul-architekten.com\/wp-content\/uploads\/2025\/04\/4_250406-115_wels_haus-am-stadtturm_schreyerdavid_-192x151.jpg 192w\" sizes=\"auto, (max-width: 1000px) 100vw, 1000px\" \/><\/li>\n                <li style=\"display: none; width: 100%;\" class=\"slide-3602 ms-image \" aria-roledescription=\"slide\" data-date=\"2025-04-22 11:43:13\" data-filename=\"7_250406-35_wels_haus-am-stadtturm_schreyerdavid_.jpg\" data-slide-type=\"image\"><img loading=\"lazy\" decoding=\"async\" width=\"789\" height=\"1000\" src=\"https:\/\/maul-architekten.com\/wp-content\/uploads\/2025\/04\/7_250406-35_wels_haus-am-stadtturm_schreyerdavid_.jpg\" class=\"slider-3362 slide-3602 msDefaultImage\" alt=\"\" rel=\"\" title=\"\" style=\"margin: 0 auto; width: 52.6263%\" srcset=\"https:\/\/maul-architekten.com\/wp-content\/uploads\/2025\/04\/7_250406-35_wels_haus-am-stadtturm_schreyerdavid_.jpg 789w, https:\/\/maul-architekten.com\/wp-content\/uploads\/2025\/04\/7_250406-35_wels_haus-am-stadtturm_schreyerdavid_-237x300.jpg 237w, https:\/\/maul-architekten.com\/wp-content\/uploads\/2025\/04\/7_250406-35_wels_haus-am-stadtturm_schreyerdavid_-700x887.jpg 700w, https:\/\/maul-architekten.com\/wp-content\/uploads\/2025\/04\/7_250406-35_wels_haus-am-stadtturm_schreyerdavid_-768x973.jpg 768w, https:\/\/maul-architekten.com\/wp-content\/uploads\/2025\/04\/7_250406-35_wels_haus-am-stadtturm_schreyerdavid_-151x192.jpg 151w\" sizes=\"auto, (max-width: 789px) 100vw, 789px\" \/><\/li>\n                <li style=\"display: none; width: 100%;\" class=\"slide-3600 ms-image \" aria-roledescription=\"slide\" data-date=\"2025-04-22 11:43:12\" data-filename=\"10_250406-47_wels_haus-am-stadtturm_schreyerdavid_.jpg\" data-slide-type=\"image\"><img loading=\"lazy\" decoding=\"async\" width=\"1000\" height=\"789\" src=\"https:\/\/maul-architekten.com\/wp-content\/uploads\/2025\/04\/10_250406-47_wels_haus-am-stadtturm_schreyerdavid_.jpg\" class=\"slider-3362 slide-3600 msDefaultImage\" alt=\"\" rel=\"\" title=\"\" style=\"margin: 0 auto; width: 84.537389100127%\" srcset=\"https:\/\/maul-architekten.com\/wp-content\/uploads\/2025\/04\/10_250406-47_wels_haus-am-stadtturm_schreyerdavid_.jpg 1000w, https:\/\/maul-architekten.com\/wp-content\/uploads\/2025\/04\/10_250406-47_wels_haus-am-stadtturm_schreyerdavid_-300x237.jpg 300w, https:\/\/maul-architekten.com\/wp-content\/uploads\/2025\/04\/10_250406-47_wels_haus-am-stadtturm_schreyerdavid_-700x552.jpg 700w, https:\/\/maul-architekten.com\/wp-content\/uploads\/2025\/04\/10_250406-47_wels_haus-am-stadtturm_schreyerdavid_-768x606.jpg 768w, https:\/\/maul-architekten.com\/wp-content\/uploads\/2025\/04\/10_250406-47_wels_haus-am-stadtturm_schreyerdavid_-192x151.jpg 192w\" sizes=\"auto, (max-width: 1000px) 100vw, 1000px\" \/><\/li>\n                <li style=\"display: none; width: 100%;\" class=\"slide-3601 ms-image \" aria-roledescription=\"slide\" data-date=\"2025-04-22 11:43:13\" data-filename=\"8_250406-31_wels_haus-am-stadtturm_schreyerdavid_.jpg\" data-slide-type=\"image\"><img loading=\"lazy\" decoding=\"async\" width=\"789\" height=\"1000\" src=\"https:\/\/maul-architekten.com\/wp-content\/uploads\/2025\/04\/8_250406-31_wels_haus-am-stadtturm_schreyerdavid_.jpg\" class=\"slider-3362 slide-3601 msDefaultImage\" alt=\"\" rel=\"\" title=\"\" style=\"margin: 0 auto; width: 52.6263%\" srcset=\"https:\/\/maul-architekten.com\/wp-content\/uploads\/2025\/04\/8_250406-31_wels_haus-am-stadtturm_schreyerdavid_.jpg 789w, https:\/\/maul-architekten.com\/wp-content\/uploads\/2025\/04\/8_250406-31_wels_haus-am-stadtturm_schreyerdavid_-237x300.jpg 237w, https:\/\/maul-architekten.com\/wp-content\/uploads\/2025\/04\/8_250406-31_wels_haus-am-stadtturm_schreyerdavid_-700x887.jpg 700w, https:\/\/maul-architekten.com\/wp-content\/uploads\/2025\/04\/8_250406-31_wels_haus-am-stadtturm_schreyerdavid_-768x973.jpg 768w, https:\/\/maul-architekten.com\/wp-content\/uploads\/2025\/04\/8_250406-31_wels_haus-am-stadtturm_schreyerdavid_-151x192.jpg 151w\" sizes=\"auto, (max-width: 789px) 100vw, 789px\" \/><\/li>\n                <li style=\"display: none; width: 100%;\" class=\"slide-3604 ms-image \" aria-roledescription=\"slide\" data-date=\"2025-04-22 11:45:01\" data-filename=\"6_250406-107_wels_haus-am-stadtturm_schreyerdavid_.jpg\" data-slide-type=\"image\"><img loading=\"lazy\" decoding=\"async\" width=\"1000\" height=\"789\" src=\"https:\/\/maul-architekten.com\/wp-content\/uploads\/2025\/04\/6_250406-107_wels_haus-am-stadtturm_schreyerdavid_.jpg\" class=\"slider-3362 slide-3604 msDefaultImage\" alt=\"\" rel=\"\" title=\"\" style=\"margin: 0 auto; width: 84.537389100127%\" srcset=\"https:\/\/maul-architekten.com\/wp-content\/uploads\/2025\/04\/6_250406-107_wels_haus-am-stadtturm_schreyerdavid_.jpg 1000w, https:\/\/maul-architekten.com\/wp-content\/uploads\/2025\/04\/6_250406-107_wels_haus-am-stadtturm_schreyerdavid_-300x237.jpg 300w, https:\/\/maul-architekten.com\/wp-content\/uploads\/2025\/04\/6_250406-107_wels_haus-am-stadtturm_schreyerdavid_-700x552.jpg 700w, https:\/\/maul-architekten.com\/wp-content\/uploads\/2025\/04\/6_250406-107_wels_haus-am-stadtturm_schreyerdavid_-768x606.jpg 768w, https:\/\/maul-architekten.com\/wp-content\/uploads\/2025\/04\/6_250406-107_wels_haus-am-stadtturm_schreyerdavid_-192x151.jpg 192w\" sizes=\"auto, (max-width: 1000px) 100vw, 1000px\" \/><\/li>\n                <li style=\"display: none; width: 100%;\" class=\"slide-3593 ms-image \" aria-roledescription=\"slide\" data-date=\"2025-04-22 11:37:36\" data-filename=\"5_250406-113_wels_haus-am-stadtturm_schreyerdavid_.jpg\" data-slide-type=\"image\"><img loading=\"lazy\" decoding=\"async\" width=\"1000\" height=\"789\" src=\"https:\/\/maul-architekten.com\/wp-content\/uploads\/2025\/04\/5_250406-113_wels_haus-am-stadtturm_schreyerdavid_.jpg\" class=\"slider-3362 slide-3593 msDefaultImage\" alt=\"\" rel=\"\" title=\"\" style=\"margin: 0 auto; width: 84.537389100127%\" srcset=\"https:\/\/maul-architekten.com\/wp-content\/uploads\/2025\/04\/5_250406-113_wels_haus-am-stadtturm_schreyerdavid_.jpg 1000w, https:\/\/maul-architekten.com\/wp-content\/uploads\/2025\/04\/5_250406-113_wels_haus-am-stadtturm_schreyerdavid_-300x237.jpg 300w, https:\/\/maul-architekten.com\/wp-content\/uploads\/2025\/04\/5_250406-113_wels_haus-am-stadtturm_schreyerdavid_-700x552.jpg 700w, https:\/\/maul-architekten.com\/wp-content\/uploads\/2025\/04\/5_250406-113_wels_haus-am-stadtturm_schreyerdavid_-768x606.jpg 768w, https:\/\/maul-architekten.com\/wp-content\/uploads\/2025\/04\/5_250406-113_wels_haus-am-stadtturm_schreyerdavid_-192x151.jpg 192w\" sizes=\"auto, (max-width: 1000px) 100vw, 1000px\" \/><\/li>\n                <li style=\"display: none; width: 100%;\" class=\"slide-3603 ms-image \" aria-roledescription=\"slide\" data-date=\"2025-04-22 11:45:01\" data-filename=\"12_250406-62_wels_haus-am-stadtturm_schreyerdavid_.jpg\" data-slide-type=\"image\"><img loading=\"lazy\" decoding=\"async\" width=\"1000\" height=\"789\" src=\"https:\/\/maul-architekten.com\/wp-content\/uploads\/2025\/04\/12_250406-62_wels_haus-am-stadtturm_schreyerdavid_.jpg\" class=\"slider-3362 slide-3603 msDefaultImage\" alt=\"\" rel=\"\" title=\"\" style=\"margin: 0 auto; width: 84.537389100127%\" srcset=\"https:\/\/maul-architekten.com\/wp-content\/uploads\/2025\/04\/12_250406-62_wels_haus-am-stadtturm_schreyerdavid_.jpg 1000w, https:\/\/maul-architekten.com\/wp-content\/uploads\/2025\/04\/12_250406-62_wels_haus-am-stadtturm_schreyerdavid_-300x237.jpg 300w, https:\/\/maul-architekten.com\/wp-content\/uploads\/2025\/04\/12_250406-62_wels_haus-am-stadtturm_schreyerdavid_-700x552.jpg 700w, https:\/\/maul-architekten.com\/wp-content\/uploads\/2025\/04\/12_250406-62_wels_haus-am-stadtturm_schreyerdavid_-768x606.jpg 768w, https:\/\/maul-architekten.com\/wp-content\/uploads\/2025\/04\/12_250406-62_wels_haus-am-stadtturm_schreyerdavid_-192x151.jpg 192w\" sizes=\"auto, (max-width: 1000px) 100vw, 1000px\" \/><\/li>\n                <li style=\"display: none; width: 100%;\" class=\"slide-3605 ms-image \" aria-roledescription=\"slide\" data-date=\"2025-04-22 11:45:01\" data-filename=\"13_250406-80_wels_haus-am-stadtturm_schreyerdavid_.jpg\" data-slide-type=\"image\"><img loading=\"lazy\" decoding=\"async\" width=\"1000\" height=\"629\" src=\"https:\/\/maul-architekten.com\/wp-content\/uploads\/2025\/04\/13_250406-80_wels_haus-am-stadtturm_schreyerdavid_.jpg\" class=\"slider-3362 slide-3605 msDefaultImage\" alt=\"\" rel=\"\" title=\"\" style=\"margin-top: 1.9%\" srcset=\"https:\/\/maul-architekten.com\/wp-content\/uploads\/2025\/04\/13_250406-80_wels_haus-am-stadtturm_schreyerdavid_.jpg 1000w, https:\/\/maul-architekten.com\/wp-content\/uploads\/2025\/04\/13_250406-80_wels_haus-am-stadtturm_schreyerdavid_-300x189.jpg 300w, https:\/\/maul-architekten.com\/wp-content\/uploads\/2025\/04\/13_250406-80_wels_haus-am-stadtturm_schreyerdavid_-700x440.jpg 700w, https:\/\/maul-architekten.com\/wp-content\/uploads\/2025\/04\/13_250406-80_wels_haus-am-stadtturm_schreyerdavid_-768x483.jpg 768w, https:\/\/maul-architekten.com\/wp-content\/uploads\/2025\/04\/13_250406-80_wels_haus-am-stadtturm_schreyerdavid_-192x121.jpg 192w\" sizes=\"auto, (max-width: 1000px) 100vw, 1000px\" \/><\/li>\n                <li style=\"display: none; width: 100%;\" class=\"slide-3591 ms-image \" aria-roledescription=\"slide\" data-date=\"2025-04-22 11:37:36\" data-filename=\"3_250406-06_wels_haus-am-stadtturm_schreyerdavid_.jpg\" data-slide-type=\"image\"><img loading=\"lazy\" decoding=\"async\" width=\"789\" height=\"1000\" src=\"https:\/\/maul-architekten.com\/wp-content\/uploads\/2025\/04\/3_250406-06_wels_haus-am-stadtturm_schreyerdavid_.jpg\" class=\"slider-3362 slide-3591 msDefaultImage\" alt=\"\" rel=\"\" title=\"\" style=\"margin: 0 auto; width: 52.6263%\" srcset=\"https:\/\/maul-architekten.com\/wp-content\/uploads\/2025\/04\/3_250406-06_wels_haus-am-stadtturm_schreyerdavid_.jpg 789w, https:\/\/maul-architekten.com\/wp-content\/uploads\/2025\/04\/3_250406-06_wels_haus-am-stadtturm_schreyerdavid_-237x300.jpg 237w, https:\/\/maul-architekten.com\/wp-content\/uploads\/2025\/04\/3_250406-06_wels_haus-am-stadtturm_schreyerdavid_-700x887.jpg 700w, https:\/\/maul-architekten.com\/wp-content\/uploads\/2025\/04\/3_250406-06_wels_haus-am-stadtturm_schreyerdavid_-768x973.jpg 768w, https:\/\/maul-architekten.com\/wp-content\/uploads\/2025\/04\/3_250406-06_wels_haus-am-stadtturm_schreyerdavid_-151x192.jpg 151w\" sizes=\"auto, (max-width: 789px) 100vw, 789px\" \/><\/li>\n                <li style=\"display: none; width: 100%;\" class=\"slide-3380 ms-image \" aria-roledescription=\"slide\" data-date=\"2024-07-29 14:31:37\" data-filename=\"materialuebersicht_.jpg\" data-slide-type=\"image\"><img loading=\"lazy\" decoding=\"async\" width=\"1000\" height=\"667\" src=\"https:\/\/maul-architekten.com\/wp-content\/uploads\/2024\/07\/materialuebersicht_.jpg\" class=\"slider-3362 slide-3380 msDefaultImage\" alt=\"\" rel=\"\" title=\"\" style=\"margin: 0 auto; width: 100%\" srcset=\"https:\/\/maul-architekten.com\/wp-content\/uploads\/2024\/07\/materialuebersicht_.jpg 1000w, https:\/\/maul-architekten.com\/wp-content\/uploads\/2024\/07\/materialuebersicht_-300x200.jpg 300w, https:\/\/maul-architekten.com\/wp-content\/uploads\/2024\/07\/materialuebersicht_-700x467.jpg 700w, https:\/\/maul-architekten.com\/wp-content\/uploads\/2024\/07\/materialuebersicht_-768x512.jpg 768w, https:\/\/maul-architekten.com\/wp-content\/uploads\/2024\/07\/materialuebersicht_-192x128.jpg 192w\" sizes=\"auto, (max-width: 1000px) 100vw, 1000px\" \/><\/li>\n                <li style=\"display: none; width: 100%;\" class=\"slide-3379 ms-image \" aria-roledescription=\"slide\" data-date=\"2024-07-29 14:31:37\" data-filename=\"lageplan.jpg\" data-slide-type=\"image\"><img loading=\"lazy\" decoding=\"async\" width=\"1000\" height=\"667\" src=\"https:\/\/maul-architekten.com\/wp-content\/uploads\/2024\/07\/lageplan.jpg\" class=\"slider-3362 slide-3379 msDefaultImage\" alt=\"\" rel=\"\" title=\"\" style=\"margin: 0 auto; width: 100%\" srcset=\"https:\/\/maul-architekten.com\/wp-content\/uploads\/2024\/07\/lageplan.jpg 1000w, https:\/\/maul-architekten.com\/wp-content\/uploads\/2024\/07\/lageplan-300x200.jpg 300w, https:\/\/maul-architekten.com\/wp-content\/uploads\/2024\/07\/lageplan-700x467.jpg 700w, https:\/\/maul-architekten.com\/wp-content\/uploads\/2024\/07\/lageplan-768x512.jpg 768w, https:\/\/maul-architekten.com\/wp-content\/uploads\/2024\/07\/lageplan-192x128.jpg 192w\" sizes=\"auto, (max-width: 1000px) 100vw, 1000px\" \/><\/li>\n                <li style=\"display: none; width: 100%;\" class=\"slide-3378 ms-image \" aria-roledescription=\"slide\" data-date=\"2024-07-29 14:31:37\" data-filename=\"grundriss-erdgeschoss.jpg\" data-slide-type=\"image\"><img loading=\"lazy\" decoding=\"async\" width=\"1000\" height=\"667\" src=\"https:\/\/maul-architekten.com\/wp-content\/uploads\/2024\/07\/grundriss-erdgeschoss.jpg\" class=\"slider-3362 slide-3378 msDefaultImage\" alt=\"\" rel=\"\" title=\"\" style=\"margin: 0 auto; width: 100%\" srcset=\"https:\/\/maul-architekten.com\/wp-content\/uploads\/2024\/07\/grundriss-erdgeschoss.jpg 1000w, https:\/\/maul-architekten.com\/wp-content\/uploads\/2024\/07\/grundriss-erdgeschoss-300x200.jpg 300w, https:\/\/maul-architekten.com\/wp-content\/uploads\/2024\/07\/grundriss-erdgeschoss-700x467.jpg 700w, https:\/\/maul-architekten.com\/wp-content\/uploads\/2024\/07\/grundriss-erdgeschoss-768x512.jpg 768w, https:\/\/maul-architekten.com\/wp-content\/uploads\/2024\/07\/grundriss-erdgeschoss-192x128.jpg 192w\" sizes=\"auto, (max-width: 1000px) 100vw, 1000px\" \/><\/li>\n                <li style=\"display: none; width: 100%;\" class=\"slide-3376 ms-image \" aria-roledescription=\"slide\" data-date=\"2024-07-29 14:31:36\" data-filename=\"grundriss-e1.jpg\" data-slide-type=\"image\"><img loading=\"lazy\" decoding=\"async\" width=\"1000\" height=\"667\" src=\"https:\/\/maul-architekten.com\/wp-content\/uploads\/2024\/07\/grundriss-e1.jpg\" class=\"slider-3362 slide-3376 msDefaultImage\" alt=\"\" rel=\"\" title=\"\" style=\"margin: 0 auto; width: 100%\" srcset=\"https:\/\/maul-architekten.com\/wp-content\/uploads\/2024\/07\/grundriss-e1.jpg 1000w, https:\/\/maul-architekten.com\/wp-content\/uploads\/2024\/07\/grundriss-e1-300x200.jpg 300w, https:\/\/maul-architekten.com\/wp-content\/uploads\/2024\/07\/grundriss-e1-700x467.jpg 700w, https:\/\/maul-architekten.com\/wp-content\/uploads\/2024\/07\/grundriss-e1-768x512.jpg 768w, https:\/\/maul-architekten.com\/wp-content\/uploads\/2024\/07\/grundriss-e1-192x128.jpg 192w\" sizes=\"auto, (max-width: 1000px) 100vw, 1000px\" \/><\/li>\n                <li style=\"display: none; width: 100%;\" class=\"slide-3377 ms-image \" aria-roledescription=\"slide\" data-date=\"2024-07-29 14:31:37\" data-filename=\"grundriss-e2.jpg\" data-slide-type=\"image\"><img loading=\"lazy\" decoding=\"async\" width=\"1000\" height=\"667\" src=\"https:\/\/maul-architekten.com\/wp-content\/uploads\/2024\/07\/grundriss-e2.jpg\" class=\"slider-3362 slide-3377 msDefaultImage\" alt=\"\" rel=\"\" title=\"\" style=\"margin: 0 auto; width: 100%\" srcset=\"https:\/\/maul-architekten.com\/wp-content\/uploads\/2024\/07\/grundriss-e2.jpg 1000w, https:\/\/maul-architekten.com\/wp-content\/uploads\/2024\/07\/grundriss-e2-300x200.jpg 300w, https:\/\/maul-architekten.com\/wp-content\/uploads\/2024\/07\/grundriss-e2-700x467.jpg 700w, https:\/\/maul-architekten.com\/wp-content\/uploads\/2024\/07\/grundriss-e2-768x512.jpg 768w, https:\/\/maul-architekten.com\/wp-content\/uploads\/2024\/07\/grundriss-e2-192x128.jpg 192w\" sizes=\"auto, (max-width: 1000px) 100vw, 1000px\" \/><\/li>\n                <li style=\"display: none; width: 100%;\" class=\"slide-3375 ms-image \" aria-roledescription=\"slide\" data-date=\"2024-07-29 14:31:36\" data-filename=\"dachgeschoss.jpg\" data-slide-type=\"image\"><img loading=\"lazy\" decoding=\"async\" width=\"1000\" height=\"667\" src=\"https:\/\/maul-architekten.com\/wp-content\/uploads\/2024\/07\/dachgeschoss.jpg\" class=\"slider-3362 slide-3375 msDefaultImage\" alt=\"\" rel=\"\" title=\"\" style=\"margin: 0 auto; width: 100%\" srcset=\"https:\/\/maul-architekten.com\/wp-content\/uploads\/2024\/07\/dachgeschoss.jpg 1000w, https:\/\/maul-architekten.com\/wp-content\/uploads\/2024\/07\/dachgeschoss-300x200.jpg 300w, https:\/\/maul-architekten.com\/wp-content\/uploads\/2024\/07\/dachgeschoss-700x467.jpg 700w, https:\/\/maul-architekten.com\/wp-content\/uploads\/2024\/07\/dachgeschoss-768x512.jpg 768w, https:\/\/maul-architekten.com\/wp-content\/uploads\/2024\/07\/dachgeschoss-192x128.jpg 192w\" sizes=\"auto, (max-width: 1000px) 100vw, 1000px\" \/><\/li>\n                <li style=\"display: none; width: 100%;\" class=\"slide-3381 ms-image \" aria-roledescription=\"slide\" data-date=\"2024-07-29 14:31:37\" data-filename=\"schnitt-2.jpg\" data-slide-type=\"image\"><img loading=\"lazy\" decoding=\"async\" width=\"1000\" height=\"667\" src=\"https:\/\/maul-architekten.com\/wp-content\/uploads\/2024\/07\/schnitt-2.jpg\" class=\"slider-3362 slide-3381 msDefaultImage\" alt=\"\" rel=\"\" title=\"\" style=\"margin: 0 auto; width: 100%\" srcset=\"https:\/\/maul-architekten.com\/wp-content\/uploads\/2024\/07\/schnitt-2.jpg 1000w, https:\/\/maul-architekten.com\/wp-content\/uploads\/2024\/07\/schnitt-2-300x200.jpg 300w, https:\/\/maul-architekten.com\/wp-content\/uploads\/2024\/07\/schnitt-2-700x467.jpg 700w, https:\/\/maul-architekten.com\/wp-content\/uploads\/2024\/07\/schnitt-2-768x512.jpg 768w, https:\/\/maul-architekten.com\/wp-content\/uploads\/2024\/07\/schnitt-2-192x128.jpg 192w\" sizes=\"auto, (max-width: 1000px) 100vw, 1000px\" \/><\/li>\n                <li style=\"display: none; width: 100%;\" class=\"slide-3382 ms-image \" aria-roledescription=\"slide\" data-date=\"2024-07-29 14:31:37\" data-filename=\"schnitt.jpg\" data-slide-type=\"image\"><img loading=\"lazy\" decoding=\"async\" width=\"1000\" height=\"667\" src=\"https:\/\/maul-architekten.com\/wp-content\/uploads\/2024\/07\/schnitt.jpg\" class=\"slider-3362 slide-3382 msDefaultImage\" alt=\"\" rel=\"\" title=\"\" style=\"margin: 0 auto; width: 100%\" srcset=\"https:\/\/maul-architekten.com\/wp-content\/uploads\/2024\/07\/schnitt.jpg 1000w, https:\/\/maul-architekten.com\/wp-content\/uploads\/2024\/07\/schnitt-300x200.jpg 300w, https:\/\/maul-architekten.com\/wp-content\/uploads\/2024\/07\/schnitt-700x467.jpg 700w, https:\/\/maul-architekten.com\/wp-content\/uploads\/2024\/07\/schnitt-768x512.jpg 768w, https:\/\/maul-architekten.com\/wp-content\/uploads\/2024\/07\/schnitt-192x128.jpg 192w\" sizes=\"auto, (max-width: 1000px) 100vw, 1000px\" \/><\/li>\n                <li style=\"display: none; width: 100%;\" class=\"slide-3421 ms-image \" aria-roledescription=\"slide\" data-date=\"2024-08-19 15:41:42\" data-filename=\"stadtmauer.jpg\" data-slide-type=\"image\"><img loading=\"lazy\" decoding=\"async\" width=\"979\" height=\"1315\" src=\"https:\/\/maul-architekten.com\/wp-content\/uploads\/2024\/08\/stadtmauer.jpg\" class=\"slider-3362 slide-3421 msDefaultImage\" alt=\"\" rel=\"\" title=\"\" style=\"margin: 0 auto; width: 49.657262357414%\" srcset=\"https:\/\/maul-architekten.com\/wp-content\/uploads\/2024\/08\/stadtmauer.jpg 979w, https:\/\/maul-architekten.com\/wp-content\/uploads\/2024\/08\/stadtmauer-223x300.jpg 223w, https:\/\/maul-architekten.com\/wp-content\/uploads\/2024\/08\/stadtmauer-700x940.jpg 700w, https:\/\/maul-architekten.com\/wp-content\/uploads\/2024\/08\/stadtmauer-768x1032.jpg 768w, https:\/\/maul-architekten.com\/wp-content\/uploads\/2024\/08\/stadtmauer-143x192.jpg 143w\" sizes=\"auto, (max-width: 979px) 100vw, 979px\" \/><\/li>\n                <li style=\"display: none; width: 100%;\" class=\"slide-3424 ms-image \" aria-roledescription=\"slide\" data-date=\"2024-08-19 15:42:57\" data-filename=\"tramdecke-altbestand-1.jpg\" data-slide-type=\"image\"><img loading=\"lazy\" decoding=\"async\" width=\"1000\" height=\"728\" src=\"https:\/\/maul-architekten.com\/wp-content\/uploads\/2024\/08\/tramdecke-altbestand-1.jpg\" class=\"slider-3362 slide-3424 msDefaultImage\" alt=\"\" rel=\"\" title=\"\" style=\"margin: 0 auto; width: 91.620879120879%\" srcset=\"https:\/\/maul-architekten.com\/wp-content\/uploads\/2024\/08\/tramdecke-altbestand-1.jpg 1000w, https:\/\/maul-architekten.com\/wp-content\/uploads\/2024\/08\/tramdecke-altbestand-1-300x218.jpg 300w, https:\/\/maul-architekten.com\/wp-content\/uploads\/2024\/08\/tramdecke-altbestand-1-700x510.jpg 700w, https:\/\/maul-architekten.com\/wp-content\/uploads\/2024\/08\/tramdecke-altbestand-1-768x559.jpg 768w, https:\/\/maul-architekten.com\/wp-content\/uploads\/2024\/08\/tramdecke-altbestand-1-192x140.jpg 192w\" sizes=\"auto, (max-width: 1000px) 100vw, 1000px\" \/><\/li>\n            <\/ul>\n        <\/div>\n        \n    <\/div>\n<\/div>\n\n\n\n<p><\/p>\n\n\n\n<p><\/p>\n\n\n\n<p>Nominierung ZV &#8211; Bauherr:innenpreis 2025 <br>Nominierung UpperRegionAward 2025<br>Nominierung H\u00e4user des Jahres 2026<\/p>\n\n\n\n<p><strong>Umbau Altstadthaus Stadtplaz 58 \u2013 Wels, O\u00d6<\/strong><\/p>\n\n\n\n<p>Eingebettet zwischen mittelalterlicher Stadtmauer, dem markanten Ledererturm sowie dem Welser Stadtplatz wird das denkmalgesch\u00fctze Objekt behutsam umgebaut, teilweise erneuert und auf eine zeitgem\u00e4\u00dfe Nutzung adaptiert. Die in den 1970er Jahren geschaffenen Hofeinbauten werden r\u00fcckgebaut und durch einen kleineren Bauk\u00f6rper ersetzt, welcher n\u00f6rdlich und s\u00fcdlich neue Freir\u00e4ume aufspannt und Licht in den Altbestand bringt.<\/p>\n\n\n\n<p>Die Erschlie\u00dfung des historischen Hauses erfolgt vom Stadtplatz aus unter Aktivierung des urspr\u00fcnglichen Zugangs. Ein durchgehender Flur, an dem die Vertikalerschlie\u00dfung mit Treppe und Lift im Zentrum des Hauses zu liegen kommt, f\u00fchrt durch das Haus hin zum tageslichtspendenden Innenhof. Der Bestand des historischen Hauses weist zwei oberirdische Gescho\u00dfe und einen zweigescho\u00dfigen Dachraum auf. Kontroverse statische Gegebenheiten von wechselnden Gew\u00f6lbestrukturen mit Tramdecken und St\u00fctzen pr\u00e4gen das konstruktive &#8222;System&#8220; des Bestands. In enger Abstimmung mit dem Denkmalamt werden die Holztram- und Gew\u00f6lbedecken restauriert und bleiben f\u00fcr die NutzerInnen sichtbar. Im Erdgeschoss findet sich ein Lokal wider, welches mit einer kleinen Terrasse zum Pollheimerpark hin ge\u00f6ffnet wird. Die Obergeschosse werden f\u00fcr B\u00fcro-, Kanzleir\u00e4umlichkeiten und zu Wohnzwecken restauriert und in weiterer Folge vermietet.<\/p>\n\n\n\n<p>Der bestehende Dachk\u00f6rper erh\u00e4lt Richtung Pollheimerpark einem Dacheinschnitt, welcher f\u00fcr den Wohnbereich nicht dagewesene Frei- und Aussenr\u00e4ume in der dicht bebauten Innenstadt generiert. Das im Hof implementierte 2-geschossige Geb\u00e4ude wird als Wohn-Atelier konzipiert.<\/p>\n\n\n\n<p>Gro\u00dfes Augenmerk wird auf die behutsame Erg\u00e4nzung und Erneuerung des Bestands unter Einbeziehung zeitgem\u00e4\u00dfiger Nutzungsm\u00f6glichkeiten gelegt. Eine reduzierte Materialwahl und das Sichtbarmachen bestehender Konstruktionen verst\u00e4rkt diese Sichtweise.<\/p>\n\n\n\n<p><br>Planung&nbsp;&nbsp;&nbsp;&nbsp;&nbsp;&nbsp;&nbsp;&nbsp;&nbsp;&nbsp;&nbsp;&nbsp;&nbsp;   &nbsp;    &nbsp; 2022 | 2023<br>Bauausf\u00fchrung&nbsp;&nbsp; &nbsp;&nbsp;&nbsp;2023 | 2024<\/p>\n\n\n\n<p class=\"has-cyan-bluish-gray-color has-text-color\"><br><span style=\"color: #999999;\">Pl\u00e4ne    &nbsp;&nbsp;&nbsp;&nbsp;&nbsp;&nbsp;&nbsp;&nbsp;&nbsp;&nbsp; &nbsp;  &nbsp; <span style=\"color: #999999;\">\u00a9<\/span><\/span> <span style=\"color: #999999;\"><span style=\"color: #999999;\">maul-architekten zt gmbh<\/span><br>Fotos &nbsp;&nbsp;&nbsp; &nbsp;&nbsp;&nbsp;&nbsp;&nbsp;&nbsp;&nbsp;&nbsp;&nbsp;&nbsp;  \u00a9David Schreyer <\/span><br><\/p>\n\n\n\n<p><\/p>\n","protected":false},"excerpt":{"rendered":"<p>Nominierung ZV &#8211; Bauherr:innenpreis 2025 Nominierung UpperRegionAward 2025Nominierung H\u00e4user des Jahres 2026 Umbau Altstadthaus Stadtplaz 58 \u2013 Wels, O\u00d6 Eingebettet zwischen mittelalterlicher Stadtmauer, dem markanten Ledererturm sowie dem Welser Stadtplatz wird das denkmalgesch\u00fctze Objekt behutsam umgebaut, teilweise erneuert und auf eine zeitgem\u00e4\u00dfe Nutzung adaptiert. Die in den 1970er Jahren geschaffenen Hofeinbauten werden r\u00fcckgebaut und durch &hellip; <a href=\"https:\/\/maul-architekten.com\/?page_id=3354\" class=\"more-link\"><span class=\"screen-reader-text\">Altstadthaus Stadtplatz &#8211; Wels<\/span> weiterlesen<\/a><\/p>\n","protected":false},"author":1,"featured_media":3356,"parent":0,"menu_order":0,"comment_status":"closed","ping_status":"closed","template":"","meta":{"footnotes":""},"class_list":["post-3354","page","type-page","status-publish","has-post-thumbnail","hentry"],"_links":{"self":[{"href":"https:\/\/maul-architekten.com\/index.php?rest_route=\/wp\/v2\/pages\/3354","targetHints":{"allow":["GET"]}}],"collection":[{"href":"https:\/\/maul-architekten.com\/index.php?rest_route=\/wp\/v2\/pages"}],"about":[{"href":"https:\/\/maul-architekten.com\/index.php?rest_route=\/wp\/v2\/types\/page"}],"author":[{"embeddable":true,"href":"https:\/\/maul-architekten.com\/index.php?rest_route=\/wp\/v2\/users\/1"}],"replies":[{"embeddable":true,"href":"https:\/\/maul-architekten.com\/index.php?rest_route=%2Fwp%2Fv2%2Fcomments&post=3354"}],"version-history":[{"count":29,"href":"https:\/\/maul-architekten.com\/index.php?rest_route=\/wp\/v2\/pages\/3354\/revisions"}],"predecessor-version":[{"id":3883,"href":"https:\/\/maul-architekten.com\/index.php?rest_route=\/wp\/v2\/pages\/3354\/revisions\/3883"}],"wp:featuredmedia":[{"embeddable":true,"href":"https:\/\/maul-architekten.com\/index.php?rest_route=\/wp\/v2\/media\/3356"}],"wp:attachment":[{"href":"https:\/\/maul-architekten.com\/index.php?rest_route=%2Fwp%2Fv2%2Fmedia&parent=3354"}],"curies":[{"name":"wp","href":"https:\/\/api.w.org\/{rel}","templated":true}]}}