{"id":2104,"date":"2022-04-27T19:38:48","date_gmt":"2022-04-27T17:38:48","guid":{"rendered":"https:\/\/maul-architekten.com\/?page_id=2104"},"modified":"2024-06-24T13:32:06","modified_gmt":"2024-06-24T11:32:06","slug":"revitalsierung-einer-hofanlage","status":"publish","type":"page","link":"https:\/\/maul-architekten.com\/?page_id=2104","title":{"rendered":"Revitalisierung einer Hofanlage"},"content":{"rendered":"\n<div id=\"metaslider-id-2733\" style=\"max-width: 1000px;\" class=\"ml-slider-3-108-0 metaslider metaslider-flex metaslider-2733 ml-slider ms-theme-default nav-hidden\" role=\"region\" aria-label=\"Revitalisierung Hofanlage\" data-height=\"667\" data-width=\"1000\">\n    <div id=\"metaslider_container_2733\">\n        <div id=\"metaslider_2733\">\n            <ul class='slides'>\n                <li style=\"display: block; width: 100%;\" class=\"slide-3213 ms-image \" aria-roledescription=\"slide\" data-date=\"2024-06-24 13:22:44\" data-filename=\"1_240529-142_mondsee_anwessen-am-mondseeberg_schreyerdavid.jpg\" data-slide-type=\"image\"><img loading=\"lazy\" decoding=\"async\" width=\"1000\" height=\"629\" src=\"https:\/\/maul-architekten.com\/wp-content\/uploads\/2024\/06\/1_240529-142_mondsee_anwessen-am-mondseeberg_schreyerdavid.jpg\" class=\"slider-2733 slide-3213 msDefaultImage\" alt=\"\" rel=\"\" title=\"\" style=\"margin-top: 1.9%\" srcset=\"https:\/\/maul-architekten.com\/wp-content\/uploads\/2024\/06\/1_240529-142_mondsee_anwessen-am-mondseeberg_schreyerdavid.jpg 1000w, https:\/\/maul-architekten.com\/wp-content\/uploads\/2024\/06\/1_240529-142_mondsee_anwessen-am-mondseeberg_schreyerdavid-300x189.jpg 300w, https:\/\/maul-architekten.com\/wp-content\/uploads\/2024\/06\/1_240529-142_mondsee_anwessen-am-mondseeberg_schreyerdavid-700x440.jpg 700w, https:\/\/maul-architekten.com\/wp-content\/uploads\/2024\/06\/1_240529-142_mondsee_anwessen-am-mondseeberg_schreyerdavid-768x483.jpg 768w, https:\/\/maul-architekten.com\/wp-content\/uploads\/2024\/06\/1_240529-142_mondsee_anwessen-am-mondseeberg_schreyerdavid-192x121.jpg 192w\" sizes=\"auto, (max-width: 1000px) 100vw, 1000px\" \/><\/li>\n                <li style=\"display: none; width: 100%;\" class=\"slide-3227 ms-image \" aria-roledescription=\"slide\" data-date=\"2024-06-24 13:22:45\" data-filename=\"2_240529-112_mondsee_anwessen-am-mondseeberg_schreyerdavid.jpg\" data-slide-type=\"image\"><img loading=\"lazy\" decoding=\"async\" width=\"1000\" height=\"789\" src=\"https:\/\/maul-architekten.com\/wp-content\/uploads\/2024\/06\/2_240529-112_mondsee_anwessen-am-mondseeberg_schreyerdavid.jpg\" class=\"slider-2733 slide-3227 msDefaultImage\" alt=\"\" rel=\"\" title=\"\" style=\"margin: 0 auto; width: 84.537389100127%\" srcset=\"https:\/\/maul-architekten.com\/wp-content\/uploads\/2024\/06\/2_240529-112_mondsee_anwessen-am-mondseeberg_schreyerdavid.jpg 1000w, https:\/\/maul-architekten.com\/wp-content\/uploads\/2024\/06\/2_240529-112_mondsee_anwessen-am-mondseeberg_schreyerdavid-300x237.jpg 300w, https:\/\/maul-architekten.com\/wp-content\/uploads\/2024\/06\/2_240529-112_mondsee_anwessen-am-mondseeberg_schreyerdavid-700x552.jpg 700w, https:\/\/maul-architekten.com\/wp-content\/uploads\/2024\/06\/2_240529-112_mondsee_anwessen-am-mondseeberg_schreyerdavid-768x606.jpg 768w, https:\/\/maul-architekten.com\/wp-content\/uploads\/2024\/06\/2_240529-112_mondsee_anwessen-am-mondseeberg_schreyerdavid-192x151.jpg 192w\" sizes=\"auto, (max-width: 1000px) 100vw, 1000px\" \/><\/li>\n                <li style=\"display: none; width: 100%;\" class=\"slide-3226 ms-image \" aria-roledescription=\"slide\" data-date=\"2024-06-24 13:22:45\" data-filename=\"3_240529-117_mondsee_anwessen-am-mondseeberg_schreyerdavid.jpg\" data-slide-type=\"image\"><img loading=\"lazy\" decoding=\"async\" width=\"1000\" height=\"789\" src=\"https:\/\/maul-architekten.com\/wp-content\/uploads\/2024\/06\/3_240529-117_mondsee_anwessen-am-mondseeberg_schreyerdavid.jpg\" class=\"slider-2733 slide-3226 msDefaultImage\" alt=\"\" rel=\"\" title=\"\" style=\"margin: 0 auto; width: 84.537389100127%\" srcset=\"https:\/\/maul-architekten.com\/wp-content\/uploads\/2024\/06\/3_240529-117_mondsee_anwessen-am-mondseeberg_schreyerdavid.jpg 1000w, https:\/\/maul-architekten.com\/wp-content\/uploads\/2024\/06\/3_240529-117_mondsee_anwessen-am-mondseeberg_schreyerdavid-300x237.jpg 300w, https:\/\/maul-architekten.com\/wp-content\/uploads\/2024\/06\/3_240529-117_mondsee_anwessen-am-mondseeberg_schreyerdavid-700x552.jpg 700w, https:\/\/maul-architekten.com\/wp-content\/uploads\/2024\/06\/3_240529-117_mondsee_anwessen-am-mondseeberg_schreyerdavid-768x606.jpg 768w, https:\/\/maul-architekten.com\/wp-content\/uploads\/2024\/06\/3_240529-117_mondsee_anwessen-am-mondseeberg_schreyerdavid-192x151.jpg 192w\" sizes=\"auto, (max-width: 1000px) 100vw, 1000px\" \/><\/li>\n                <li style=\"display: none; width: 100%;\" class=\"slide-3225 ms-image \" aria-roledescription=\"slide\" data-date=\"2024-06-24 13:22:45\" data-filename=\"4_240529-118_mondsee_anwessen-am-mondseeberg_schreyerdavid.jpg\" data-slide-type=\"image\"><img loading=\"lazy\" decoding=\"async\" width=\"1000\" height=\"789\" src=\"https:\/\/maul-architekten.com\/wp-content\/uploads\/2024\/06\/4_240529-118_mondsee_anwessen-am-mondseeberg_schreyerdavid.jpg\" class=\"slider-2733 slide-3225 msDefaultImage\" alt=\"\" rel=\"\" title=\"\" style=\"margin: 0 auto; width: 84.537389100127%\" srcset=\"https:\/\/maul-architekten.com\/wp-content\/uploads\/2024\/06\/4_240529-118_mondsee_anwessen-am-mondseeberg_schreyerdavid.jpg 1000w, https:\/\/maul-architekten.com\/wp-content\/uploads\/2024\/06\/4_240529-118_mondsee_anwessen-am-mondseeberg_schreyerdavid-300x237.jpg 300w, https:\/\/maul-architekten.com\/wp-content\/uploads\/2024\/06\/4_240529-118_mondsee_anwessen-am-mondseeberg_schreyerdavid-700x552.jpg 700w, https:\/\/maul-architekten.com\/wp-content\/uploads\/2024\/06\/4_240529-118_mondsee_anwessen-am-mondseeberg_schreyerdavid-768x606.jpg 768w, https:\/\/maul-architekten.com\/wp-content\/uploads\/2024\/06\/4_240529-118_mondsee_anwessen-am-mondseeberg_schreyerdavid-192x151.jpg 192w\" sizes=\"auto, (max-width: 1000px) 100vw, 1000px\" \/><\/li>\n                <li style=\"display: none; width: 100%;\" class=\"slide-3224 ms-image \" aria-roledescription=\"slide\" data-date=\"2024-06-24 13:22:45\" data-filename=\"5_240529-161_mondsee_anwessen-am-mondseeberg_schreyerdavid-Kopie.jpg\" data-slide-type=\"image\"><img loading=\"lazy\" decoding=\"async\" width=\"789\" height=\"1000\" src=\"https:\/\/maul-architekten.com\/wp-content\/uploads\/2024\/06\/5_240529-161_mondsee_anwessen-am-mondseeberg_schreyerdavid-Kopie.jpg\" class=\"slider-2733 slide-3224 msDefaultImage\" alt=\"\" rel=\"\" title=\"\" style=\"margin: 0 auto; width: 52.6263%\" srcset=\"https:\/\/maul-architekten.com\/wp-content\/uploads\/2024\/06\/5_240529-161_mondsee_anwessen-am-mondseeberg_schreyerdavid-Kopie.jpg 789w, https:\/\/maul-architekten.com\/wp-content\/uploads\/2024\/06\/5_240529-161_mondsee_anwessen-am-mondseeberg_schreyerdavid-Kopie-237x300.jpg 237w, https:\/\/maul-architekten.com\/wp-content\/uploads\/2024\/06\/5_240529-161_mondsee_anwessen-am-mondseeberg_schreyerdavid-Kopie-700x887.jpg 700w, https:\/\/maul-architekten.com\/wp-content\/uploads\/2024\/06\/5_240529-161_mondsee_anwessen-am-mondseeberg_schreyerdavid-Kopie-768x973.jpg 768w, https:\/\/maul-architekten.com\/wp-content\/uploads\/2024\/06\/5_240529-161_mondsee_anwessen-am-mondseeberg_schreyerdavid-Kopie-151x192.jpg 151w\" sizes=\"auto, (max-width: 789px) 100vw, 789px\" \/><\/li>\n                <li style=\"display: none; width: 100%;\" class=\"slide-3223 ms-image \" aria-roledescription=\"slide\" data-date=\"2024-06-24 13:22:45\" data-filename=\"6_240529-163_mondsee_anwessen-am-mondseeberg_schreyerdavid.jpg\" data-slide-type=\"image\"><img loading=\"lazy\" decoding=\"async\" width=\"789\" height=\"1000\" src=\"https:\/\/maul-architekten.com\/wp-content\/uploads\/2024\/06\/6_240529-163_mondsee_anwessen-am-mondseeberg_schreyerdavid.jpg\" class=\"slider-2733 slide-3223 msDefaultImage\" alt=\"\" rel=\"\" title=\"\" style=\"margin: 0 auto; width: 52.6263%\" srcset=\"https:\/\/maul-architekten.com\/wp-content\/uploads\/2024\/06\/6_240529-163_mondsee_anwessen-am-mondseeberg_schreyerdavid.jpg 789w, https:\/\/maul-architekten.com\/wp-content\/uploads\/2024\/06\/6_240529-163_mondsee_anwessen-am-mondseeberg_schreyerdavid-237x300.jpg 237w, https:\/\/maul-architekten.com\/wp-content\/uploads\/2024\/06\/6_240529-163_mondsee_anwessen-am-mondseeberg_schreyerdavid-700x887.jpg 700w, https:\/\/maul-architekten.com\/wp-content\/uploads\/2024\/06\/6_240529-163_mondsee_anwessen-am-mondseeberg_schreyerdavid-768x973.jpg 768w, https:\/\/maul-architekten.com\/wp-content\/uploads\/2024\/06\/6_240529-163_mondsee_anwessen-am-mondseeberg_schreyerdavid-151x192.jpg 151w\" sizes=\"auto, (max-width: 789px) 100vw, 789px\" \/><\/li>\n                <li style=\"display: none; width: 100%;\" class=\"slide-3222 ms-image \" aria-roledescription=\"slide\" data-date=\"2024-06-24 13:22:45\" data-filename=\"7_240529-169_mondsee_anwessen-am-mondseeberg_schreyerdavid.jpg\" data-slide-type=\"image\"><img loading=\"lazy\" decoding=\"async\" width=\"1000\" height=\"789\" src=\"https:\/\/maul-architekten.com\/wp-content\/uploads\/2024\/06\/7_240529-169_mondsee_anwessen-am-mondseeberg_schreyerdavid.jpg\" class=\"slider-2733 slide-3222 msDefaultImage\" alt=\"\" rel=\"\" title=\"\" style=\"margin: 0 auto; width: 84.537389100127%\" srcset=\"https:\/\/maul-architekten.com\/wp-content\/uploads\/2024\/06\/7_240529-169_mondsee_anwessen-am-mondseeberg_schreyerdavid.jpg 1000w, https:\/\/maul-architekten.com\/wp-content\/uploads\/2024\/06\/7_240529-169_mondsee_anwessen-am-mondseeberg_schreyerdavid-300x237.jpg 300w, https:\/\/maul-architekten.com\/wp-content\/uploads\/2024\/06\/7_240529-169_mondsee_anwessen-am-mondseeberg_schreyerdavid-700x552.jpg 700w, https:\/\/maul-architekten.com\/wp-content\/uploads\/2024\/06\/7_240529-169_mondsee_anwessen-am-mondseeberg_schreyerdavid-768x606.jpg 768w, https:\/\/maul-architekten.com\/wp-content\/uploads\/2024\/06\/7_240529-169_mondsee_anwessen-am-mondseeberg_schreyerdavid-192x151.jpg 192w\" sizes=\"auto, (max-width: 1000px) 100vw, 1000px\" \/><\/li>\n                <li style=\"display: none; width: 100%;\" class=\"slide-3221 ms-image \" aria-roledescription=\"slide\" data-date=\"2024-06-24 13:22:44\" data-filename=\"8_240529-174_mondsee_anwessen-am-mondseeberg_schreyerdavid.jpg\" data-slide-type=\"image\"><img loading=\"lazy\" decoding=\"async\" width=\"1000\" height=\"789\" src=\"https:\/\/maul-architekten.com\/wp-content\/uploads\/2024\/06\/8_240529-174_mondsee_anwessen-am-mondseeberg_schreyerdavid.jpg\" class=\"slider-2733 slide-3221 msDefaultImage\" alt=\"\" rel=\"\" title=\"\" style=\"margin: 0 auto; width: 84.537389100127%\" srcset=\"https:\/\/maul-architekten.com\/wp-content\/uploads\/2024\/06\/8_240529-174_mondsee_anwessen-am-mondseeberg_schreyerdavid.jpg 1000w, https:\/\/maul-architekten.com\/wp-content\/uploads\/2024\/06\/8_240529-174_mondsee_anwessen-am-mondseeberg_schreyerdavid-300x237.jpg 300w, https:\/\/maul-architekten.com\/wp-content\/uploads\/2024\/06\/8_240529-174_mondsee_anwessen-am-mondseeberg_schreyerdavid-700x552.jpg 700w, https:\/\/maul-architekten.com\/wp-content\/uploads\/2024\/06\/8_240529-174_mondsee_anwessen-am-mondseeberg_schreyerdavid-768x606.jpg 768w, https:\/\/maul-architekten.com\/wp-content\/uploads\/2024\/06\/8_240529-174_mondsee_anwessen-am-mondseeberg_schreyerdavid-192x151.jpg 192w\" sizes=\"auto, (max-width: 1000px) 100vw, 1000px\" \/><\/li>\n                <li style=\"display: none; width: 100%;\" class=\"slide-3218 ms-image \" aria-roledescription=\"slide\" data-date=\"2024-06-24 13:22:44\" data-filename=\"11_240529-208_mondsee_anwessen-am-mondseeberg_schreyerdavid.jpg\" data-slide-type=\"image\"><img loading=\"lazy\" decoding=\"async\" width=\"1000\" height=\"629\" src=\"https:\/\/maul-architekten.com\/wp-content\/uploads\/2024\/06\/11_240529-208_mondsee_anwessen-am-mondseeberg_schreyerdavid.jpg\" class=\"slider-2733 slide-3218 msDefaultImage\" alt=\"\" rel=\"\" title=\"\" style=\"margin-top: 1.9%\" srcset=\"https:\/\/maul-architekten.com\/wp-content\/uploads\/2024\/06\/11_240529-208_mondsee_anwessen-am-mondseeberg_schreyerdavid.jpg 1000w, https:\/\/maul-architekten.com\/wp-content\/uploads\/2024\/06\/11_240529-208_mondsee_anwessen-am-mondseeberg_schreyerdavid-300x189.jpg 300w, https:\/\/maul-architekten.com\/wp-content\/uploads\/2024\/06\/11_240529-208_mondsee_anwessen-am-mondseeberg_schreyerdavid-700x440.jpg 700w, https:\/\/maul-architekten.com\/wp-content\/uploads\/2024\/06\/11_240529-208_mondsee_anwessen-am-mondseeberg_schreyerdavid-768x483.jpg 768w, https:\/\/maul-architekten.com\/wp-content\/uploads\/2024\/06\/11_240529-208_mondsee_anwessen-am-mondseeberg_schreyerdavid-192x121.jpg 192w\" sizes=\"auto, (max-width: 1000px) 100vw, 1000px\" \/><\/li>\n                <li style=\"display: none; width: 100%;\" class=\"slide-3219 ms-image \" aria-roledescription=\"slide\" data-date=\"2024-06-24 13:22:44\" data-filename=\"10_240529-207_mondsee_anwessen-am-mondseeberg_schreyerdavid.jpg\" data-slide-type=\"image\"><img loading=\"lazy\" decoding=\"async\" width=\"1000\" height=\"789\" src=\"https:\/\/maul-architekten.com\/wp-content\/uploads\/2024\/06\/10_240529-207_mondsee_anwessen-am-mondseeberg_schreyerdavid.jpg\" class=\"slider-2733 slide-3219 msDefaultImage\" alt=\"\" rel=\"\" title=\"\" style=\"margin: 0 auto; width: 84.537389100127%\" srcset=\"https:\/\/maul-architekten.com\/wp-content\/uploads\/2024\/06\/10_240529-207_mondsee_anwessen-am-mondseeberg_schreyerdavid.jpg 1000w, https:\/\/maul-architekten.com\/wp-content\/uploads\/2024\/06\/10_240529-207_mondsee_anwessen-am-mondseeberg_schreyerdavid-300x237.jpg 300w, https:\/\/maul-architekten.com\/wp-content\/uploads\/2024\/06\/10_240529-207_mondsee_anwessen-am-mondseeberg_schreyerdavid-700x552.jpg 700w, https:\/\/maul-architekten.com\/wp-content\/uploads\/2024\/06\/10_240529-207_mondsee_anwessen-am-mondseeberg_schreyerdavid-768x606.jpg 768w, https:\/\/maul-architekten.com\/wp-content\/uploads\/2024\/06\/10_240529-207_mondsee_anwessen-am-mondseeberg_schreyerdavid-192x151.jpg 192w\" sizes=\"auto, (max-width: 1000px) 100vw, 1000px\" \/><\/li>\n                <li style=\"display: none; width: 100%;\" class=\"slide-3220 ms-image \" aria-roledescription=\"slide\" data-date=\"2024-06-24 13:22:44\" data-filename=\"9_240529-199_mondsee_anwessen-am-mondseeberg_schreyerdavid.jpg\" data-slide-type=\"image\"><img loading=\"lazy\" decoding=\"async\" width=\"1000\" height=\"629\" src=\"https:\/\/maul-architekten.com\/wp-content\/uploads\/2024\/06\/9_240529-199_mondsee_anwessen-am-mondseeberg_schreyerdavid.jpg\" class=\"slider-2733 slide-3220 msDefaultImage\" alt=\"\" rel=\"\" title=\"\" style=\"margin-top: 1.9%\" srcset=\"https:\/\/maul-architekten.com\/wp-content\/uploads\/2024\/06\/9_240529-199_mondsee_anwessen-am-mondseeberg_schreyerdavid.jpg 1000w, https:\/\/maul-architekten.com\/wp-content\/uploads\/2024\/06\/9_240529-199_mondsee_anwessen-am-mondseeberg_schreyerdavid-300x189.jpg 300w, https:\/\/maul-architekten.com\/wp-content\/uploads\/2024\/06\/9_240529-199_mondsee_anwessen-am-mondseeberg_schreyerdavid-700x440.jpg 700w, https:\/\/maul-architekten.com\/wp-content\/uploads\/2024\/06\/9_240529-199_mondsee_anwessen-am-mondseeberg_schreyerdavid-768x483.jpg 768w, https:\/\/maul-architekten.com\/wp-content\/uploads\/2024\/06\/9_240529-199_mondsee_anwessen-am-mondseeberg_schreyerdavid-192x121.jpg 192w\" sizes=\"auto, (max-width: 1000px) 100vw, 1000px\" \/><\/li>\n                <li style=\"display: none; width: 100%;\" class=\"slide-3217 ms-image \" aria-roledescription=\"slide\" data-date=\"2024-06-24 13:22:44\" data-filename=\"12_240529-216_mondsee_anwessen-am-mondseeberg_schreyerdavid.jpg\" data-slide-type=\"image\"><img loading=\"lazy\" decoding=\"async\" width=\"1000\" height=\"789\" src=\"https:\/\/maul-architekten.com\/wp-content\/uploads\/2024\/06\/12_240529-216_mondsee_anwessen-am-mondseeberg_schreyerdavid.jpg\" class=\"slider-2733 slide-3217 msDefaultImage\" alt=\"\" rel=\"\" title=\"\" style=\"margin: 0 auto; width: 84.537389100127%\" srcset=\"https:\/\/maul-architekten.com\/wp-content\/uploads\/2024\/06\/12_240529-216_mondsee_anwessen-am-mondseeberg_schreyerdavid.jpg 1000w, https:\/\/maul-architekten.com\/wp-content\/uploads\/2024\/06\/12_240529-216_mondsee_anwessen-am-mondseeberg_schreyerdavid-300x237.jpg 300w, https:\/\/maul-architekten.com\/wp-content\/uploads\/2024\/06\/12_240529-216_mondsee_anwessen-am-mondseeberg_schreyerdavid-700x552.jpg 700w, https:\/\/maul-architekten.com\/wp-content\/uploads\/2024\/06\/12_240529-216_mondsee_anwessen-am-mondseeberg_schreyerdavid-768x606.jpg 768w, https:\/\/maul-architekten.com\/wp-content\/uploads\/2024\/06\/12_240529-216_mondsee_anwessen-am-mondseeberg_schreyerdavid-192x151.jpg 192w\" sizes=\"auto, (max-width: 1000px) 100vw, 1000px\" \/><\/li>\n                <li style=\"display: none; width: 100%;\" class=\"slide-3216 ms-image \" aria-roledescription=\"slide\" data-date=\"2024-06-24 13:22:44\" data-filename=\"13_240529-218_mondsee_anwessen-am-mondseeberg_schreyerdavid.jpg\" data-slide-type=\"image\"><img loading=\"lazy\" decoding=\"async\" width=\"789\" height=\"1000\" src=\"https:\/\/maul-architekten.com\/wp-content\/uploads\/2024\/06\/13_240529-218_mondsee_anwessen-am-mondseeberg_schreyerdavid.jpg\" class=\"slider-2733 slide-3216 msDefaultImage\" alt=\"\" rel=\"\" title=\"\" style=\"margin: 0 auto; width: 52.6263%\" srcset=\"https:\/\/maul-architekten.com\/wp-content\/uploads\/2024\/06\/13_240529-218_mondsee_anwessen-am-mondseeberg_schreyerdavid.jpg 789w, https:\/\/maul-architekten.com\/wp-content\/uploads\/2024\/06\/13_240529-218_mondsee_anwessen-am-mondseeberg_schreyerdavid-237x300.jpg 237w, https:\/\/maul-architekten.com\/wp-content\/uploads\/2024\/06\/13_240529-218_mondsee_anwessen-am-mondseeberg_schreyerdavid-700x887.jpg 700w, https:\/\/maul-architekten.com\/wp-content\/uploads\/2024\/06\/13_240529-218_mondsee_anwessen-am-mondseeberg_schreyerdavid-768x973.jpg 768w, https:\/\/maul-architekten.com\/wp-content\/uploads\/2024\/06\/13_240529-218_mondsee_anwessen-am-mondseeberg_schreyerdavid-151x192.jpg 151w\" sizes=\"auto, (max-width: 789px) 100vw, 789px\" \/><\/li>\n                <li style=\"display: none; width: 100%;\" class=\"slide-3215 ms-image \" aria-roledescription=\"slide\" data-date=\"2024-06-24 13:22:44\" data-filename=\"14_240529-248_mondsee_anwessen-am-mondseeberg_schreyerdavid.jpg\" data-slide-type=\"image\"><img loading=\"lazy\" decoding=\"async\" width=\"1000\" height=\"629\" src=\"https:\/\/maul-architekten.com\/wp-content\/uploads\/2024\/06\/14_240529-248_mondsee_anwessen-am-mondseeberg_schreyerdavid.jpg\" class=\"slider-2733 slide-3215 msDefaultImage\" alt=\"\" rel=\"\" title=\"\" style=\"margin-top: 1.9%\" srcset=\"https:\/\/maul-architekten.com\/wp-content\/uploads\/2024\/06\/14_240529-248_mondsee_anwessen-am-mondseeberg_schreyerdavid.jpg 1000w, https:\/\/maul-architekten.com\/wp-content\/uploads\/2024\/06\/14_240529-248_mondsee_anwessen-am-mondseeberg_schreyerdavid-300x189.jpg 300w, https:\/\/maul-architekten.com\/wp-content\/uploads\/2024\/06\/14_240529-248_mondsee_anwessen-am-mondseeberg_schreyerdavid-700x440.jpg 700w, https:\/\/maul-architekten.com\/wp-content\/uploads\/2024\/06\/14_240529-248_mondsee_anwessen-am-mondseeberg_schreyerdavid-768x483.jpg 768w, https:\/\/maul-architekten.com\/wp-content\/uploads\/2024\/06\/14_240529-248_mondsee_anwessen-am-mondseeberg_schreyerdavid-192x121.jpg 192w\" sizes=\"auto, (max-width: 1000px) 100vw, 1000px\" \/><\/li>\n                <li style=\"display: none; width: 100%;\" class=\"slide-3214 ms-image \" aria-roledescription=\"slide\" data-date=\"2024-06-24 13:22:44\" data-filename=\"15_240529-262_mondsee_anwessen-am-mondseeberg_schreyerdavid.jpg\" data-slide-type=\"image\"><img loading=\"lazy\" decoding=\"async\" width=\"1000\" height=\"629\" src=\"https:\/\/maul-architekten.com\/wp-content\/uploads\/2024\/06\/15_240529-262_mondsee_anwessen-am-mondseeberg_schreyerdavid.jpg\" class=\"slider-2733 slide-3214 msDefaultImage\" alt=\"\" rel=\"\" title=\"\" style=\"margin-top: 1.9%\" srcset=\"https:\/\/maul-architekten.com\/wp-content\/uploads\/2024\/06\/15_240529-262_mondsee_anwessen-am-mondseeberg_schreyerdavid.jpg 1000w, https:\/\/maul-architekten.com\/wp-content\/uploads\/2024\/06\/15_240529-262_mondsee_anwessen-am-mondseeberg_schreyerdavid-300x189.jpg 300w, https:\/\/maul-architekten.com\/wp-content\/uploads\/2024\/06\/15_240529-262_mondsee_anwessen-am-mondseeberg_schreyerdavid-700x440.jpg 700w, https:\/\/maul-architekten.com\/wp-content\/uploads\/2024\/06\/15_240529-262_mondsee_anwessen-am-mondseeberg_schreyerdavid-768x483.jpg 768w, https:\/\/maul-architekten.com\/wp-content\/uploads\/2024\/06\/15_240529-262_mondsee_anwessen-am-mondseeberg_schreyerdavid-192x121.jpg 192w\" sizes=\"auto, (max-width: 1000px) 100vw, 1000px\" \/><\/li>\n                <li style=\"display: none; width: 100%;\" class=\"slide-2736 ms-image \" aria-roledescription=\"slide\" data-date=\"2023-07-11 18:02:42\" data-filename=\"PRAeSENTATIONSPLAN-GRUNDRISS-EG.jpg\" data-slide-type=\"image\"><img loading=\"lazy\" decoding=\"async\" width=\"1000\" height=\"667\" src=\"https:\/\/maul-architekten.com\/wp-content\/uploads\/2023\/07\/PRAeSENTATIONSPLAN-GRUNDRISS-EG.jpg\" class=\"slider-2733 slide-2736 msDefaultImage\" alt=\"\" rel=\"\" title=\"\" style=\"margin: 0 auto; width: 100%\" srcset=\"https:\/\/maul-architekten.com\/wp-content\/uploads\/2023\/07\/PRAeSENTATIONSPLAN-GRUNDRISS-EG.jpg 1000w, https:\/\/maul-architekten.com\/wp-content\/uploads\/2023\/07\/PRAeSENTATIONSPLAN-GRUNDRISS-EG-300x200.jpg 300w, https:\/\/maul-architekten.com\/wp-content\/uploads\/2023\/07\/PRAeSENTATIONSPLAN-GRUNDRISS-EG-700x467.jpg 700w, https:\/\/maul-architekten.com\/wp-content\/uploads\/2023\/07\/PRAeSENTATIONSPLAN-GRUNDRISS-EG-768x512.jpg 768w, https:\/\/maul-architekten.com\/wp-content\/uploads\/2023\/07\/PRAeSENTATIONSPLAN-GRUNDRISS-EG-192x128.jpg 192w\" sizes=\"auto, (max-width: 1000px) 100vw, 1000px\" \/><\/li>\n                <li style=\"display: none; width: 100%;\" class=\"slide-2738 ms-image \" aria-roledescription=\"slide\" data-date=\"2023-07-11 18:03:00\" data-filename=\"PRAeSENTATIONSPLAN-GRUNDRISS-OG.jpg\" data-slide-type=\"image\"><img loading=\"lazy\" decoding=\"async\" width=\"1000\" height=\"667\" src=\"https:\/\/maul-architekten.com\/wp-content\/uploads\/2023\/07\/PRAeSENTATIONSPLAN-GRUNDRISS-OG.jpg\" class=\"slider-2733 slide-2738 msDefaultImage\" alt=\"\" rel=\"\" title=\"\" style=\"margin: 0 auto; width: 100%\" srcset=\"https:\/\/maul-architekten.com\/wp-content\/uploads\/2023\/07\/PRAeSENTATIONSPLAN-GRUNDRISS-OG.jpg 1000w, https:\/\/maul-architekten.com\/wp-content\/uploads\/2023\/07\/PRAeSENTATIONSPLAN-GRUNDRISS-OG-300x200.jpg 300w, https:\/\/maul-architekten.com\/wp-content\/uploads\/2023\/07\/PRAeSENTATIONSPLAN-GRUNDRISS-OG-700x467.jpg 700w, https:\/\/maul-architekten.com\/wp-content\/uploads\/2023\/07\/PRAeSENTATIONSPLAN-GRUNDRISS-OG-768x512.jpg 768w, https:\/\/maul-architekten.com\/wp-content\/uploads\/2023\/07\/PRAeSENTATIONSPLAN-GRUNDRISS-OG-192x128.jpg 192w\" sizes=\"auto, (max-width: 1000px) 100vw, 1000px\" \/><\/li>\n            <\/ul>\n        <\/div>\n        \n    <\/div>\n<\/div>\n\n\n\n<p><\/p>\n\n\n\n<p><\/p>\n\n\n\n<p><strong>Revitalisierung einer Hofanlage\u00a0 <\/strong>&#8211;  Ober\u00f6sterreich | Privat<br><br>Das dreiteilige Ensemble &#8211; bestehend aus einem Wohngeb\u00e4ude, dem ehemaligen Stall und dem Presshaus &#8211; soll in seiner urspr\u00fcnglichen Kubatur und Formensprache erhalten bleiben und revitalisiert werden.<\/p>\n\n\n\n<p>Planung                     2020 &#8211; 2022<br>Ausf\u00fchrung                2022 | 2023<\/p>\n\n\n\n<p><\/p>\n\n\n\n<p><span style=\"color: #999999;\">Fotos \u00a0\u00a0\u00a0\u00a0\u00a0\u00a0\u00a0\u00a0\u00a0\u00a0\u00a0\u00a0\u00a0\u00a0 \u00a0\u00a0            \u00a9David Schreyer | maul-architekten zt gmbh<\/span><\/p>\n","protected":false},"excerpt":{"rendered":"<p>Revitalisierung einer Hofanlage\u00a0 &#8211; Ober\u00f6sterreich | Privat Das dreiteilige Ensemble &#8211; bestehend aus einem Wohngeb\u00e4ude, dem ehemaligen Stall und dem Presshaus &#8211; soll in seiner urspr\u00fcnglichen Kubatur und Formensprache erhalten bleiben und revitalisiert werden. Planung 2020 &#8211; 2022Ausf\u00fchrung 2022 | 2023 Fotos \u00a0\u00a0\u00a0\u00a0\u00a0\u00a0\u00a0\u00a0\u00a0\u00a0\u00a0\u00a0\u00a0\u00a0 \u00a0\u00a0 \u00a9David Schreyer | maul-architekten zt gmbh <a href=\"https:\/\/maul-architekten.com\/?page_id=2104\" class=\"more-link\"><span class=\"screen-reader-text\">Revitalisierung einer Hofanlage<\/span> weiterlesen<\/a><\/p>\n","protected":false},"author":1,"featured_media":3179,"parent":0,"menu_order":0,"comment_status":"closed","ping_status":"closed","template":"","meta":{"footnotes":""},"class_list":["post-2104","page","type-page","status-publish","has-post-thumbnail","hentry"],"_links":{"self":[{"href":"https:\/\/maul-architekten.com\/index.php?rest_route=\/wp\/v2\/pages\/2104","targetHints":{"allow":["GET"]}}],"collection":[{"href":"https:\/\/maul-architekten.com\/index.php?rest_route=\/wp\/v2\/pages"}],"about":[{"href":"https:\/\/maul-architekten.com\/index.php?rest_route=\/wp\/v2\/types\/page"}],"author":[{"embeddable":true,"href":"https:\/\/maul-architekten.com\/index.php?rest_route=\/wp\/v2\/users\/1"}],"replies":[{"embeddable":true,"href":"https:\/\/maul-architekten.com\/index.php?rest_route=%2Fwp%2Fv2%2Fcomments&post=2104"}],"version-history":[{"count":19,"href":"https:\/\/maul-architekten.com\/index.php?rest_route=\/wp\/v2\/pages\/2104\/revisions"}],"predecessor-version":[{"id":3232,"href":"https:\/\/maul-architekten.com\/index.php?rest_route=\/wp\/v2\/pages\/2104\/revisions\/3232"}],"wp:featuredmedia":[{"embeddable":true,"href":"https:\/\/maul-architekten.com\/index.php?rest_route=\/wp\/v2\/media\/3179"}],"wp:attachment":[{"href":"https:\/\/maul-architekten.com\/index.php?rest_route=%2Fwp%2Fv2%2Fmedia&parent=2104"}],"curies":[{"name":"wp","href":"https:\/\/api.w.org\/{rel}","templated":true}]}}